{"id":91248,"date":"2024-12-12T13:27:46","date_gmt":"2024-12-12T12:27:46","guid":{"rendered":"https:\/\/bertsch-holzbau.eu\/?page_id=91248"},"modified":"2026-02-16T14:22:14","modified_gmt":"2026-02-16T13:22:14","slug":"nasz-zespol-bhb-bertsch-holzbau","status":"publish","type":"page","link":"https:\/\/bertsch-holzbau.eu\/pl\/nasz-zespol-bhb-bertsch-holzbau\/","title":{"rendered":"Nasz zesp\u00f3\u0142 BHB Bertsch Holzbau"},"content":{"rendered":"<style id=\"block-hero-css\">.hero{position:relative}.hero.top .hero__background-image img{-o-object-position:top;object-position:top}.hero.homepage{padding-top:105px;padding-left:21px;padding-bottom:15px}.hero.homepage .hero__title{color:#fff;text-align:left;-webkit-font-feature-settings:'liga' off,'clig' off;font-feature-settings:'liga' off,'clig' off;text-shadow:0 4px 40px #033679;font-size:32px;font-style:normal;font-weight:700;line-height:110%;letter-spacing:-2px;margin-bottom:15px}@media (min-width:575px){.hero.homepage .hero__title{font-size:42px;text-align:center}}@media (min-width:768px){.hero.homepage .hero__title{font-size:52px}}@media (min-width:1024px){.hero.homepage .hero__title{font-size:82px}}.hero.homepage .hero__description{color:#fff;text-align:left;text-shadow:0 1px 11px #033679;font-size:12px;font-style:normal;font-weight:500;line-height:normal;letter-spacing:-.16px;text-transform:uppercase}@media (min-width:575px){.hero.homepage .hero__description{font-size:14px;text-align:center}}@media (min-width:768px){.hero.homepage .hero__description{font-size:16px}}.hero.homepage .hero__text-middle{max-width:950px}.hero.homepage.hero__size-M{min-height:300px}@media (min-width:768px){.hero.homepage.hero__size-M{min-height:640px}}@media (max-width:768px){.hero.homepage .hero__text-middle{bottom:15px;left:0;top:initial;-webkit-transform:none;transform:none;padding-left:21px;padding-right:21px}}.hero__size-S{min-height:480px}.hero__size-M{min-height:720px}@media (max-width:768px){.hero__size-M{min-height:330px}}@media (max-width:768px){.hero__size-M.big-mobile{min-height:530px}}.hero__size-L{min-height:100vh}.hero__subtitle{color:#fff;text-align:left;text-shadow:0 1px 11px #033679;font-size:16px;font-style:normal;font-weight:700;line-height:130%;letter-spacing:-2px;margin-bottom:10px}@media (min-width:575px){.hero__subtitle{font-size:20px;text-align:center;margin-bottom:0}}@media (min-width:768px){.hero__subtitle{font-size:26px}}@media (min-width:1024px){.hero__subtitle{font-size:32px}}.hero__background-image{position:absolute;top:0;left:0;width:100%;height:100%}.hero__background-image img{-o-object-fit:cover;object-fit:cover;width:100%;height:100%}.hero__background-slider{position:absolute;top:0;left:0;width:100%;height:100%}.hero__background-slider img{-o-object-fit:cover;object-fit:cover;position:absolute;top:0;left:0;width:100%;height:100%}.hero__background-video{position:absolute;top:0;left:0;width:100%;height:100%}.hero__background-video-wrapper{position:relative;width:100%;height:100%;overflow:hidden}.hero__background-video-wrapper video{position:absolute;top:0;left:0;width:100%;height:100%;-o-object-fit:cover;object-fit:cover}.hero__text{z-index:1;position:relative}.hero__text-middle{position:absolute;top:50%;left:50%;-webkit-transform:translate(-50%,-50%);transform:translate(-50%,-50%);max-width:850px;width:100%;text-align:left;padding-left:15px;padding-right:15px}@media (max-width:1024px){.hero__text-middle{text-align:center;max-width:100%;width:100%}}.hero__text-bottom{position:absolute;bottom:0;left:50%;-webkit-transform:translate(-50%,0);transform:translate(-50%,0);text-align:left;max-width:1500px;width:100%;margin:0 auto;display:-webkit-box;display:-ms-flexbox;display:flex;-webkit-box-align:center;-ms-flex-align:center;align-items:center;padding-left:15px;padding-right:15px}@media (min-width:1200px){.hero__text-bottom{padding-left:30px;padding-right:30px}}.hero__text-bottom .hero__title{font-size:42px;font-weight:600;margin-bottom:0;background-color:#fff;display:inline-block;padding:20px 10px 20px 0;letter-spacing:-.5px;position:relative;color:#2c2c2c;padding-right:30px}@media (max-width:767px){.hero__text-bottom .hero__title{font-size:32px}}.hero__text-bottom .hero__title::after{content:\"\";position:absolute;height:1px;bottom:0;width:auto;left:10px;right:40px;background-color:#f2f2f2}.hero__text-bottom .hero__title::before{content:'';position:absolute;top:0;right:100%;height:100%;background-color:#fff;width:2000px}.hero__text-bottom .hero__title span{color:#138b44;font-weight:300;letter-spacing:-1.5px}.hero__text-bottom .hero__title span::after{display:none}.hero__login{display:-webkit-box;display:-ms-flexbox;display:flex;-webkit-box-align:center;-ms-flex-align:center;align-items:center;margin-inline:50px;margin-right:35px}@media (max-width:768px){.hero__login{margin-inline:25px;margin-right:10px}}@media (max-width:575px){.hero__login{margin:0;margin-left:15px}}.hero__login-text{font-size:20px;margin-right:20px;color:#fff;text-shadow:0 0 20px #000}@media (max-width:575px){.hero__login-text{display:none}}.hero__login-icon svg{-webkit-filter:invert(1);filter:invert(1);display:block}@media (max-width:575px){.hero__login-icon svg{max-width:70px}}.hero__title{color:#fff;font-family:Inter,Sans-serif;font-size:60px;font-weight:300;letter-spacing:-2px;margin-bottom:20px}@media (max-width:1024px){.hero__title{font-size:42px;margin-bottom:6px}}@media (max-width:767px){.hero__title{font-size:28px}}.hero__title span{font-weight:600;position:relative}@media (min-width:1024px){.hero__title span::after{content:\"\";width:330px;height:110px;background:url(\/wp-content\/uploads\/2024\/07\/na-wymiar.svg) no-repeat center center\/contain;position:absolute;left:-10px;top:-20px}}.hero__overlay{position:absolute;top:0;left:0;width:100%;height:100%;z-index:1;background-color:rgba(0,0,0,.3);pointer-events:none}.hero__description{color:#fff;font-family:Inter,Sans-serif;font-size:14px;font-weight:300;text-transform:uppercase}@media (max-width:767px){.hero__description{font-size:12px}}.hero__red-info{position:absolute;bottom:0;left:0;z-index:1;max-width:100%;width:100%;right:0;display:-webkit-box;display:-ms-flexbox;display:flex;-webkit-box-pack:center;-ms-flex-pack:center;justify-content:center;height:110px;background-color:#fff;display:none!important}@media (min-width:1150px){.hero__red-info{height:55px;-webkit-box-pack:end;-ms-flex-pack:end;justify-content:flex-end;z-index:10}}.hero__red-info-wrapper{max-width:100%;-webkit-box-flex:0;-ms-flex:0 0 100%;flex:0 0 100%;width:100%;display:-webkit-box;display:-ms-flexbox;display:flex;-webkit-box-align:center;-ms-flex-align:center;align-items:center;background:#9b1123;margin-bottom:55px;padding-left:10px;padding-right:10px;-webkit-box-pack:center;-ms-flex-pack:center;justify-content:center}@media (min-width:575px){.hero__red-info-wrapper{padding-left:30px;padding-right:30px}}@media (min-width:1150px){.hero__red-info-wrapper{margin-bottom:0;max-width:calc(50% - 72px);-webkit-box-flex:0;-ms-flex:0 0 calc(50% - 72px);flex:0 0 calc(50% - 72px);width:calc(50% - 72px);padding-right:15px;-webkit-box-pack:start;-ms-flex-pack:start;justify-content:flex-start}}.hero__red-info-wrapper-title{color:#fff;font-size:14px;font-weight:700;line-height:normal;padding-right:30px;position:relative}@media (min-width:575px){.hero__red-info-wrapper-title{font-size:16px}}@media (min-width:768px){.hero__red-info-wrapper-title{font-size:18px}}@media (min-width:1300px){.hero__red-info-wrapper-title{font-size:20px;padding-right:48px}}.hero__red-info-wrapper-title::after{content:'';position:absolute;right:15px;border-radius:30px;background:#e2e2e2;top:50%;-webkit-transform:translateY(-50%);transform:translateY(-50%);width:2px;height:10px}@media (min-width:1300px){.hero__red-info-wrapper-title::after{right:24px}}.hero__red-info-wrapper-marque{color:#fff;font-size:16px;font-weight:400;line-height:normal;overflow:hidden;white-space:nowrap;display:-webkit-box;display:-ms-flexbox;display:flex;width:300px}@media (min-width:768px){.hero__red-info-wrapper-marque{font-size:18px}}@media (min-width:1300px){.hero__red-info-wrapper-marque{font-size:20px}}.hero__red-info-wrapper-marque-item{-webkit-animation-duration:4s;animation-duration:4s;-webkit-animation-iteration-count:infinite;animation-iteration-count:infinite;-webkit-animation-name:marquee-content;animation-name:marquee-content;-webkit-animation-timing-function:linear;animation-timing-function:linear;padding:0 10px}.hero__red-info-wrapper-arrow{padding:0 15px}@media (min-width:1300px){.hero__red-info-wrapper-arrow{padding:0 24px}}.hero__red-info-wrapper-btn{color:#fff;font-size:14px;font-weight:500;line-height:normal;text-decoration:underline!important;white-space:nowrap}@media (min-width:575px){.hero__red-info-wrapper-btn{font-size:16px}}@media (min-width:768px){.hero__red-info-wrapper-btn{font-size:18px}}@media (min-width:1300px){.hero__red-info-wrapper-btn{font-size:20px}}@-webkit-keyframes marquee-content{from{-webkit-transform:translateX(0);transform:translateX(0)}to{-webkit-transform:translateX(-100%);transform:translateX(-100%)}}@keyframes marquee-content{from{-webkit-transform:translateX(0);transform:translateX(0)}to{-webkit-transform:translateX(-100%);transform:translateX(-100%)}}\n\/*# sourceMappingURL=hero.css.map *\/\n<\/style>\r\n<section class=\"hero hero__size-S\" >\r\n                        <div class=\"hero__background-image\">\r\n                <picture>\r\n                    <!-- <source media=\"(max-width: 400px)\" srcset=\"\">\r\n                    <source media=\"(max-width: 500px)\" srcset=\"\"> -->\r\n                    <source media=\"(max-width: 575px)\" srcset=\"https:\/\/bertsch-holzbau.eu\/wp-content\/uploads\/2024\/12\/team-800x534.webp\">\r\n                    <source media=\"(max-width: 1024px)\" srcset=\"https:\/\/bertsch-holzbau.eu\/wp-content\/uploads\/2024\/12\/team-1024x683.webp\">\r\n                    <source media=\"(max-width: 1500px)\" srcset=\"https:\/\/bertsch-holzbau.eu\/wp-content\/uploads\/2024\/12\/team-1536x1025.webp\">\r\n                    <img decoding=\"async\" src=\"https:\/\/bertsch-holzbau.eu\/wp-content\/uploads\/2024\/12\/team.webp\" alt=\"Nasz zesp\u00f3\u0142 BHB Bertsch Holzbau\">\r\n                <\/picture>\r\n            <\/div>\r\n                                                        <div class=\"hero__text hero__text-bottom\">\r\n                                        <div class=\"hero__title-wrapper\">\r\n                    <h1 class=\"hero__title\">\r\n                        Nasz zesp\u00f3\u0142 <span>BHB Bertsch Holzbau<\/span>                    <\/h1>\r\n                <\/div>\r\n                                                                                    <a href=\"#more\" class=\"hero__login\"  aria-label=\"Hero Link\">\r\n                                                            <div class=\"hero__login-text\">\r\n                                    Zobacz wi\u0119cej                                <\/div>\r\n                                                        <div class=\"hero__login-icon\">\r\n                                <svg xmlns=\"http:\/\/www.w3.org\/2000\/svg\" width=\"81\" height=\"80\" viewBox=\"0 0 81 80\" fill=\"none\">\r\n                                    <rect x=\"79.7726\" y=\"0.5\" width=\"79\" height=\"79\" rx=\"39.5\" transform=\"rotate(90 79.7726 0.5)\" stroke=\"black\" \/>\r\n                                    <path d=\"M26.6736 42.0827C26.7429 42.0136 26.8252 41.9588 26.9158 41.9214C27.0064 41.884 27.1036 41.8647 27.2016 41.8647C27.2997 41.8647 27.3969 41.884 27.4875 41.9214C27.5781 41.9588 27.6604 42.0136 27.7297 42.0827L39.8902 54.1891L39.8902 23.2886C39.8902 23.0915 39.9688 22.9025 40.1088 22.7631C40.2488 22.6238 40.4386 22.5455 40.6366 22.5455C40.8345 22.5455 41.0244 22.6238 41.1643 22.7631C41.3043 22.9025 41.383 23.0915 41.383 23.2886L41.383 54.1891L53.5434 42.0827C53.6128 42.0136 53.6951 41.9589 53.7857 41.9215C53.8763 41.8841 53.9734 41.8649 54.0715 41.8649C54.1696 41.8649 54.2667 41.8841 54.3573 41.9215C54.4479 41.9589 54.5302 42.0136 54.5996 42.0827C54.6689 42.1517 54.7239 42.2337 54.7615 42.3239C54.799 42.4141 54.8183 42.5107 54.8183 42.6084C54.8183 42.706 54.799 42.8027 54.7615 42.8929C54.7239 42.9831 54.6689 43.0651 54.5996 43.1341L41.1646 56.5094C41.0953 56.5784 41.013 56.6333 40.9224 56.6707C40.8318 56.708 40.7347 56.7273 40.6366 56.7273C40.5385 56.7273 40.4414 56.708 40.3507 56.6707C40.2601 56.6333 40.1778 56.5784 40.1085 56.5094L26.6736 43.1341C26.6042 43.0651 26.5491 42.9831 26.5116 42.8929C26.474 42.8027 26.4547 42.706 26.4547 42.6084C26.4547 42.5107 26.474 42.414 26.5116 42.3238C26.5491 42.2336 26.6042 42.1517 26.6736 42.0827Z\" fill=\"black\" \/>\r\n                                <\/svg>\r\n                            <\/div>\r\n                        <\/a>\r\n                                                                    <\/div>\r\n        <\/section>\n\n\n<h2 class=\"wp-block-heading has-text-align-center container w\">Poznaj bli\u017cej <span>nasz zesp\u00f3\u0142<\/span>!<\/h2>\n\n\n\n<p class=\"has-text-align-center container w wp-block-paragraph\">Za stworzeniem dom\u00f3w, kt\u00f3re u nas zamawiacie, odpowiadaj\u0105 wspaniali ludzie. Ka\u017cda osoba, kt\u00f3r\u0105 tu zobaczycie, z pasj\u0105 i oddaniem przyczynia si\u0119 do tworzenia konstrukcji, na kt\u00f3rych mo\u017cna polega\u0107. Jeste\u015bmy dumni z tworzonych przez nas produkt\u00f3w oraz z tego, \u017ce Wy &#8211; nasi klienci cieszycie si\u0119 jako\u015bci\u0105 i komfortem naszych produkt\u00f3w na co dzie\u0144.<\/p>\n\n\n<style id=\"block-our-team-css\">.our-team{max-width:100%;width:100%;position:relative}.our-team .container{padding-left:115px;padding-right:115px;max-width:1400px}.our-team-left-image{position:absolute;left:0;top:200px;display:none}@media (min-width:1024px){.our-team-left-image{display:block}}.our-team-right-image{position:absolute;right:0;bottom:100px;display:none}@media (min-width:1024px){.our-team-right-image{display:block}}.our-team__people{padding:100px 0 150px 0;display:none}@media (min-width:1024px){.our-team__people{display:block}}.our-team__people-wrapper{min-height:calc(1100px - 290px);position:relative}.our-team__people-wrapper-circle{width:477px;height:477px;position:absolute;top:50%;left:50%;border-radius:50%;-webkit-transform:translate(-50%,-50%);transform:translate(-50%,-50%);background:#f6faf8;pointer-events:none}.our-team__people-wrapper-green{width:226px;height:226px;position:absolute;top:50%;left:50%;-webkit-transform:translate(-50%,-50%);transform:translate(-50%,-50%);border-radius:376.777px;background:#2c8a46;display:-webkit-box;display:-ms-flexbox;display:flex;-ms-flex-wrap:wrap;flex-wrap:wrap;-webkit-box-pack:center;-ms-flex-pack:center;justify-content:center;-webkit-box-align:center;-ms-flex-align:center;align-items:center;-ms-flex-line-pack:center;align-content:center;-webkit-box-shadow:0 67.066px 18.839px 0 transparent,0 42.953px 17.332px 0 rgba(0,0,0,.01),0 24.114px 14.318px 0 rgba(0,0,0,.05),0 10.55px 10.55px 0 rgba(0,0,0,.09),0 3.014px 6.028px 0 rgba(0,0,0,.1);box-shadow:0 67.066px 18.839px 0 transparent,0 42.953px 17.332px 0 rgba(0,0,0,.01),0 24.114px 14.318px 0 rgba(0,0,0,.05),0 10.55px 10.55px 0 rgba(0,0,0,.09),0 3.014px 6.028px 0 rgba(0,0,0,.1)}.our-team__people-wrapper-green-background{width:377px;height:377px;z-index:-1;border-radius:377px;background:#f6faf8;position:absolute;display:none}.our-team__people-wrapper-green-name{color:#fff;font-family:Inter;font-size:24px;font-style:normal;font-weight:700;line-height:normal;letter-spacing:-.478px;display:block;text-align:center;margin-bottom:14.3px}.our-team__people-wrapper-green-position{color:#fff;text-align:center;font-family:Inter;font-size:14px;font-style:normal;font-weight:500;line-height:120%}.our-team__people-wrapper-green:hover .our-team__people-wrapper-item-description{opacity:1;pointer-events:all}.our-team__people-wrapper-item{border-radius:229.753px;background:#f6faf8;-webkit-box-shadow:0 89px 25px 0 transparent,0 57px 23px 0 rgba(0,0,0,.01),0 32px 19px 0 rgba(0,0,0,.05),0 14px 14px 0 rgba(0,0,0,.09),0 4px 8px 0 rgba(0,0,0,.1);box-shadow:0 89px 25px 0 transparent,0 57px 23px 0 rgba(0,0,0,.01),0 32px 19px 0 rgba(0,0,0,.05),0 14px 14px 0 rgba(0,0,0,.09),0 4px 8px 0 rgba(0,0,0,.1);width:138px;height:138px;display:-webkit-box;display:-ms-flexbox;display:flex;-ms-flex-wrap:wrap;flex-wrap:wrap;-webkit-box-align:center;-ms-flex-align:center;align-items:center;-ms-flex-line-pack:center;align-content:center;-webkit-box-pack:center;-ms-flex-pack:center;justify-content:center;position:absolute;padding:15px}.our-team__people-wrapper-item:nth-of-type(1){left:0;top:14px}.our-team__people-wrapper-item:nth-of-type(2){left:50%;top:0;-webkit-transform:translate(-50%,0);transform:translate(-50%,0);z-index:1}.our-team__people-wrapper-item:nth-of-type(3){right:0;top:14px}.our-team__people-wrapper-item:nth-of-type(4){left:180px;top:126px}.our-team__people-wrapper-item:nth-of-type(5){right:180px;top:126px}.our-team__people-wrapper-item:nth-of-type(6){left:60px;top:50%;-webkit-transform:translate(0,-50%);transform:translate(0,-50%);z-index:1}.our-team__people-wrapper-item:nth-of-type(7){right:60px;top:50%;-webkit-transform:translate(0,-50%);transform:translate(0,-50%);z-index:1}.our-team__people-wrapper-item:nth-of-type(8){left:153px;bottom:138px}.our-team__people-wrapper-item:nth-of-type(9){right:153px;bottom:138px}.our-team__people-wrapper-item:nth-of-type(10){left:calc(50% - 250px);bottom:0}.our-team__people-wrapper-item:nth-of-type(11){right:calc(50% - 250px);bottom:0}.our-team__people-wrapper-item:nth-of-type(13){left:50%;-webkit-transform:translate(-50%,0);transform:translate(-50%,0);bottom:-80px}.our-team__people-wrapper-item:hover .our-team__people-wrapper-item-description{opacity:1;pointer-events:all}.our-team__people-wrapper-item-name{color:#000;text-align:center;font-family:Inter;font-size:16px;font-style:normal;font-weight:700;line-height:120%;letter-spacing:-.45px;margin-bottom:8px}.our-team__people-wrapper-item-position{color:#636363;text-align:center;font-family:Inter;font-size:11.362px;font-style:normal;font-weight:500;line-height:120%}.our-team__people-wrapper-item-description{opacity:0;pointer-events:none;padding:24px;border-radius:20px;background:#fff;position:absolute;width:345px;z-index:2;-webkit-transition:.3s all ease-in-out;transition:.3s all ease-in-out;-webkit-box-shadow:0 89px 25px 0 transparent,0 57px 23px 0 rgba(0,0,0,.01),0 32px 19px 0 rgba(0,0,0,.05),0 14px 14px 0 rgba(0,0,0,.09),0 4px 8px 0 rgba(0,0,0,.1);box-shadow:0 89px 25px 0 transparent,0 57px 23px 0 rgba(0,0,0,.01),0 32px 19px 0 rgba(0,0,0,.05),0 14px 14px 0 rgba(0,0,0,.09),0 4px 8px 0 rgba(0,0,0,.1)}.our-team__people-wrapper-item-description-close{display:-webkit-box;display:-ms-flexbox;display:flex;-webkit-box-pack:end;-ms-flex-pack:end;justify-content:flex-end;margin-bottom:16px}@media (min-width:1024px){.our-team__people-wrapper-item-description-close{display:none}}.our-team__people-wrapper-item-description-top{display:-webkit-box;display:-ms-flexbox;display:flex;-ms-flex-wrap:wrap;flex-wrap:wrap;-webkit-box-pack:justify;-ms-flex-pack:justify;justify-content:space-between;-webkit-box-align:center;-ms-flex-align:center;align-items:center;gap:10px;margin-bottom:16px}.our-team__people-wrapper-item-description-top-name{color:#000;font-family:Inter;font-size:16px;font-style:normal;font-weight:700;line-height:normal;letter-spacing:-.2px}.our-team__people-wrapper-item-description-top-position{color:#636363;font-family:Inter;font-size:12px;font-style:normal;font-weight:500;line-height:120%}.our-team__people-wrapper-item-description-content{color:#626262;font-family:Inter;font-size:14px;font-style:normal;font-weight:400;line-height:120%}.our-team__people-wrapper-item-description-from{margin-top:16px}.our-team__people-wrapper-item-description-from-title{color:#636363;font-family:Inter;font-size:12px;font-style:normal;font-weight:500;line-height:120%;margin-bottom:8px}.our-team__people-wrapper-item-description-from-value{color:#138b44;font-family:Inter;font-size:14px;font-style:normal;font-weight:700;line-height:normal;letter-spacing:-.2px}.our-team__people-slider{padding:70px 0;display:block}@media (min-width:1024px){.our-team__people-slider{display:none}}.our-team__people-slider .our-team__people-wrapper-green,.our-team__people-slider .our-team__people-wrapper-item{position:inherit;-webkit-transform:none;transform:none;cursor:pointer}.our-team__people-slider .swiper-slide{width:138px}.our-team__people-slider .swiper-slide.first{width:182px}.our-team__people-slider .swiper-slide .our-team__people-wrapper-green{width:182px;height:182px;top:0;left:0}.our-team__people-slider .swiper-slide .our-team__people-wrapper-green:hover .our-team__people-wrapper-item-description{opacity:0;pointer-events:none}.our-team__people-slider .swiper-slide .our-team__people-wrapper-item:hover .our-team__people-wrapper-item-description{opacity:0;pointer-events:none}.our-team__fixed-person{background:rgba(0,0,0,.3);-webkit-backdrop-filter:blur(5px);backdrop-filter:blur(5px);position:fixed;top:0;left:0;width:100%;height:100%;display:-webkit-box;display:-ms-flexbox;display:flex;-webkit-box-pack:center;-ms-flex-pack:center;justify-content:center;-webkit-box-align:center;-ms-flex-align:center;align-items:center;padding:22px;z-index:10000;opacity:0;pointer-events:none;-webkit-transition:.5s all ease-in-out;transition:.5s all ease-in-out}.our-team__fixed-person.active{opacity:1;pointer-events:all}.our-team__fixed-person-wrapper{max-width:345px;width:100%;border-radius:20px;background:#fff;padding:24px;-webkit-box-shadow:0 89px 25px 0 transparent,0 57px 23px 0 rgba(0,0,0,.01),0 32px 19px 0 rgba(0,0,0,.05),0 14px 14px 0 rgba(0,0,0,.09),0 4px 8px 0 rgba(0,0,0,.1);box-shadow:0 89px 25px 0 transparent,0 57px 23px 0 rgba(0,0,0,.01),0 32px 19px 0 rgba(0,0,0,.05),0 14px 14px 0 rgba(0,0,0,.09),0 4px 8px 0 rgba(0,0,0,.1)}.our-team__fixed-person-wrapper-close{display:-webkit-box;display:-ms-flexbox;display:flex;-webkit-box-pack:end;-ms-flex-pack:end;justify-content:flex-end;margin-bottom:16px;cursor:pointer}.our-team__fixed-person-wrapper-top{display:-webkit-box;display:-ms-flexbox;display:flex;-ms-flex-wrap:wrap;flex-wrap:wrap;-webkit-box-pack:justify;-ms-flex-pack:justify;justify-content:space-between;-webkit-box-align:center;-ms-flex-align:center;align-items:center;gap:10px;margin-bottom:16px}.our-team__fixed-person-wrapper-top-name{color:#000;font-family:Inter;font-size:16px;font-style:normal;font-weight:700;line-height:normal;letter-spacing:-.2px}.our-team__fixed-person-wrapper-top-position{color:#636363;font-family:Inter;font-size:12px;font-style:normal;font-weight:500;line-height:120%}.our-team__fixed-person-wrapper-content{color:#626262;font-family:Inter;font-size:14px;font-style:normal;font-weight:400;line-height:120%}.our-team__fixed-person-wrapper-from{margin-top:16px}.our-team__fixed-person-wrapper-from-title{color:#636363;font-family:Inter;font-size:12px;font-style:normal;font-weight:500;line-height:120%;margin-bottom:8px}.our-team__fixed-person-wrapper-from-value{color:#138b44;font-family:Inter;font-size:14px;font-style:normal;font-weight:700;line-height:normal;letter-spacing:-.2px}\n\/*# sourceMappingURL=our-team.css.map *\/\n<\/style>\r\n<section class=\"our-team\" id=\"more\" >\r\n    <div class=\"our-team-left-image\">\r\n        <svg width=\"246\" height=\"361\" viewBox=\"0 0 246 361\" fill=\"none\" xmlns=\"http:\/\/www.w3.org\/2000\/svg\">\r\n            <rect x=\"-260\" y=\"92\" width=\"453\" height=\"269\" fill=\"#138B44\" \/>\r\n            <rect x=\"-33.5\" y=\"0.5\" width=\"279\" height=\"245\" stroke=\"#138B44\" \/>\r\n        <\/svg>\r\n    <\/div>\r\n    <div class=\"our-team-right-image\">\r\n        <svg width=\"313\" height=\"494\" viewBox=\"0 0 313 494\" fill=\"none\" xmlns=\"http:\/\/www.w3.org\/2000\/svg\">\r\n            <path d=\"M1.00004 147.043L313.308 1.00022M1.00004 147.043L162.761 492.964M1.00004 147.043L177.808 214.457M313.308 1.00022L475.069 346.921M313.308 1.00022L278.68 122.449M475.069 346.921L363.308 303.422M475.069 346.921L162.761 492.964M363.308 303.422L206.597 376.704M363.308 303.422L278.68 122.449M206.597 376.704L162.761 492.964M206.597 376.704L177.808 214.457M177.808 214.457L278.68 122.449\" stroke=\"#CDCDCD\" \/>\r\n        <\/svg>\r\n    <\/div>\r\n    <div class=\"container w\">\r\n        <div class=\"our-team__people\">\r\n            <div class=\"our-team__people-wrapper-circle\"><\/div>\r\n            <div class=\"our-team__people-wrapper\">\r\n                                    <div class=\"our-team__people-wrapper-green\">\r\n                        <div class=\"our-team__people-wrapper-green-background\"><\/div>\r\n                                                    <div class=\"our-team__people-wrapper-green-name\">\r\n                                Joachim Bertsch                            <\/div>\r\n                                                                            <div class=\"our-team__people-wrapper-green-position\">\r\n                                CEO \/ Founder                            <\/div>\r\n                                                <div class=\"our-team__people-wrapper-item-description\">\r\n                            <div class=\"our-team__people-wrapper-item-description-top\">\r\n                                                                    <div class=\"our-team__people-wrapper-item-description-top-name\">\r\n                                        Joachim Bertsch                                    <\/div>\r\n                                                                                                    <div class=\"our-team__people-wrapper-item-description-top-position\">\r\n                                        CEO \/ Founder                                    <\/div>\r\n                                                            <\/div>\r\n                                                            <div class=\"our-team__people-wrapper-item-description-content\">\r\n                                    Joachim Bertsch &#8211; za\u0142o\u017cyciel i w\u0142a\u015bciciel firmy. Uznany ekspert w dziedzinie ciesielstwa, kt\u00f3ry od ponad 20 lat z pasj\u0105 buduje swoj\u0105 pozycj\u0119 w bran\u017cy. Odpowiada za zarz\u0105dzanie przedsi\u0119biorstwem oraz wyznaczanie kierunk\u00f3w jego rozwoju. Dzi\u0119ki bogatemu do\u015bwiadczeniu i g\u0142\u0119bokiej wiedzy technicznej, jest w stanie sprosta\u0107 nawet najbardziej wymagaj\u0105cym wyzwaniom, realizuj\u0105c projekty o unikalnym charakterze i najwy\u017cszych standardach jako\u015bci. Jego ekspercka wiedza, wizjonerskie podej\u015bcie i dba\u0142o\u015b\u0107 o ka\u017cdy detal przyczyni\u0142y si\u0119 do ugruntowania pozycji firmy jako lidera na rynku.                                <\/div>\r\n                                                                                        <div class=\"our-team__people-wrapper-item-description-from\">\r\n                                                                            <div class=\"our-team__people-wrapper-item-description-from-title\">\r\n                                            W firmie od                                        <\/div>\r\n                                                                        <div class=\"our-team__people-wrapper-item-description-from-value\">\r\n                                        2001                                    <\/div>\r\n                                <\/div>\r\n                                                    <\/div>\r\n                    <\/div>\r\n                                                                            <div class=\"our-team__people-wrapper-item\">\r\n                                                            <div class=\"our-team__people-wrapper-item-name\">\r\n                                    Lukas Bertsch                                <\/div>\r\n                                                                                        <div class=\"our-team__people-wrapper-item-position\" >\r\n                                    COO                                <\/div>\r\n                                                                                        <div class=\"our-team__people-wrapper-item-description\" >\r\n                                    <div class=\"our-team__people-wrapper-item-description-top\">\r\n                                                                                    <div class=\"our-team__people-wrapper-item-description-top-name\">\r\n                                                Lukas Bertsch                                            <\/div>\r\n                                                                                                                            <div class=\"our-team__people-wrapper-item-description-top-position\">\r\n                                                COO                                            <\/div>\r\n                                                                            <\/div>\r\n                                    <div class=\"our-team__people-wrapper-item-description-content\">\r\n                                        Specjalista w dziedzinie ciesielstwa. Odpowiedzialny za wspieranie rozwoju firmy na rynku krajowym i europejskim. Aktywnie zarz\u0105dza projektami lokalnymi. Wsp\u00f3\u0142tworzy strategi\u0119 ekspansji firmy na rynkach zagranicznych poprzez budowanie i utrzymywanie relacji z mi\u0119dzynarodowymi partnerami biznesowymi, wzmacniaj\u0105c tym samym pozycj\u0119 firmy w Europie.                                    <\/div>\r\n                                                                            <div class=\"our-team__people-wrapper-item-description-from\">\r\n                                                                                            <div class=\"our-team__people-wrapper-item-description-from-title\">\r\n                                                    W firmie od                                                <\/div>\r\n                                                                                        <div class=\"our-team__people-wrapper-item-description-from-value\">\r\n                                                2020                                            <\/div>\r\n                                        <\/div>\r\n                                                                    <\/div>\r\n                                                    <\/div>\r\n                                            <div class=\"our-team__people-wrapper-item\">\r\n                                                            <div class=\"our-team__people-wrapper-item-name\">\r\n                                    Jan Frank                                <\/div>\r\n                                                                                        <div class=\"our-team__people-wrapper-item-position\" >\r\n                                    Doradca Handlowy                                <\/div>\r\n                                                                                        <div class=\"our-team__people-wrapper-item-description\" >\r\n                                    <div class=\"our-team__people-wrapper-item-description-top\">\r\n                                                                                    <div class=\"our-team__people-wrapper-item-description-top-name\">\r\n                                                Jan Frank                                            <\/div>\r\n                                                                                                                            <div class=\"our-team__people-wrapper-item-description-top-position\">\r\n                                                Doradca Handlowy                                            <\/div>\r\n                                                                            <\/div>\r\n                                    <div class=\"our-team__people-wrapper-item-description-content\">\r\n                                        Jan Frank &#8211; doradca handlowy. Odpowiada za koordynacj\u0119 dzia\u0142a\u0144 firmy na rynkach: Niemiec, Belgii, Holandii, Luksemburga i Szwajcarii. Jego g\u0142\u00f3wnym zadaniem jest zarz\u0105dzanie i rozwijanie istniej\u0105cej sieci dystrybucyjnej, dbaj\u0105c o utrzymanie wysokich standard\u00f3w wsp\u00f3\u0142pracy z dealerami. Jan pe\u0142ni rol\u0119 kluczowego \u0142\u0105cznika mi\u0119dzy polskim biurem a partnerami handlowymi, zapewniaj\u0105c sprawny przep\u0142yw informacji i efektywn\u0105 realizacj\u0119 wsp\u00f3lnych projekt\u00f3w.                                     <\/div>\r\n                                                                            <div class=\"our-team__people-wrapper-item-description-from\">\r\n                                                                                            <div class=\"our-team__people-wrapper-item-description-from-title\">\r\n                                                    W firmie od                                                <\/div>\r\n                                                                                        <div class=\"our-team__people-wrapper-item-description-from-value\">\r\n                                                2020                                            <\/div>\r\n                                        <\/div>\r\n                                                                    <\/div>\r\n                                                    <\/div>\r\n                                            <div class=\"our-team__people-wrapper-item\">\r\n                                                            <div class=\"our-team__people-wrapper-item-name\">\r\n                                    Manfred Zeller                                <\/div>\r\n                                                                                        <div class=\"our-team__people-wrapper-item-position\" >\r\n                                    Kierownik Sprzeda\u017cy                                <\/div>\r\n                                                                                        <div class=\"our-team__people-wrapper-item-description\" >\r\n                                    <div class=\"our-team__people-wrapper-item-description-top\">\r\n                                                                                    <div class=\"our-team__people-wrapper-item-description-top-name\">\r\n                                                Manfred Zeller                                            <\/div>\r\n                                                                                                                            <div class=\"our-team__people-wrapper-item-description-top-position\">\r\n                                                Kierownik Sprzeda\u017cy                                            <\/div>\r\n                                                                            <\/div>\r\n                                    <div class=\"our-team__people-wrapper-item-description-content\">\r\n                                        Manfred Zeller &#8211; Kierownik sprzeda\u017cy (Austria), zwi\u0105zany z firm\u0105 od 2015 roku, odpowiedzialny za zarz\u0105dzanie rynkiem austriackim. Manfred nadzoruje dzia\u0142ania na tym rynku, dbaj\u0105c o rozw\u00f3j i umacnianie pozycji firmy. Obszar za kt\u00f3ry jest odpowiedzialny to opieka nad istniej\u0105c\u0105 sieci\u0105 dystrybucyjn\u0105 oraz jej systematyczne poszerzanie poprzez budowanie relacji z nowymi partnerami handlowymi. Dzi\u0119ki swojemu do\u015bwiadczeniu i zaanga\u017cowaniu skutecznie wspiera realizacj\u0119 strategii sprzeda\u017cowej, przyczyniaj\u0105c si\u0119 do wzrostu konkurencyjno\u015bci firmy w Austrii.                                    <\/div>\r\n                                                                            <div class=\"our-team__people-wrapper-item-description-from\">\r\n                                                                                            <div class=\"our-team__people-wrapper-item-description-from-title\">\r\n                                                    W firmie od                                                <\/div>\r\n                                                                                        <div class=\"our-team__people-wrapper-item-description-from-value\">\r\n                                                2015                                            <\/div>\r\n                                        <\/div>\r\n                                                                    <\/div>\r\n                                                    <\/div>\r\n                                            <div class=\"our-team__people-wrapper-item\">\r\n                                                            <div class=\"our-team__people-wrapper-item-name\">\r\n                                    Heinz Halmenschlager                                <\/div>\r\n                                                                                        <div class=\"our-team__people-wrapper-item-position\" >\r\n                                    Przedstawiciel Handlowy                                <\/div>\r\n                                                                                        <div class=\"our-team__people-wrapper-item-description\" >\r\n                                    <div class=\"our-team__people-wrapper-item-description-top\">\r\n                                                                                    <div class=\"our-team__people-wrapper-item-description-top-name\">\r\n                                                Heinz Halmenschlager                                            <\/div>\r\n                                                                                                                            <div class=\"our-team__people-wrapper-item-description-top-position\">\r\n                                                Przedstawiciel Handlowy                                            <\/div>\r\n                                                                            <\/div>\r\n                                    <div class=\"our-team__people-wrapper-item-description-content\">\r\n                                        Heinz Halmenschlager &#8211; przedstawiciel handlowy, w Bertsch Holzbau od 2015 roku. Heinz odpowiada za kompleksow\u0105 obs\u0142ug\u0119 rynku austriackiego, ze szczeg\u00f3lnym naciskiem na budowanie trwa\u0142ych relacji z partnerami biznesowymi oraz wspieranie ich w rozwijaniu wsp\u00f3\u0142pracy z firm\u0105. Zarz\u0105dza i rozszerza istniej\u0105c\u0105 sie\u0107 dystrybucyjn\u0105, co pozwala na efektywne wprowadzanie produkt\u00f3w na rynek.                                     <\/div>\r\n                                                                            <div class=\"our-team__people-wrapper-item-description-from\">\r\n                                                                                            <div class=\"our-team__people-wrapper-item-description-from-title\">\r\n                                                    W firmie od                                                <\/div>\r\n                                                                                        <div class=\"our-team__people-wrapper-item-description-from-value\">\r\n                                                2015                                            <\/div>\r\n                                        <\/div>\r\n                                                                    <\/div>\r\n                                                    <\/div>\r\n                                            <div class=\"our-team__people-wrapper-item\">\r\n                                                            <div class=\"our-team__people-wrapper-item-name\">\r\n                                    Thomas Wagner                                <\/div>\r\n                                                                                        <div class=\"our-team__people-wrapper-item-position\" >\r\n                                    Przedstawiciel Handlowy                                <\/div>\r\n                                                                                        <div class=\"our-team__people-wrapper-item-description\" >\r\n                                    <div class=\"our-team__people-wrapper-item-description-top\">\r\n                                                                                    <div class=\"our-team__people-wrapper-item-description-top-name\">\r\n                                                Thomas Wagner                                            <\/div>\r\n                                                                                                                            <div class=\"our-team__people-wrapper-item-description-top-position\">\r\n                                                Przedstawiciel Handlowy                                            <\/div>\r\n                                                                            <\/div>\r\n                                    <div class=\"our-team__people-wrapper-item-description-content\">\r\n                                        Thomas Wagner &#8211; przedstawiciel handlowy odpowiedzialny za rynek austriacki, wsp\u00f3\u0142pracuj\u0105cy z firm\u0105 od 2015 roku. Thomas koncentruje si\u0119 na rozwijaniu dzia\u0142alno\u015bci w Austrii, aktywnie wspieraj\u0105c partner\u00f3w handlowych i identyfikuj\u0105c nowe mo\u017cliwo\u015bci biznesowe. Jego praca obejmuje monitorowanie potrzeb klient\u00f3w, umacnianie relacji z istniej\u0105cymi dystrybutorami oraz systematyczne rozszerzanie sieci wsp\u00f3\u0142pracy.                                    <\/div>\r\n                                                                            <div class=\"our-team__people-wrapper-item-description-from\">\r\n                                                                                            <div class=\"our-team__people-wrapper-item-description-from-title\">\r\n                                                    W firmie od                                                <\/div>\r\n                                                                                        <div class=\"our-team__people-wrapper-item-description-from-value\">\r\n                                                2015                                            <\/div>\r\n                                        <\/div>\r\n                                                                    <\/div>\r\n                                                    <\/div>\r\n                                            <div class=\"our-team__people-wrapper-item\">\r\n                                                            <div class=\"our-team__people-wrapper-item-name\">\r\n                                    Tomasz Go\u0142\u0105b                                <\/div>\r\n                                                                                        <div class=\"our-team__people-wrapper-item-position\" >\r\n                                    Dyrektor Zak\u0142adu                                <\/div>\r\n                                                                                        <div class=\"our-team__people-wrapper-item-description\" >\r\n                                    <div class=\"our-team__people-wrapper-item-description-top\">\r\n                                                                                    <div class=\"our-team__people-wrapper-item-description-top-name\">\r\n                                                Tomasz Go\u0142\u0105b                                            <\/div>\r\n                                                                                                                            <div class=\"our-team__people-wrapper-item-description-top-position\">\r\n                                                Dyrektor Zak\u0142adu                                            <\/div>\r\n                                                                            <\/div>\r\n                                    <div class=\"our-team__people-wrapper-item-description-content\">\r\n                                        Tomasz Go\u0142\u0105b &#8211; dyrektor zak\u0142adu. Odpowiedzialny za zarz\u0105dzanie produkcj\u0105 w Polsce. Tomasz nadzoruje wszystkie aspekty procesu produkcyjnego, dbaj\u0105c o jego p\u0142ynno\u015b\u0107, wydajno\u015b\u0107 i zgodno\u015b\u0107 z najwy\u017cszymi standardami jako\u015bci. Kluczowym elementem jego pracy jest optymalizacja produkcji poprzez wprowadzanie innowacyjnych rozwi\u0105za\u0144 i usprawnianie proces\u00f3w. Dzi\u0119ki swojemu do\u015bwiadczeniu oraz zaanga\u017cowaniu skutecznie przyczynia si\u0119 do zwi\u0119kszenia efektywno\u015bci zak\u0142adu i wspiera realizacj\u0119 strategicznych cel\u00f3w firmy. W Bertsch Holzbau od 2010r.                                    <\/div>\r\n                                                                            <div class=\"our-team__people-wrapper-item-description-from\">\r\n                                                                                            <div class=\"our-team__people-wrapper-item-description-from-title\">\r\n                                                    W firmie od                                                <\/div>\r\n                                                                                        <div class=\"our-team__people-wrapper-item-description-from-value\">\r\n                                                2010                                            <\/div>\r\n                                        <\/div>\r\n                                                                    <\/div>\r\n                                                    <\/div>\r\n                                            <div class=\"our-team__people-wrapper-item\">\r\n                                                            <div class=\"our-team__people-wrapper-item-name\">\r\n                                    Rafa\u0142 Najduch                                <\/div>\r\n                                                                                        <div class=\"our-team__people-wrapper-item-position\" >\r\n                                    CFO                                <\/div>\r\n                                                                                        <div class=\"our-team__people-wrapper-item-description\" >\r\n                                    <div class=\"our-team__people-wrapper-item-description-top\">\r\n                                                                                    <div class=\"our-team__people-wrapper-item-description-top-name\">\r\n                                                Rafa\u0142 Najduch                                            <\/div>\r\n                                                                                                                            <div class=\"our-team__people-wrapper-item-description-top-position\">\r\n                                                CFO                                            <\/div>\r\n                                                                            <\/div>\r\n                                    <div class=\"our-team__people-wrapper-item-description-content\">\r\n                                        Rafa\u0142 Najduch &#8211; Dyrektor finansowy. W firmie od 2001 roku, odpowiedzialny za zarz\u0105dzanie finansami na rynku polskim i zagranicznym. Nadzoruje wszystkie aspekty ksi\u0119gowo\u015bci oraz prowadzi szczeg\u00f3\u0142ow\u0105 analiz\u0119 finansow\u0105, wspieraj\u0105c strategiczne decyzje zarz\u0105du. Skutecznie optymalizuje procesy finansowe, dbaj\u0105c o stabilno\u015b\u0107 i przejrzysto\u015b\u0107 bud\u017cetu firmy.                                     <\/div>\r\n                                                                            <div class=\"our-team__people-wrapper-item-description-from\">\r\n                                                                                            <div class=\"our-team__people-wrapper-item-description-from-title\">\r\n                                                    W firmie od                                                <\/div>\r\n                                                                                        <div class=\"our-team__people-wrapper-item-description-from-value\">\r\n                                                2001                                            <\/div>\r\n                                        <\/div>\r\n                                                                    <\/div>\r\n                                                    <\/div>\r\n                                            <div class=\"our-team__people-wrapper-item\">\r\n                                                            <div class=\"our-team__people-wrapper-item-name\">\r\n                                    Mariusz Kachniarz                                <\/div>\r\n                                                                                        <div class=\"our-team__people-wrapper-item-position\" >\r\n                                    Kierownik ds. technologii                                <\/div>\r\n                                                                                        <div class=\"our-team__people-wrapper-item-description\" >\r\n                                    <div class=\"our-team__people-wrapper-item-description-top\">\r\n                                                                                    <div class=\"our-team__people-wrapper-item-description-top-name\">\r\n                                                Mariusz Kachniarz                                            <\/div>\r\n                                                                                                                            <div class=\"our-team__people-wrapper-item-description-top-position\">\r\n                                                Kierownik ds. technologii                                            <\/div>\r\n                                                                            <\/div>\r\n                                    <div class=\"our-team__people-wrapper-item-description-content\">\r\n                                        Mariusz Kachniarz &#8211; kierownik ds. technologii, zwi\u0105zany z Bertsch Holzbau od 2001 roku, odpowiedzialny za rynek polski. Mariusz odgrywa kluczow\u0105 rol\u0119 w procesie tworzenia innowacyjnych prototyp\u00f3w, nadzoruj\u0105c wszystkie etapy projektowania konstrukcji, od koncepcji po realizacj\u0119. Koordynuje r\u00f3wnie\u017c zam\u00f3wienia klient\u00f3w, dbaj\u0105c o ich terminowe i precyzyjne wykonanie zgodnie z najwy\u017cszymi standardami jako\u015bci. Dzi\u0119ki swojemu wieloletniemu do\u015bwiadczeniu i znajomo\u015bci nowoczesnych technologii, Mariusz skutecznie wprowadza rozwi\u0105zania, kt\u00f3re podnosz\u0105 efektywno\u015b\u0107 i wyr\u00f3\u017cniaj\u0105 firm\u0119 na tle konkurencji.                                    <\/div>\r\n                                                                            <div class=\"our-team__people-wrapper-item-description-from\">\r\n                                                                                            <div class=\"our-team__people-wrapper-item-description-from-title\">\r\n                                                    W firmie od                                                <\/div>\r\n                                                                                        <div class=\"our-team__people-wrapper-item-description-from-value\">\r\n                                                2001                                            <\/div>\r\n                                        <\/div>\r\n                                                                    <\/div>\r\n                                                    <\/div>\r\n                                            <div class=\"our-team__people-wrapper-item\">\r\n                                                            <div class=\"our-team__people-wrapper-item-name\">\r\n                                    Piotr Rusin                                <\/div>\r\n                                                                                        <div class=\"our-team__people-wrapper-item-position\" >\r\n                                    Kierownik Produkcji Stolarki                                <\/div>\r\n                                                                                        <div class=\"our-team__people-wrapper-item-description\" >\r\n                                    <div class=\"our-team__people-wrapper-item-description-top\">\r\n                                                                                    <div class=\"our-team__people-wrapper-item-description-top-name\">\r\n                                                Piotr Rusin                                            <\/div>\r\n                                                                                                                            <div class=\"our-team__people-wrapper-item-description-top-position\">\r\n                                                Kierownik Produkcji Stolarki                                            <\/div>\r\n                                                                            <\/div>\r\n                                    <div class=\"our-team__people-wrapper-item-description-content\">\r\n                                        Piotr Rusin &#8211; kierownik produkcji stolarki, odpowiedzialny za rynek polski oraz zagraniczny. Koordynuje procesami zwi\u0105zanymi z produkcj\u0105 stolarki. Piotr nie tylko nadzoruje ca\u0142y cykl produkcyjny, dbaj\u0105c o terminowo\u015b\u0107 i wysok\u0105 jako\u015b\u0107 realizacji, ale tak\u017ce aktywnie uczestniczy w procesie projektowania. Jako do\u015bwiadczony rysownik specjalizuje si\u0119 w tworzeniu projekt\u00f3w nietypowych okien i drzwi, dostosowanych do indywidualnych potrzeb klient\u00f3w.                                     <\/div>\r\n                                                                            <div class=\"our-team__people-wrapper-item-description-from\">\r\n                                                                                            <div class=\"our-team__people-wrapper-item-description-from-title\">\r\n                                                    W firmie od                                                <\/div>\r\n                                                                                        <div class=\"our-team__people-wrapper-item-description-from-value\">\r\n                                                2015                                            <\/div>\r\n                                        <\/div>\r\n                                                                    <\/div>\r\n                                                    <\/div>\r\n                                            <div class=\"our-team__people-wrapper-item\">\r\n                                                            <div class=\"our-team__people-wrapper-item-name\">\r\n                                    Vincent Klingler                                <\/div>\r\n                                                                                        <div class=\"our-team__people-wrapper-item-position\" >\r\n                                    Kierownik sprzeda\u017cy                                <\/div>\r\n                                                                                <\/div>\r\n                                                <\/div>\r\n        <\/div>\r\n    <\/div>\r\n            <div class=\"our-team__people-slider swiper\">\r\n            <div class=\"swiper-wrapper\">\r\n                                    <div class=\"swiper-slide\">\r\n                        <div\r\n                            class=\"our-team__people-wrapper-item our-team-js-item\"\r\n                            data-name=\"Lukas Bertsch\"\r\n                            data-position=\"COO\"\r\n                            data-description=\"Specjalista w dziedzinie ciesielstwa. Odpowiedzialny za wspieranie rozwoju firmy na rynku krajowym i europejskim. Aktywnie zarz\u0105dza projektami lokalnymi. Wsp\u00f3\u0142tworzy strategi\u0119 ekspansji firmy na rynkach zagranicznych poprzez budowanie i utrzymywanie relacji z mi\u0119dzynarodowymi partnerami biznesowymi, wzmacniaj\u0105c tym samym pozycj\u0119 firmy w Europie.\"\r\n                            data-from=\"2020\"\r\n                                                    >\r\n                                                            <div class=\"our-team__people-wrapper-item-name\">\r\n                                    Lukas Bertsch                                <\/div>\r\n                                                                                        <div class=\"our-team__people-wrapper-item-position\" >\r\n                                    COO                                <\/div>\r\n                                                    <\/div>\r\n                    <\/div>\r\n                                    <div class=\"swiper-slide\">\r\n                        <div\r\n                            class=\"our-team__people-wrapper-item our-team-js-item\"\r\n                            data-name=\"Jan Frank\"\r\n                            data-position=\"Doradca Handlowy\"\r\n                            data-description=\"Jan Frank - doradca handlowy. Odpowiada za koordynacj\u0119 dzia\u0142a\u0144 firmy na rynkach: Niemiec, Belgii, Holandii, Luksemburga i Szwajcarii. Jego g\u0142\u00f3wnym zadaniem jest zarz\u0105dzanie i rozwijanie istniej\u0105cej sieci dystrybucyjnej, dbaj\u0105c o utrzymanie wysokich standard\u00f3w wsp\u00f3\u0142pracy z dealerami. Jan pe\u0142ni rol\u0119 kluczowego \u0142\u0105cznika mi\u0119dzy polskim biurem a partnerami handlowymi, zapewniaj\u0105c sprawny przep\u0142yw informacji i efektywn\u0105 realizacj\u0119 wsp\u00f3lnych projekt\u00f3w. \"\r\n                            data-from=\"2020\"\r\n                                                    >\r\n                                                            <div class=\"our-team__people-wrapper-item-name\">\r\n                                    Jan Frank                                <\/div>\r\n                                                                                        <div class=\"our-team__people-wrapper-item-position\" >\r\n                                    Doradca Handlowy                                <\/div>\r\n                                                    <\/div>\r\n                    <\/div>\r\n                                    <div class=\"swiper-slide\">\r\n                        <div\r\n                            class=\"our-team__people-wrapper-item our-team-js-item\"\r\n                            data-name=\"Manfred Zeller\"\r\n                            data-position=\"Kierownik Sprzeda\u017cy\"\r\n                            data-description=\"Manfred Zeller - Kierownik sprzeda\u017cy (Austria), zwi\u0105zany z firm\u0105 od 2015 roku, odpowiedzialny za zarz\u0105dzanie rynkiem austriackim. Manfred nadzoruje dzia\u0142ania na tym rynku, dbaj\u0105c o rozw\u00f3j i umacnianie pozycji firmy. Obszar za kt\u00f3ry jest odpowiedzialny to opieka nad istniej\u0105c\u0105 sieci\u0105 dystrybucyjn\u0105 oraz jej systematyczne poszerzanie poprzez budowanie relacji z nowymi partnerami handlowymi. Dzi\u0119ki swojemu do\u015bwiadczeniu i zaanga\u017cowaniu skutecznie wspiera realizacj\u0119 strategii sprzeda\u017cowej, przyczyniaj\u0105c si\u0119 do wzrostu konkurencyjno\u015bci firmy w Austrii.\"\r\n                            data-from=\"2015\"\r\n                                                    >\r\n                                                            <div class=\"our-team__people-wrapper-item-name\">\r\n                                    Manfred Zeller                                <\/div>\r\n                                                                                        <div class=\"our-team__people-wrapper-item-position\" >\r\n                                    Kierownik Sprzeda\u017cy                                <\/div>\r\n                                                    <\/div>\r\n                    <\/div>\r\n                                    <div class=\"swiper-slide\">\r\n                        <div\r\n                            class=\"our-team__people-wrapper-item our-team-js-item\"\r\n                            data-name=\"Heinz Halmenschlager\"\r\n                            data-position=\"Przedstawiciel Handlowy\"\r\n                            data-description=\"Heinz Halmenschlager - przedstawiciel handlowy, w Bertsch Holzbau od 2015 roku. Heinz odpowiada za kompleksow\u0105 obs\u0142ug\u0119 rynku austriackiego, ze szczeg\u00f3lnym naciskiem na budowanie trwa\u0142ych relacji z partnerami biznesowymi oraz wspieranie ich w rozwijaniu wsp\u00f3\u0142pracy z firm\u0105. Zarz\u0105dza i rozszerza istniej\u0105c\u0105 sie\u0107 dystrybucyjn\u0105, co pozwala na efektywne wprowadzanie produkt\u00f3w na rynek. \"\r\n                            data-from=\"2015\"\r\n                                                    >\r\n                                                            <div class=\"our-team__people-wrapper-item-name\">\r\n                                    Heinz Halmenschlager                                <\/div>\r\n                                                                                        <div class=\"our-team__people-wrapper-item-position\" >\r\n                                    Przedstawiciel Handlowy                                <\/div>\r\n                                                    <\/div>\r\n                    <\/div>\r\n                                    <div class=\"swiper-slide\">\r\n                        <div\r\n                            class=\"our-team__people-wrapper-item our-team-js-item\"\r\n                            data-name=\"Thomas Wagner\"\r\n                            data-position=\"Przedstawiciel Handlowy\"\r\n                            data-description=\"Thomas Wagner - przedstawiciel handlowy odpowiedzialny za rynek austriacki, wsp\u00f3\u0142pracuj\u0105cy z firm\u0105 od 2015 roku. Thomas koncentruje si\u0119 na rozwijaniu dzia\u0142alno\u015bci w Austrii, aktywnie wspieraj\u0105c partner\u00f3w handlowych i identyfikuj\u0105c nowe mo\u017cliwo\u015bci biznesowe. Jego praca obejmuje monitorowanie potrzeb klient\u00f3w, umacnianie relacji z istniej\u0105cymi dystrybutorami oraz systematyczne rozszerzanie sieci wsp\u00f3\u0142pracy.\"\r\n                            data-from=\"2015\"\r\n                                                    >\r\n                                                            <div class=\"our-team__people-wrapper-item-name\">\r\n                                    Thomas Wagner                                <\/div>\r\n                                                                                        <div class=\"our-team__people-wrapper-item-position\" >\r\n                                    Przedstawiciel Handlowy                                <\/div>\r\n                                                    <\/div>\r\n                    <\/div>\r\n                                    <div class=\"swiper-slide\">\r\n                        <div\r\n                            class=\"our-team__people-wrapper-item our-team-js-item\"\r\n                            data-name=\"Tomasz Go\u0142\u0105b\"\r\n                            data-position=\"Dyrektor Zak\u0142adu\"\r\n                            data-description=\"Tomasz Go\u0142\u0105b - dyrektor zak\u0142adu. Odpowiedzialny za zarz\u0105dzanie produkcj\u0105 w Polsce. Tomasz nadzoruje wszystkie aspekty procesu produkcyjnego, dbaj\u0105c o jego p\u0142ynno\u015b\u0107, wydajno\u015b\u0107 i zgodno\u015b\u0107 z najwy\u017cszymi standardami jako\u015bci. Kluczowym elementem jego pracy jest optymalizacja produkcji poprzez wprowadzanie innowacyjnych rozwi\u0105za\u0144 i usprawnianie proces\u00f3w. Dzi\u0119ki swojemu do\u015bwiadczeniu oraz zaanga\u017cowaniu skutecznie przyczynia si\u0119 do zwi\u0119kszenia efektywno\u015bci zak\u0142adu i wspiera realizacj\u0119 strategicznych cel\u00f3w firmy. W Bertsch Holzbau od 2010r.\"\r\n                            data-from=\"2010\"\r\n                                                    >\r\n                                                            <div class=\"our-team__people-wrapper-item-name\">\r\n                                    Tomasz Go\u0142\u0105b                                <\/div>\r\n                                                                                        <div class=\"our-team__people-wrapper-item-position\" >\r\n                                    Dyrektor Zak\u0142adu                                <\/div>\r\n                                                    <\/div>\r\n                    <\/div>\r\n                                    <div class=\"swiper-slide\">\r\n                        <div\r\n                            class=\"our-team__people-wrapper-item our-team-js-item\"\r\n                            data-name=\"Rafa\u0142 Najduch\"\r\n                            data-position=\"CFO\"\r\n                            data-description=\"Rafa\u0142 Najduch - Dyrektor finansowy. W firmie od 2001 roku, odpowiedzialny za zarz\u0105dzanie finansami na rynku polskim i zagranicznym. Nadzoruje wszystkie aspekty ksi\u0119gowo\u015bci oraz prowadzi szczeg\u00f3\u0142ow\u0105 analiz\u0119 finansow\u0105, wspieraj\u0105c strategiczne decyzje zarz\u0105du. Skutecznie optymalizuje procesy finansowe, dbaj\u0105c o stabilno\u015b\u0107 i przejrzysto\u015b\u0107 bud\u017cetu firmy. \"\r\n                            data-from=\"2001\"\r\n                                                    >\r\n                                                            <div class=\"our-team__people-wrapper-item-name\">\r\n                                    Rafa\u0142 Najduch                                <\/div>\r\n                                                                                        <div class=\"our-team__people-wrapper-item-position\" >\r\n                                    CFO                                <\/div>\r\n                                                    <\/div>\r\n                    <\/div>\r\n                                    <div class=\"swiper-slide\">\r\n                        <div\r\n                            class=\"our-team__people-wrapper-item our-team-js-item\"\r\n                            data-name=\"Mariusz Kachniarz\"\r\n                            data-position=\"Kierownik ds. technologii\"\r\n                            data-description=\"Mariusz Kachniarz - kierownik ds. technologii, zwi\u0105zany z Bertsch Holzbau od 2001 roku, odpowiedzialny za rynek polski. Mariusz odgrywa kluczow\u0105 rol\u0119 w procesie tworzenia innowacyjnych prototyp\u00f3w, nadzoruj\u0105c wszystkie etapy projektowania konstrukcji, od koncepcji po realizacj\u0119. Koordynuje r\u00f3wnie\u017c zam\u00f3wienia klient\u00f3w, dbaj\u0105c o ich terminowe i precyzyjne wykonanie zgodnie z najwy\u017cszymi standardami jako\u015bci. Dzi\u0119ki swojemu wieloletniemu do\u015bwiadczeniu i znajomo\u015bci nowoczesnych technologii, Mariusz skutecznie wprowadza rozwi\u0105zania, kt\u00f3re podnosz\u0105 efektywno\u015b\u0107 i wyr\u00f3\u017cniaj\u0105 firm\u0119 na tle konkurencji.\"\r\n                            data-from=\"2001\"\r\n                                                    >\r\n                                                            <div class=\"our-team__people-wrapper-item-name\">\r\n                                    Mariusz Kachniarz                                <\/div>\r\n                                                                                        <div class=\"our-team__people-wrapper-item-position\" >\r\n                                    Kierownik ds. technologii                                <\/div>\r\n                                                    <\/div>\r\n                    <\/div>\r\n                                    <div class=\"swiper-slide\">\r\n                        <div\r\n                            class=\"our-team__people-wrapper-item our-team-js-item\"\r\n                            data-name=\"Piotr Rusin\"\r\n                            data-position=\"Kierownik Produkcji Stolarki\"\r\n                            data-description=\"Piotr Rusin - kierownik produkcji stolarki, odpowiedzialny za rynek polski oraz zagraniczny. Koordynuje procesami zwi\u0105zanymi z produkcj\u0105 stolarki. Piotr nie tylko nadzoruje ca\u0142y cykl produkcyjny, dbaj\u0105c o terminowo\u015b\u0107 i wysok\u0105 jako\u015b\u0107 realizacji, ale tak\u017ce aktywnie uczestniczy w procesie projektowania. Jako do\u015bwiadczony rysownik specjalizuje si\u0119 w tworzeniu projekt\u00f3w nietypowych okien i drzwi, dostosowanych do indywidualnych potrzeb klient\u00f3w. \"\r\n                            data-from=\"2015\"\r\n                                                    >\r\n                                                            <div class=\"our-team__people-wrapper-item-name\">\r\n                                    Piotr Rusin                                <\/div>\r\n                                                                                        <div class=\"our-team__people-wrapper-item-position\" >\r\n                                    Kierownik Produkcji Stolarki                                <\/div>\r\n                                                    <\/div>\r\n                    <\/div>\r\n                                    <div class=\"swiper-slide\">\r\n                        <div\r\n                            class=\"our-team__people-wrapper-item our-team-js-item\"\r\n                            data-name=\"Vincent Klingler\"\r\n                            data-position=\"Kierownik sprzeda\u017cy\"\r\n                            data-description=\"\"\r\n                            data-from=\"2025\"\r\n                                                    >\r\n                                                            <div class=\"our-team__people-wrapper-item-name\">\r\n                                    Vincent Klingler                                <\/div>\r\n                                                                                        <div class=\"our-team__people-wrapper-item-position\" >\r\n                                    Kierownik sprzeda\u017cy                                <\/div>\r\n                                                    <\/div>\r\n                    <\/div>\r\n                                                    <div class=\"swiper-slide first\">\r\n                        <div\r\n                            class=\"our-team__people-wrapper-green our-team-js-item\"\r\n                            data-name=\"Joachim Bertsch\"\r\n                            data-position=\"CEO \/ Founder\"\r\n                            data-description=\"Joachim Bertsch - za\u0142o\u017cyciel i w\u0142a\u015bciciel firmy. Uznany ekspert w dziedzinie ciesielstwa, kt\u00f3ry od ponad 20 lat z pasj\u0105 buduje swoj\u0105 pozycj\u0119 w bran\u017cy. Odpowiada za zarz\u0105dzanie przedsi\u0119biorstwem oraz wyznaczanie kierunk\u00f3w jego rozwoju. Dzi\u0119ki bogatemu do\u015bwiadczeniu i g\u0142\u0119bokiej wiedzy technicznej, jest w stanie sprosta\u0107 nawet najbardziej wymagaj\u0105cym wyzwaniom, realizuj\u0105c projekty o unikalnym charakterze i najwy\u017cszych standardach jako\u015bci. Jego ekspercka wiedza, wizjonerskie podej\u015bcie i dba\u0142o\u015b\u0107 o ka\u017cdy detal przyczyni\u0142y si\u0119 do ugruntowania pozycji firmy jako lidera na rynku.\"\r\n                            data-from=\"2001\"\r\n                                                    >\r\n                            <div class=\"our-team__people-wrapper-green-background\"><\/div>\r\n                                                            <div class=\"our-team__people-wrapper-green-name\">\r\n                                    Joachim Bertsch                                <\/div>\r\n                                                                                        <div class=\"our-team__people-wrapper-green-position\">\r\n                                    CEO \/ Founder                                <\/div>\r\n                                                    <\/div>\r\n                    <\/div>\r\n                                                    <div class=\"swiper-slide\">\r\n                        <div\r\n                            class=\"our-team__people-wrapper-item our-team-js-item\"\r\n                            data-name=\"Lukas Bertsch\"\r\n                            data-position=\"COO\"\r\n                            data-description=\"Specjalista w dziedzinie ciesielstwa. Odpowiedzialny za wspieranie rozwoju firmy na rynku krajowym i europejskim. Aktywnie zarz\u0105dza projektami lokalnymi. Wsp\u00f3\u0142tworzy strategi\u0119 ekspansji firmy na rynkach zagranicznych poprzez budowanie i utrzymywanie relacji z mi\u0119dzynarodowymi partnerami biznesowymi, wzmacniaj\u0105c tym samym pozycj\u0119 firmy w Europie.\"\r\n                            data-from=\"2020\"\r\n                                                    >\r\n                                                            <div class=\"our-team__people-wrapper-item-name\">\r\n                                    Lukas Bertsch                                <\/div>\r\n                                                                                        <div class=\"our-team__people-wrapper-item-position\" >\r\n                                    COO                                <\/div>\r\n                                                    <\/div>\r\n                    <\/div>\r\n                                    <div class=\"swiper-slide\">\r\n                        <div\r\n                            class=\"our-team__people-wrapper-item our-team-js-item\"\r\n                            data-name=\"Jan Frank\"\r\n                            data-position=\"Doradca Handlowy\"\r\n                            data-description=\"Jan Frank - doradca handlowy. Odpowiada za koordynacj\u0119 dzia\u0142a\u0144 firmy na rynkach: Niemiec, Belgii, Holandii, Luksemburga i Szwajcarii. Jego g\u0142\u00f3wnym zadaniem jest zarz\u0105dzanie i rozwijanie istniej\u0105cej sieci dystrybucyjnej, dbaj\u0105c o utrzymanie wysokich standard\u00f3w wsp\u00f3\u0142pracy z dealerami. Jan pe\u0142ni rol\u0119 kluczowego \u0142\u0105cznika mi\u0119dzy polskim biurem a partnerami handlowymi, zapewniaj\u0105c sprawny przep\u0142yw informacji i efektywn\u0105 realizacj\u0119 wsp\u00f3lnych projekt\u00f3w. \"\r\n                            data-from=\"2020\"\r\n                                                    >\r\n                                                            <div class=\"our-team__people-wrapper-item-name\">\r\n                                    Jan Frank                                <\/div>\r\n                                                                                        <div class=\"our-team__people-wrapper-item-position\" >\r\n                                    Doradca Handlowy                                <\/div>\r\n                                                    <\/div>\r\n                    <\/div>\r\n                                    <div class=\"swiper-slide\">\r\n                        <div\r\n                            class=\"our-team__people-wrapper-item our-team-js-item\"\r\n                            data-name=\"Manfred Zeller\"\r\n                            data-position=\"Kierownik Sprzeda\u017cy\"\r\n                            data-description=\"Manfred Zeller - Kierownik sprzeda\u017cy (Austria), zwi\u0105zany z firm\u0105 od 2015 roku, odpowiedzialny za zarz\u0105dzanie rynkiem austriackim. Manfred nadzoruje dzia\u0142ania na tym rynku, dbaj\u0105c o rozw\u00f3j i umacnianie pozycji firmy. Obszar za kt\u00f3ry jest odpowiedzialny to opieka nad istniej\u0105c\u0105 sieci\u0105 dystrybucyjn\u0105 oraz jej systematyczne poszerzanie poprzez budowanie relacji z nowymi partnerami handlowymi. Dzi\u0119ki swojemu do\u015bwiadczeniu i zaanga\u017cowaniu skutecznie wspiera realizacj\u0119 strategii sprzeda\u017cowej, przyczyniaj\u0105c si\u0119 do wzrostu konkurencyjno\u015bci firmy w Austrii.\"\r\n                            data-from=\"2015\"\r\n                                                    >\r\n                                                            <div class=\"our-team__people-wrapper-item-name\">\r\n                                    Manfred Zeller                                <\/div>\r\n                                                                                        <div class=\"our-team__people-wrapper-item-position\" >\r\n                                    Kierownik Sprzeda\u017cy                                <\/div>\r\n                                                    <\/div>\r\n                    <\/div>\r\n                                    <div class=\"swiper-slide\">\r\n                        <div\r\n                            class=\"our-team__people-wrapper-item our-team-js-item\"\r\n                            data-name=\"Heinz Halmenschlager\"\r\n                            data-position=\"Przedstawiciel Handlowy\"\r\n                            data-description=\"Heinz Halmenschlager - przedstawiciel handlowy, w Bertsch Holzbau od 2015 roku. Heinz odpowiada za kompleksow\u0105 obs\u0142ug\u0119 rynku austriackiego, ze szczeg\u00f3lnym naciskiem na budowanie trwa\u0142ych relacji z partnerami biznesowymi oraz wspieranie ich w rozwijaniu wsp\u00f3\u0142pracy z firm\u0105. Zarz\u0105dza i rozszerza istniej\u0105c\u0105 sie\u0107 dystrybucyjn\u0105, co pozwala na efektywne wprowadzanie produkt\u00f3w na rynek. \"\r\n                            data-from=\"2015\"\r\n                                                    >\r\n                                                            <div class=\"our-team__people-wrapper-item-name\">\r\n                                    Heinz Halmenschlager                                <\/div>\r\n                                                                                        <div class=\"our-team__people-wrapper-item-position\" >\r\n                                    Przedstawiciel Handlowy                                <\/div>\r\n                                                    <\/div>\r\n                    <\/div>\r\n                                    <div class=\"swiper-slide\">\r\n                        <div\r\n                            class=\"our-team__people-wrapper-item our-team-js-item\"\r\n                            data-name=\"Thomas Wagner\"\r\n                            data-position=\"Przedstawiciel Handlowy\"\r\n                            data-description=\"Thomas Wagner - przedstawiciel handlowy odpowiedzialny za rynek austriacki, wsp\u00f3\u0142pracuj\u0105cy z firm\u0105 od 2015 roku. Thomas koncentruje si\u0119 na rozwijaniu dzia\u0142alno\u015bci w Austrii, aktywnie wspieraj\u0105c partner\u00f3w handlowych i identyfikuj\u0105c nowe mo\u017cliwo\u015bci biznesowe. Jego praca obejmuje monitorowanie potrzeb klient\u00f3w, umacnianie relacji z istniej\u0105cymi dystrybutorami oraz systematyczne rozszerzanie sieci wsp\u00f3\u0142pracy.\"\r\n                            data-from=\"2015\"\r\n                                                    >\r\n                                                            <div class=\"our-team__people-wrapper-item-name\">\r\n                                    Thomas Wagner                                <\/div>\r\n                                                                                        <div class=\"our-team__people-wrapper-item-position\" >\r\n                                    Przedstawiciel Handlowy                                <\/div>\r\n                                                    <\/div>\r\n                    <\/div>\r\n                                    <div class=\"swiper-slide\">\r\n                        <div\r\n                            class=\"our-team__people-wrapper-item our-team-js-item\"\r\n                            data-name=\"Tomasz Go\u0142\u0105b\"\r\n                            data-position=\"Dyrektor Zak\u0142adu\"\r\n                            data-description=\"Tomasz Go\u0142\u0105b - dyrektor zak\u0142adu. Odpowiedzialny za zarz\u0105dzanie produkcj\u0105 w Polsce. Tomasz nadzoruje wszystkie aspekty procesu produkcyjnego, dbaj\u0105c o jego p\u0142ynno\u015b\u0107, wydajno\u015b\u0107 i zgodno\u015b\u0107 z najwy\u017cszymi standardami jako\u015bci. Kluczowym elementem jego pracy jest optymalizacja produkcji poprzez wprowadzanie innowacyjnych rozwi\u0105za\u0144 i usprawnianie proces\u00f3w. Dzi\u0119ki swojemu do\u015bwiadczeniu oraz zaanga\u017cowaniu skutecznie przyczynia si\u0119 do zwi\u0119kszenia efektywno\u015bci zak\u0142adu i wspiera realizacj\u0119 strategicznych cel\u00f3w firmy. W Bertsch Holzbau od 2010r.\"\r\n                            data-from=\"2010\"\r\n                                                    >\r\n                                                            <div class=\"our-team__people-wrapper-item-name\">\r\n                                    Tomasz Go\u0142\u0105b                                <\/div>\r\n                                                                                        <div class=\"our-team__people-wrapper-item-position\" >\r\n                                    Dyrektor Zak\u0142adu                                <\/div>\r\n                                                    <\/div>\r\n                    <\/div>\r\n                                    <div class=\"swiper-slide\">\r\n                        <div\r\n                            class=\"our-team__people-wrapper-item our-team-js-item\"\r\n                            data-name=\"Rafa\u0142 Najduch\"\r\n                            data-position=\"CFO\"\r\n                            data-description=\"Rafa\u0142 Najduch - Dyrektor finansowy. W firmie od 2001 roku, odpowiedzialny za zarz\u0105dzanie finansami na rynku polskim i zagranicznym. Nadzoruje wszystkie aspekty ksi\u0119gowo\u015bci oraz prowadzi szczeg\u00f3\u0142ow\u0105 analiz\u0119 finansow\u0105, wspieraj\u0105c strategiczne decyzje zarz\u0105du. Skutecznie optymalizuje procesy finansowe, dbaj\u0105c o stabilno\u015b\u0107 i przejrzysto\u015b\u0107 bud\u017cetu firmy. \"\r\n                            data-from=\"2001\"\r\n                                                    >\r\n                                                            <div class=\"our-team__people-wrapper-item-name\">\r\n                                    Rafa\u0142 Najduch                                <\/div>\r\n                                                                                        <div class=\"our-team__people-wrapper-item-position\" >\r\n                                    CFO                                <\/div>\r\n                                                    <\/div>\r\n                    <\/div>\r\n                                    <div class=\"swiper-slide\">\r\n                        <div\r\n                            class=\"our-team__people-wrapper-item our-team-js-item\"\r\n                            data-name=\"Mariusz Kachniarz\"\r\n                            data-position=\"Kierownik ds. technologii\"\r\n                            data-description=\"Mariusz Kachniarz - kierownik ds. technologii, zwi\u0105zany z Bertsch Holzbau od 2001 roku, odpowiedzialny za rynek polski. Mariusz odgrywa kluczow\u0105 rol\u0119 w procesie tworzenia innowacyjnych prototyp\u00f3w, nadzoruj\u0105c wszystkie etapy projektowania konstrukcji, od koncepcji po realizacj\u0119. Koordynuje r\u00f3wnie\u017c zam\u00f3wienia klient\u00f3w, dbaj\u0105c o ich terminowe i precyzyjne wykonanie zgodnie z najwy\u017cszymi standardami jako\u015bci. Dzi\u0119ki swojemu wieloletniemu do\u015bwiadczeniu i znajomo\u015bci nowoczesnych technologii, Mariusz skutecznie wprowadza rozwi\u0105zania, kt\u00f3re podnosz\u0105 efektywno\u015b\u0107 i wyr\u00f3\u017cniaj\u0105 firm\u0119 na tle konkurencji.\"\r\n                            data-from=\"2001\"\r\n                                                    >\r\n                                                            <div class=\"our-team__people-wrapper-item-name\">\r\n                                    Mariusz Kachniarz                                <\/div>\r\n                                                                                        <div class=\"our-team__people-wrapper-item-position\" >\r\n                                    Kierownik ds. technologii                                <\/div>\r\n                                                    <\/div>\r\n                    <\/div>\r\n                                    <div class=\"swiper-slide\">\r\n                        <div\r\n                            class=\"our-team__people-wrapper-item our-team-js-item\"\r\n                            data-name=\"Piotr Rusin\"\r\n                            data-position=\"Kierownik Produkcji Stolarki\"\r\n                            data-description=\"Piotr Rusin - kierownik produkcji stolarki, odpowiedzialny za rynek polski oraz zagraniczny. Koordynuje procesami zwi\u0105zanymi z produkcj\u0105 stolarki. Piotr nie tylko nadzoruje ca\u0142y cykl produkcyjny, dbaj\u0105c o terminowo\u015b\u0107 i wysok\u0105 jako\u015b\u0107 realizacji, ale tak\u017ce aktywnie uczestniczy w procesie projektowania. Jako do\u015bwiadczony rysownik specjalizuje si\u0119 w tworzeniu projekt\u00f3w nietypowych okien i drzwi, dostosowanych do indywidualnych potrzeb klient\u00f3w. \"\r\n                            data-from=\"2015\"\r\n                                                    >\r\n                                                            <div class=\"our-team__people-wrapper-item-name\">\r\n                                    Piotr Rusin                                <\/div>\r\n                                                                                        <div class=\"our-team__people-wrapper-item-position\" >\r\n                                    Kierownik Produkcji Stolarki                                <\/div>\r\n                                                    <\/div>\r\n                    <\/div>\r\n                                    <div class=\"swiper-slide\">\r\n                        <div\r\n                            class=\"our-team__people-wrapper-item our-team-js-item\"\r\n                            data-name=\"Vincent Klingler\"\r\n                            data-position=\"Kierownik sprzeda\u017cy\"\r\n                            data-description=\"\"\r\n                            data-from=\"2025\"\r\n                                                    >\r\n                                                            <div class=\"our-team__people-wrapper-item-name\">\r\n                                    Vincent Klingler                                <\/div>\r\n                                                                                        <div class=\"our-team__people-wrapper-item-position\" >\r\n                                    Kierownik sprzeda\u017cy                                <\/div>\r\n                                                    <\/div>\r\n                    <\/div>\r\n                                                    <div class=\"swiper-slide first\">\r\n                        <div\r\n                            class=\"our-team__people-wrapper-green our-team-js-item\"\r\n                            data-name=\"Joachim Bertsch\"\r\n                            data-position=\"CEO \/ Founder\"\r\n                            data-description=\"Joachim Bertsch - za\u0142o\u017cyciel i w\u0142a\u015bciciel firmy. Uznany ekspert w dziedzinie ciesielstwa, kt\u00f3ry od ponad 20 lat z pasj\u0105 buduje swoj\u0105 pozycj\u0119 w bran\u017cy. Odpowiada za zarz\u0105dzanie przedsi\u0119biorstwem oraz wyznaczanie kierunk\u00f3w jego rozwoju. Dzi\u0119ki bogatemu do\u015bwiadczeniu i g\u0142\u0119bokiej wiedzy technicznej, jest w stanie sprosta\u0107 nawet najbardziej wymagaj\u0105cym wyzwaniom, realizuj\u0105c projekty o unikalnym charakterze i najwy\u017cszych standardach jako\u015bci. Jego ekspercka wiedza, wizjonerskie podej\u015bcie i dba\u0142o\u015b\u0107 o ka\u017cdy detal przyczyni\u0142y si\u0119 do ugruntowania pozycji firmy jako lidera na rynku.\"\r\n                            data-from=\"2001\"\r\n                        >\r\n                            <div class=\"our-team__people-wrapper-green-background\"><\/div>\r\n                                                            <div class=\"our-team__people-wrapper-green-name\">\r\n                                    Joachim Bertsch                                <\/div>\r\n                                                                                        <div class=\"our-team__people-wrapper-green-position\">\r\n                                    CEO \/ Founder                                <\/div>\r\n                                                    <\/div>\r\n                    <\/div>\r\n                            <\/div>\r\n        <\/div>\r\n        <div class=\"our-team__fixed-person\">\r\n        <div class=\"our-team__fixed-person-wrapper\">\r\n            <div class=\"our-team__fixed-person-wrapper-close\">\r\n                <svg xmlns=\"http:\/\/www.w3.org\/2000\/svg\" width=\"24\" height=\"24\" viewBox=\"0 0 24 24\" fill=\"none\">\r\n                    <path d=\"M18 6L6 18\" stroke=\"black\" stroke-width=\"2\" stroke-linecap=\"round\" stroke-linejoin=\"round\" \/>\r\n                    <path d=\"M6 6L18 18\" stroke=\"black\" stroke-width=\"2\" stroke-linecap=\"round\" stroke-linejoin=\"round\" \/>\r\n                <\/svg>\r\n            <\/div>\r\n            <div class=\"our-team__fixed-person-wrapper-top\">\r\n                <div class=\"our-team__fixed-person-wrapper-top-name\">\r\n\r\n                <\/div>\r\n                <div class=\"our-team__fixed-person-wrapper-top-position\">\r\n\r\n                <\/div>\r\n            <\/div>\r\n            <div class=\"our-team__fixed-person-wrapper-content\">\r\n\r\n            <\/div>\r\n            <div class=\"our-team__fixed-person-wrapper-from\">\r\n                                    <div class=\"our-team__fixed-person-wrapper-from-title\">\r\n                        W firmie od                    <\/div>\r\n                                <div class=\"our-team__fixed-person-wrapper-from-value\">\r\n                    2025                <\/div>\r\n            <\/div>\r\n        <\/div>\r\n    <\/div>\r\n<\/section>\n\n\n<p class=\"has-text-align-center container w wp-block-paragraph\">BHB Bertsch Holzbau tworz\u0105 profesjonali\u015bci i pasjonaci designu oraz naturalnych surowc\u00f3w. To ich zaanga\u017cowanie stanowi silne korzenie naszej firmy. Ka\u017cdy specjalista \u0142\u0105czy eksperck\u0105 wiedz\u0119 z rozumieniem najnowszych trend\u00f3w oraz szacunkiem dla natury.<\/p>\n\n\n\n<p class=\"has-text-align-center container w wp-block-paragraph\">Pracownicy produkcji, magazynierzy, logistycy, projektanci, a tak\u017ce zesp\u00f3\u0142 administracji \u2014 wszyscy s\u0105 skoncentrowani na dostarczaniu wysokiej jako\u015bci, oraz wspieraniu klient\u00f3w na ka\u017cdym etapie realizacji.<\/p>\n\n\n\n<p class=\"has-text-align-center container w wp-block-paragraph\">Nasz zesp\u00f3\u0142 to nie tylko wykwalifikowani specjali\u015bci, ale przede wszystkim wspaniali ludzie, kt\u00f3rzy wnosz\u0105 do firmy swoj\u0105 unikaln\u0105 warto\u015b\u0107. Tworzymy przyjazn\u0105 atmosfer\u0119 i osi\u0105gamy doskona\u0142e efekty w\u0142a\u015bnie dzi\u0119ki zgranej dru\u017cynie. Dbamy o relacje, wzajemne wsparcie i rozw\u00f3j, co pozwala nam dostarcza\u0107 produkty, kt\u00f3re b\u0119d\u0105 s\u0142u\u017cy\u0107 przez lata.<\/p>\n\n\n\n<div class=\"wp-block-columns are-vertically-aligned-center container w is-layout-flex wp-container-core-columns-is-layout-8f761849 wp-block-columns-is-layout-flex\">\n<div class=\"wp-block-column is-vertically-aligned-center is-layout-flow wp-block-column-is-layout-flow\" style=\"flex-basis:50%\">\n<figure class=\"wp-block-image size-full\"><img loading=\"lazy\" decoding=\"async\" width=\"1920\" height=\"1080\" src=\"https:\/\/bertsch-holzbau.eu\/wp-content\/uploads\/2024\/12\/Podsumowanie.jpg\" alt=\"\" class=\"wp-image-90847\" srcset=\"https:\/\/bertsch-holzbau.eu\/wp-content\/uploads\/2024\/12\/Podsumowanie.jpg 1920w, https:\/\/bertsch-holzbau.eu\/wp-content\/uploads\/2024\/12\/Podsumowanie-300x169.jpg 300w, https:\/\/bertsch-holzbau.eu\/wp-content\/uploads\/2024\/12\/Podsumowanie-1024x576.jpg 1024w, https:\/\/bertsch-holzbau.eu\/wp-content\/uploads\/2024\/12\/Podsumowanie-768x432.jpg 768w, https:\/\/bertsch-holzbau.eu\/wp-content\/uploads\/2024\/12\/Podsumowanie-1536x864.jpg 1536w, https:\/\/bertsch-holzbau.eu\/wp-content\/uploads\/2024\/12\/Podsumowanie-400x225.jpg 400w, https:\/\/bertsch-holzbau.eu\/wp-content\/uploads\/2024\/12\/Podsumowanie-600x338.jpg 600w, https:\/\/bertsch-holzbau.eu\/wp-content\/uploads\/2024\/12\/Podsumowanie-800x450.jpg 800w, https:\/\/bertsch-holzbau.eu\/wp-content\/uploads\/2024\/12\/Podsumowanie-1200x675.jpg 1200w\" sizes=\"auto, (max-width: 1920px) 100vw, 1920px\" \/><\/figure>\n<\/div>\n\n\n\n<div class=\"wp-block-column is-vertically-aligned-center is-layout-flow wp-block-column-is-layout-flow\" style=\"flex-basis:50%\">\n<p class=\"wp-block-paragraph\">Ka\u017cdy projekt, kt\u00f3ry realizujemy, to efekt wsp\u00f3\u0142pracy zespo\u0142u utalentowanych specjalist\u00f3w. Dzi\u0119ki po\u0142\u0105czeniu r\u00f3\u017cnorodnych kompetencji i wsp\u00f3lnemu zaanga\u017cowaniu tworzymy rozwi\u0105zania najwy\u017cszej jako\u015bci. Spe\u0142niaj\u0105 one rygorystyczne europejskie normy, a jednocze\u015bnie doskonale odpowiadaj\u0105 na oczekiwania naszych klient\u00f3w.<\/p>\n<\/div>\n<\/div>\n","protected":false},"excerpt":{"rendered":"<p>Poznaj bli\u017cej nasz zesp\u00f3\u0142! Za stworzeniem dom\u00f3w, kt\u00f3re u nas zamawiacie, odpowiadaj\u0105 wspaniali ludzie. Ka\u017cda osoba, kt\u00f3r\u0105 tu zobaczycie, z pasj\u0105 i oddaniem przyczynia si\u0119 do tworzenia konstrukcji, na kt\u00f3rych mo\u017cna polega\u0107. Jeste\u015bmy dumni z tworzonych przez nas produkt\u00f3w oraz z tego, \u017ce Wy &#8211; nasi klienci cieszycie si\u0119 jako\u015bci\u0105 i komfortem naszych produkt\u00f3w na [&hellip;]<\/p>\n","protected":false},"author":1,"featured_media":0,"parent":0,"menu_order":0,"comment_status":"closed","ping_status":"closed","template":"","meta":{"_acf_changed":false,"footnotes":""},"class_list":["post-91248","page","type-page","status-publish","hentry"],"acf":[],"yoast_head":"<!-- This site is optimized with the Yoast SEO plugin v27.8 - https:\/\/yoast.com\/product\/yoast-seo-wordpress\/ -->\n<title>Nasz zesp\u00f3\u0142 BHB Bertsch Holzbau - BHB Bertsch Holzbau<\/title>\n<meta name=\"robots\" content=\"index, follow, max-snippet:-1, max-image-preview:large, max-video-preview:-1\" \/>\n<meta property=\"og:locale\" content=\"pl_PL\" \/>\n<meta property=\"og:type\" content=\"article\" \/>\n<meta property=\"og:title\" content=\"Nasz zesp\u00f3\u0142 BHB Bertsch Holzbau - BHB Bertsch Holzbau\" \/>\n<meta property=\"og:description\" content=\"Poznaj bli\u017cej nasz zesp\u00f3\u0142! Za stworzeniem dom\u00f3w, kt\u00f3re u nas zamawiacie, odpowiadaj\u0105 wspaniali ludzie. Ka\u017cda osoba, kt\u00f3r\u0105 tu zobaczycie, z pasj\u0105 i oddaniem przyczynia si\u0119 do tworzenia konstrukcji, na kt\u00f3rych mo\u017cna polega\u0107. Jeste\u015bmy dumni z tworzonych przez nas produkt\u00f3w oraz z tego, \u017ce Wy &#8211; nasi klienci cieszycie si\u0119 jako\u015bci\u0105 i komfortem naszych produkt\u00f3w na [&hellip;]\" \/>\n<meta property=\"og:url\" content=\"https:\/\/bertsch-holzbau.eu\/pl\/nasz-zespol-bhb-bertsch-holzbau\/\" \/>\n<meta property=\"og:site_name\" content=\"BHB Bertsch Holzbau\" \/>\n<meta property=\"article:publisher\" content=\"https:\/\/www.facebook.com\/bertschholzbau\/\" \/>\n<meta property=\"article:modified_time\" content=\"2026-02-16T13:22:14+00:00\" \/>\n<meta property=\"og:image\" content=\"https:\/\/bertsch-holzbau.eu\/wp-content\/uploads\/2024\/12\/Podsumowanie.jpg\" \/>\n<meta name=\"twitter:card\" content=\"summary_large_image\" \/>\n<meta name=\"twitter:label1\" content=\"Szacowany czas czytania\" \/>\n\t<meta name=\"twitter:data1\" content=\"2 minuty\" \/>\n<script type=\"application\/ld+json\" class=\"yoast-schema-graph\">{\"@context\":\"https:\\\/\\\/schema.org\",\"@graph\":[{\"@type\":\"WebPage\",\"@id\":\"https:\\\/\\\/bertsch-holzbau.eu\\\/pl\\\/nasz-zespol-bhb-bertsch-holzbau\\\/\",\"url\":\"https:\\\/\\\/bertsch-holzbau.eu\\\/pl\\\/nasz-zespol-bhb-bertsch-holzbau\\\/\",\"name\":\"Nasz zesp\u00f3\u0142 BHB Bertsch Holzbau - BHB Bertsch Holzbau\",\"isPartOf\":{\"@id\":\"https:\\\/\\\/bertsch-holzbau.eu\\\/pl\\\/#website\"},\"primaryImageOfPage\":{\"@id\":\"https:\\\/\\\/bertsch-holzbau.eu\\\/pl\\\/nasz-zespol-bhb-bertsch-holzbau\\\/#primaryimage\"},\"image\":{\"@id\":\"https:\\\/\\\/bertsch-holzbau.eu\\\/pl\\\/nasz-zespol-bhb-bertsch-holzbau\\\/#primaryimage\"},\"thumbnailUrl\":\"https:\\\/\\\/bertsch-holzbau.eu\\\/wp-content\\\/uploads\\\/2024\\\/12\\\/Podsumowanie.jpg\",\"datePublished\":\"2024-12-12T12:27:46+00:00\",\"dateModified\":\"2026-02-16T13:22:14+00:00\",\"breadcrumb\":{\"@id\":\"https:\\\/\\\/bertsch-holzbau.eu\\\/pl\\\/nasz-zespol-bhb-bertsch-holzbau\\\/#breadcrumb\"},\"inLanguage\":\"pl-PL\",\"potentialAction\":[{\"@type\":\"ReadAction\",\"target\":[\"https:\\\/\\\/bertsch-holzbau.eu\\\/pl\\\/nasz-zespol-bhb-bertsch-holzbau\\\/\"]}]},{\"@type\":\"ImageObject\",\"inLanguage\":\"pl-PL\",\"@id\":\"https:\\\/\\\/bertsch-holzbau.eu\\\/pl\\\/nasz-zespol-bhb-bertsch-holzbau\\\/#primaryimage\",\"url\":\"https:\\\/\\\/bertsch-holzbau.eu\\\/wp-content\\\/uploads\\\/2024\\\/12\\\/Podsumowanie.jpg\",\"contentUrl\":\"https:\\\/\\\/bertsch-holzbau.eu\\\/wp-content\\\/uploads\\\/2024\\\/12\\\/Podsumowanie.jpg\"},{\"@type\":\"BreadcrumbList\",\"@id\":\"https:\\\/\\\/bertsch-holzbau.eu\\\/pl\\\/nasz-zespol-bhb-bertsch-holzbau\\\/#breadcrumb\",\"itemListElement\":[{\"@type\":\"ListItem\",\"position\":1,\"name\":\"Home\",\"item\":\"https:\\\/\\\/bertsch-holzbau.eu\\\/pl\\\/\"},{\"@type\":\"ListItem\",\"position\":2,\"name\":\"Nasz zesp\u00f3\u0142 BHB Bertsch Holzbau\"}]},{\"@type\":\"WebSite\",\"@id\":\"https:\\\/\\\/bertsch-holzbau.eu\\\/pl\\\/#website\",\"url\":\"https:\\\/\\\/bertsch-holzbau.eu\\\/pl\\\/\",\"name\":\"BHB Bertsch Holzbau\",\"description\":\"\",\"publisher\":{\"@id\":\"https:\\\/\\\/bertsch-holzbau.eu\\\/pl\\\/#organization\"},\"potentialAction\":[{\"@type\":\"SearchAction\",\"target\":{\"@type\":\"EntryPoint\",\"urlTemplate\":\"https:\\\/\\\/bertsch-holzbau.eu\\\/pl\\\/?s={search_term_string}\"},\"query-input\":{\"@type\":\"PropertyValueSpecification\",\"valueRequired\":true,\"valueName\":\"search_term_string\"}}],\"inLanguage\":\"pl-PL\"},[]]}<\/script>\n<!-- \/ Yoast SEO plugin. -->","yoast_head_json":{"title":"Nasz zesp\u00f3\u0142 BHB Bertsch Holzbau - BHB Bertsch Holzbau","robots":{"index":"index","follow":"follow","max-snippet":"max-snippet:-1","max-image-preview":"max-image-preview:large","max-video-preview":"max-video-preview:-1"},"og_locale":"pl_PL","og_type":"article","og_title":"Nasz zesp\u00f3\u0142 BHB Bertsch Holzbau - BHB Bertsch Holzbau","og_description":"Poznaj bli\u017cej nasz zesp\u00f3\u0142! Za stworzeniem dom\u00f3w, kt\u00f3re u nas zamawiacie, odpowiadaj\u0105 wspaniali ludzie. Ka\u017cda osoba, kt\u00f3r\u0105 tu zobaczycie, z pasj\u0105 i oddaniem przyczynia si\u0119 do tworzenia konstrukcji, na kt\u00f3rych mo\u017cna polega\u0107. Jeste\u015bmy dumni z tworzonych przez nas produkt\u00f3w oraz z tego, \u017ce Wy &#8211; nasi klienci cieszycie si\u0119 jako\u015bci\u0105 i komfortem naszych produkt\u00f3w na [&hellip;]","og_url":"https:\/\/bertsch-holzbau.eu\/pl\/nasz-zespol-bhb-bertsch-holzbau\/","og_site_name":"BHB Bertsch Holzbau","article_publisher":"https:\/\/www.facebook.com\/bertschholzbau\/","article_modified_time":"2026-02-16T13:22:14+00:00","og_image":[{"url":"https:\/\/bertsch-holzbau.eu\/wp-content\/uploads\/2024\/12\/Podsumowanie.jpg","type":"","width":"","height":""}],"twitter_card":"summary_large_image","twitter_misc":{"Szacowany czas czytania":"2 minuty"},"schema":{"@context":"https:\/\/schema.org","@graph":[{"@type":"WebPage","@id":"https:\/\/bertsch-holzbau.eu\/pl\/nasz-zespol-bhb-bertsch-holzbau\/","url":"https:\/\/bertsch-holzbau.eu\/pl\/nasz-zespol-bhb-bertsch-holzbau\/","name":"Nasz zesp\u00f3\u0142 BHB Bertsch Holzbau - BHB Bertsch Holzbau","isPartOf":{"@id":"https:\/\/bertsch-holzbau.eu\/pl\/#website"},"primaryImageOfPage":{"@id":"https:\/\/bertsch-holzbau.eu\/pl\/nasz-zespol-bhb-bertsch-holzbau\/#primaryimage"},"image":{"@id":"https:\/\/bertsch-holzbau.eu\/pl\/nasz-zespol-bhb-bertsch-holzbau\/#primaryimage"},"thumbnailUrl":"https:\/\/bertsch-holzbau.eu\/wp-content\/uploads\/2024\/12\/Podsumowanie.jpg","datePublished":"2024-12-12T12:27:46+00:00","dateModified":"2026-02-16T13:22:14+00:00","breadcrumb":{"@id":"https:\/\/bertsch-holzbau.eu\/pl\/nasz-zespol-bhb-bertsch-holzbau\/#breadcrumb"},"inLanguage":"pl-PL","potentialAction":[{"@type":"ReadAction","target":["https:\/\/bertsch-holzbau.eu\/pl\/nasz-zespol-bhb-bertsch-holzbau\/"]}]},{"@type":"ImageObject","inLanguage":"pl-PL","@id":"https:\/\/bertsch-holzbau.eu\/pl\/nasz-zespol-bhb-bertsch-holzbau\/#primaryimage","url":"https:\/\/bertsch-holzbau.eu\/wp-content\/uploads\/2024\/12\/Podsumowanie.jpg","contentUrl":"https:\/\/bertsch-holzbau.eu\/wp-content\/uploads\/2024\/12\/Podsumowanie.jpg"},{"@type":"BreadcrumbList","@id":"https:\/\/bertsch-holzbau.eu\/pl\/nasz-zespol-bhb-bertsch-holzbau\/#breadcrumb","itemListElement":[{"@type":"ListItem","position":1,"name":"Home","item":"https:\/\/bertsch-holzbau.eu\/pl\/"},{"@type":"ListItem","position":2,"name":"Nasz zesp\u00f3\u0142 BHB Bertsch Holzbau"}]},{"@type":"WebSite","@id":"https:\/\/bertsch-holzbau.eu\/pl\/#website","url":"https:\/\/bertsch-holzbau.eu\/pl\/","name":"BHB Bertsch Holzbau","description":"","publisher":{"@id":"https:\/\/bertsch-holzbau.eu\/pl\/#organization"},"potentialAction":[{"@type":"SearchAction","target":{"@type":"EntryPoint","urlTemplate":"https:\/\/bertsch-holzbau.eu\/pl\/?s={search_term_string}"},"query-input":{"@type":"PropertyValueSpecification","valueRequired":true,"valueName":"search_term_string"}}],"inLanguage":"pl-PL"},[]]}},"_links":{"self":[{"href":"https:\/\/bertsch-holzbau.eu\/pl\/wp-json\/wp\/v2\/pages\/91248","targetHints":{"allow":["GET"]}}],"collection":[{"href":"https:\/\/bertsch-holzbau.eu\/pl\/wp-json\/wp\/v2\/pages"}],"about":[{"href":"https:\/\/bertsch-holzbau.eu\/pl\/wp-json\/wp\/v2\/types\/page"}],"author":[{"embeddable":true,"href":"https:\/\/bertsch-holzbau.eu\/pl\/wp-json\/wp\/v2\/users\/1"}],"replies":[{"embeddable":true,"href":"https:\/\/bertsch-holzbau.eu\/pl\/wp-json\/wp\/v2\/comments?post=91248"}],"version-history":[{"count":21,"href":"https:\/\/bertsch-holzbau.eu\/pl\/wp-json\/wp\/v2\/pages\/91248\/revisions"}],"predecessor-version":[{"id":112428,"href":"https:\/\/bertsch-holzbau.eu\/pl\/wp-json\/wp\/v2\/pages\/91248\/revisions\/112428"}],"wp:attachment":[{"href":"https:\/\/bertsch-holzbau.eu\/pl\/wp-json\/wp\/v2\/media?parent=91248"}],"curies":[{"name":"wp","href":"https:\/\/api.w.org\/{rel}","templated":true}]}}