{"id":91351,"date":"2024-12-12T13:27:46","date_gmt":"2024-12-12T12:27:46","guid":{"rendered":"https:\/\/bertsch-holzbau.eu\/nasz-zespol-bhb-bertsch-holzbau\/"},"modified":"2026-02-16T14:28:31","modified_gmt":"2026-02-16T13:28:31","slug":"il-nostro-team-bhb-bertsch-holzbau","status":"publish","type":"page","link":"https:\/\/bertsch-holzbau.eu\/it\/il-nostro-team-bhb-bertsch-holzbau\/","title":{"rendered":"Il nostro team BHB Bertsch Holzbau"},"content":{"rendered":"<style id=\"block-hero-css\">.hero{position:relative}.hero.top .hero__background-image img{-o-object-position:top;object-position:top}.hero.homepage{padding-top:105px;padding-left:21px;padding-bottom:15px}.hero.homepage .hero__title{color:#fff;text-align:left;-webkit-font-feature-settings:'liga' off,'clig' off;font-feature-settings:'liga' off,'clig' off;text-shadow:0 4px 40px #033679;font-size:32px;font-style:normal;font-weight:700;line-height:110%;letter-spacing:-2px;margin-bottom:15px}@media (min-width:575px){.hero.homepage .hero__title{font-size:42px;text-align:center}}@media (min-width:768px){.hero.homepage .hero__title{font-size:52px}}@media (min-width:1024px){.hero.homepage .hero__title{font-size:82px}}.hero.homepage .hero__description{color:#fff;text-align:left;text-shadow:0 1px 11px #033679;font-size:12px;font-style:normal;font-weight:500;line-height:normal;letter-spacing:-.16px;text-transform:uppercase}@media (min-width:575px){.hero.homepage .hero__description{font-size:14px;text-align:center}}@media (min-width:768px){.hero.homepage .hero__description{font-size:16px}}.hero.homepage .hero__text-middle{max-width:950px}.hero.homepage.hero__size-M{min-height:300px}@media (min-width:768px){.hero.homepage.hero__size-M{min-height:640px}}@media (max-width:768px){.hero.homepage .hero__text-middle{bottom:15px;left:0;top:initial;-webkit-transform:none;transform:none;padding-left:21px;padding-right:21px}}.hero__size-S{min-height:480px}.hero__size-M{min-height:720px}@media (max-width:768px){.hero__size-M{min-height:330px}}@media (max-width:768px){.hero__size-M.big-mobile{min-height:530px}}.hero__size-L{min-height:100vh}.hero__subtitle{color:#fff;text-align:left;text-shadow:0 1px 11px #033679;font-size:16px;font-style:normal;font-weight:700;line-height:130%;letter-spacing:-2px;margin-bottom:10px}@media (min-width:575px){.hero__subtitle{font-size:20px;text-align:center;margin-bottom:0}}@media (min-width:768px){.hero__subtitle{font-size:26px}}@media (min-width:1024px){.hero__subtitle{font-size:32px}}.hero__background-image{position:absolute;top:0;left:0;width:100%;height:100%}.hero__background-image img{-o-object-fit:cover;object-fit:cover;width:100%;height:100%}.hero__background-slider{position:absolute;top:0;left:0;width:100%;height:100%}.hero__background-slider img{-o-object-fit:cover;object-fit:cover;position:absolute;top:0;left:0;width:100%;height:100%}.hero__background-video{position:absolute;top:0;left:0;width:100%;height:100%}.hero__background-video-wrapper{position:relative;width:100%;height:100%;overflow:hidden}.hero__background-video-wrapper video{position:absolute;top:0;left:0;width:100%;height:100%;-o-object-fit:cover;object-fit:cover}.hero__text{z-index:1;position:relative}.hero__text-middle{position:absolute;top:50%;left:50%;-webkit-transform:translate(-50%,-50%);transform:translate(-50%,-50%);max-width:850px;width:100%;text-align:left;padding-left:15px;padding-right:15px}@media (max-width:1024px){.hero__text-middle{text-align:center;max-width:100%;width:100%}}.hero__text-bottom{position:absolute;bottom:0;left:50%;-webkit-transform:translate(-50%,0);transform:translate(-50%,0);text-align:left;max-width:1500px;width:100%;margin:0 auto;display:-webkit-box;display:-ms-flexbox;display:flex;-webkit-box-align:center;-ms-flex-align:center;align-items:center;padding-left:15px;padding-right:15px}@media (min-width:1200px){.hero__text-bottom{padding-left:30px;padding-right:30px}}.hero__text-bottom .hero__title{font-size:42px;font-weight:600;margin-bottom:0;background-color:#fff;display:inline-block;padding:20px 10px 20px 0;letter-spacing:-.5px;position:relative;color:#2c2c2c;padding-right:30px}@media (max-width:767px){.hero__text-bottom .hero__title{font-size:32px}}.hero__text-bottom .hero__title::after{content:\"\";position:absolute;height:1px;bottom:0;width:auto;left:10px;right:40px;background-color:#f2f2f2}.hero__text-bottom .hero__title::before{content:'';position:absolute;top:0;right:100%;height:100%;background-color:#fff;width:2000px}.hero__text-bottom .hero__title span{color:#138b44;font-weight:300;letter-spacing:-1.5px}.hero__text-bottom .hero__title span::after{display:none}.hero__login{display:-webkit-box;display:-ms-flexbox;display:flex;-webkit-box-align:center;-ms-flex-align:center;align-items:center;margin-inline:50px;margin-right:35px}@media (max-width:768px){.hero__login{margin-inline:25px;margin-right:10px}}@media (max-width:575px){.hero__login{margin:0;margin-left:15px}}.hero__login-text{font-size:20px;margin-right:20px;color:#fff;text-shadow:0 0 20px #000}@media (max-width:575px){.hero__login-text{display:none}}.hero__login-icon svg{-webkit-filter:invert(1);filter:invert(1);display:block}@media (max-width:575px){.hero__login-icon svg{max-width:70px}}.hero__title{color:#fff;font-family:Inter,Sans-serif;font-size:60px;font-weight:300;letter-spacing:-2px;margin-bottom:20px}@media (max-width:1024px){.hero__title{font-size:42px;margin-bottom:6px}}@media (max-width:767px){.hero__title{font-size:28px}}.hero__title span{font-weight:600;position:relative}@media (min-width:1024px){.hero__title span::after{content:\"\";width:330px;height:110px;background:url(\/wp-content\/uploads\/2024\/07\/na-wymiar.svg) no-repeat center center\/contain;position:absolute;left:-10px;top:-20px}}.hero__overlay{position:absolute;top:0;left:0;width:100%;height:100%;z-index:1;background-color:rgba(0,0,0,.3);pointer-events:none}.hero__description{color:#fff;font-family:Inter,Sans-serif;font-size:14px;font-weight:300;text-transform:uppercase}@media (max-width:767px){.hero__description{font-size:12px}}.hero__red-info{position:absolute;bottom:0;left:0;z-index:1;max-width:100%;width:100%;right:0;display:-webkit-box;display:-ms-flexbox;display:flex;-webkit-box-pack:center;-ms-flex-pack:center;justify-content:center;height:110px;background-color:#fff;display:none!important}@media (min-width:1150px){.hero__red-info{height:55px;-webkit-box-pack:end;-ms-flex-pack:end;justify-content:flex-end;z-index:10}}.hero__red-info-wrapper{max-width:100%;-webkit-box-flex:0;-ms-flex:0 0 100%;flex:0 0 100%;width:100%;display:-webkit-box;display:-ms-flexbox;display:flex;-webkit-box-align:center;-ms-flex-align:center;align-items:center;background:#9b1123;margin-bottom:55px;padding-left:10px;padding-right:10px;-webkit-box-pack:center;-ms-flex-pack:center;justify-content:center}@media (min-width:575px){.hero__red-info-wrapper{padding-left:30px;padding-right:30px}}@media (min-width:1150px){.hero__red-info-wrapper{margin-bottom:0;max-width:calc(50% - 72px);-webkit-box-flex:0;-ms-flex:0 0 calc(50% - 72px);flex:0 0 calc(50% - 72px);width:calc(50% - 72px);padding-right:15px;-webkit-box-pack:start;-ms-flex-pack:start;justify-content:flex-start}}.hero__red-info-wrapper-title{color:#fff;font-size:14px;font-weight:700;line-height:normal;padding-right:30px;position:relative}@media (min-width:575px){.hero__red-info-wrapper-title{font-size:16px}}@media (min-width:768px){.hero__red-info-wrapper-title{font-size:18px}}@media (min-width:1300px){.hero__red-info-wrapper-title{font-size:20px;padding-right:48px}}.hero__red-info-wrapper-title::after{content:'';position:absolute;right:15px;border-radius:30px;background:#e2e2e2;top:50%;-webkit-transform:translateY(-50%);transform:translateY(-50%);width:2px;height:10px}@media (min-width:1300px){.hero__red-info-wrapper-title::after{right:24px}}.hero__red-info-wrapper-marque{color:#fff;font-size:16px;font-weight:400;line-height:normal;overflow:hidden;white-space:nowrap;display:-webkit-box;display:-ms-flexbox;display:flex;width:300px}@media (min-width:768px){.hero__red-info-wrapper-marque{font-size:18px}}@media (min-width:1300px){.hero__red-info-wrapper-marque{font-size:20px}}.hero__red-info-wrapper-marque-item{-webkit-animation-duration:4s;animation-duration:4s;-webkit-animation-iteration-count:infinite;animation-iteration-count:infinite;-webkit-animation-name:marquee-content;animation-name:marquee-content;-webkit-animation-timing-function:linear;animation-timing-function:linear;padding:0 10px}.hero__red-info-wrapper-arrow{padding:0 15px}@media (min-width:1300px){.hero__red-info-wrapper-arrow{padding:0 24px}}.hero__red-info-wrapper-btn{color:#fff;font-size:14px;font-weight:500;line-height:normal;text-decoration:underline!important;white-space:nowrap}@media (min-width:575px){.hero__red-info-wrapper-btn{font-size:16px}}@media (min-width:768px){.hero__red-info-wrapper-btn{font-size:18px}}@media (min-width:1300px){.hero__red-info-wrapper-btn{font-size:20px}}@-webkit-keyframes marquee-content{from{-webkit-transform:translateX(0);transform:translateX(0)}to{-webkit-transform:translateX(-100%);transform:translateX(-100%)}}@keyframes marquee-content{from{-webkit-transform:translateX(0);transform:translateX(0)}to{-webkit-transform:translateX(-100%);transform:translateX(-100%)}}\n\/*# sourceMappingURL=hero.css.map *\/\n<\/style>\r\n<section class=\"hero hero__size-S\" >\r\n                        <div class=\"hero__background-image\">\r\n                <picture>\r\n                    <!-- <source media=\"(max-width: 400px)\" srcset=\"\">\r\n                    <source media=\"(max-width: 500px)\" srcset=\"\"> -->\r\n                    <source media=\"(max-width: 575px)\" srcset=\"https:\/\/bertsch-holzbau.eu\/wp-content\/uploads\/2024\/12\/team-800x534.webp\">\r\n                    <source media=\"(max-width: 1024px)\" srcset=\"https:\/\/bertsch-holzbau.eu\/wp-content\/uploads\/2024\/12\/team-1024x683.webp\">\r\n                    <source media=\"(max-width: 1500px)\" srcset=\"https:\/\/bertsch-holzbau.eu\/wp-content\/uploads\/2024\/12\/team-1536x1025.webp\">\r\n                    <img decoding=\"async\" src=\"https:\/\/bertsch-holzbau.eu\/wp-content\/uploads\/2024\/12\/team.webp\" alt=\"Il nostro team BHB Bertsch Holzbau\">\r\n                <\/picture>\r\n            <\/div>\r\n                                                        <div class=\"hero__text hero__text-bottom\">\r\n                                        <div class=\"hero__title-wrapper\">\r\n                    <h1 class=\"hero__title\">\r\n                        Il nostro team <span>BHB Bertsch Holzbau<\/span>                    <\/h1>\r\n                <\/div>\r\n                                                                                    <a href=\"#more\" class=\"hero__login\"  aria-label=\"Hero Link\">\r\n                                                            <div class=\"hero__login-text\">\r\n                                    Per saperne di pi\u00f9                                <\/div>\r\n                                                        <div class=\"hero__login-icon\">\r\n                                <svg xmlns=\"http:\/\/www.w3.org\/2000\/svg\" width=\"81\" height=\"80\" viewBox=\"0 0 81 80\" fill=\"none\">\r\n                                    <rect x=\"79.7726\" y=\"0.5\" width=\"79\" height=\"79\" rx=\"39.5\" transform=\"rotate(90 79.7726 0.5)\" stroke=\"black\" \/>\r\n                                    <path d=\"M26.6736 42.0827C26.7429 42.0136 26.8252 41.9588 26.9158 41.9214C27.0064 41.884 27.1036 41.8647 27.2016 41.8647C27.2997 41.8647 27.3969 41.884 27.4875 41.9214C27.5781 41.9588 27.6604 42.0136 27.7297 42.0827L39.8902 54.1891L39.8902 23.2886C39.8902 23.0915 39.9688 22.9025 40.1088 22.7631C40.2488 22.6238 40.4386 22.5455 40.6366 22.5455C40.8345 22.5455 41.0244 22.6238 41.1643 22.7631C41.3043 22.9025 41.383 23.0915 41.383 23.2886L41.383 54.1891L53.5434 42.0827C53.6128 42.0136 53.6951 41.9589 53.7857 41.9215C53.8763 41.8841 53.9734 41.8649 54.0715 41.8649C54.1696 41.8649 54.2667 41.8841 54.3573 41.9215C54.4479 41.9589 54.5302 42.0136 54.5996 42.0827C54.6689 42.1517 54.7239 42.2337 54.7615 42.3239C54.799 42.4141 54.8183 42.5107 54.8183 42.6084C54.8183 42.706 54.799 42.8027 54.7615 42.8929C54.7239 42.9831 54.6689 43.0651 54.5996 43.1341L41.1646 56.5094C41.0953 56.5784 41.013 56.6333 40.9224 56.6707C40.8318 56.708 40.7347 56.7273 40.6366 56.7273C40.5385 56.7273 40.4414 56.708 40.3507 56.6707C40.2601 56.6333 40.1778 56.5784 40.1085 56.5094L26.6736 43.1341C26.6042 43.0651 26.5491 42.9831 26.5116 42.8929C26.474 42.8027 26.4547 42.706 26.4547 42.6084C26.4547 42.5107 26.474 42.414 26.5116 42.3238C26.5491 42.2336 26.6042 42.1517 26.6736 42.0827Z\" fill=\"black\" \/>\r\n                                <\/svg>\r\n                            <\/div>\r\n                        <\/a>\r\n                                                                    <\/div>\r\n        <\/section>\n\n\n<h2 class=\"wp-block-heading has-text-align-center container w\">Conoscete meglio <span>il nostro team<\/span>!<\/h2>\n\n\n\n<p class=\"has-text-align-center container w wp-block-paragraph\">Grandi persone sono responsabili della creazione delle case che ci ordinate. Ogni persona che vedete qui contribuisce con passione e dedizione alla creazione di strutture su cui potete contare. Siamo orgogliosi dei prodotti che creiamo e del fatto che voi, i nostri clienti, possiate godere ogni giorno della qualit\u00e0 e del comfort dei nostri prodotti.<\/p>\n\n\n<style id=\"block-our-team-css\">.our-team{max-width:100%;width:100%;position:relative}.our-team .container{padding-left:115px;padding-right:115px;max-width:1400px}.our-team-left-image{position:absolute;left:0;top:200px;display:none}@media (min-width:1024px){.our-team-left-image{display:block}}.our-team-right-image{position:absolute;right:0;bottom:100px;display:none}@media (min-width:1024px){.our-team-right-image{display:block}}.our-team__people{padding:100px 0 150px 0;display:none}@media (min-width:1024px){.our-team__people{display:block}}.our-team__people-wrapper{min-height:calc(1100px - 290px);position:relative}.our-team__people-wrapper-circle{width:477px;height:477px;position:absolute;top:50%;left:50%;border-radius:50%;-webkit-transform:translate(-50%,-50%);transform:translate(-50%,-50%);background:#f6faf8;pointer-events:none}.our-team__people-wrapper-green{width:226px;height:226px;position:absolute;top:50%;left:50%;-webkit-transform:translate(-50%,-50%);transform:translate(-50%,-50%);border-radius:376.777px;background:#2c8a46;display:-webkit-box;display:-ms-flexbox;display:flex;-ms-flex-wrap:wrap;flex-wrap:wrap;-webkit-box-pack:center;-ms-flex-pack:center;justify-content:center;-webkit-box-align:center;-ms-flex-align:center;align-items:center;-ms-flex-line-pack:center;align-content:center;-webkit-box-shadow:0 67.066px 18.839px 0 transparent,0 42.953px 17.332px 0 rgba(0,0,0,.01),0 24.114px 14.318px 0 rgba(0,0,0,.05),0 10.55px 10.55px 0 rgba(0,0,0,.09),0 3.014px 6.028px 0 rgba(0,0,0,.1);box-shadow:0 67.066px 18.839px 0 transparent,0 42.953px 17.332px 0 rgba(0,0,0,.01),0 24.114px 14.318px 0 rgba(0,0,0,.05),0 10.55px 10.55px 0 rgba(0,0,0,.09),0 3.014px 6.028px 0 rgba(0,0,0,.1)}.our-team__people-wrapper-green-background{width:377px;height:377px;z-index:-1;border-radius:377px;background:#f6faf8;position:absolute;display:none}.our-team__people-wrapper-green-name{color:#fff;font-family:Inter;font-size:24px;font-style:normal;font-weight:700;line-height:normal;letter-spacing:-.478px;display:block;text-align:center;margin-bottom:14.3px}.our-team__people-wrapper-green-position{color:#fff;text-align:center;font-family:Inter;font-size:14px;font-style:normal;font-weight:500;line-height:120%}.our-team__people-wrapper-green:hover .our-team__people-wrapper-item-description{opacity:1;pointer-events:all}.our-team__people-wrapper-item{border-radius:229.753px;background:#f6faf8;-webkit-box-shadow:0 89px 25px 0 transparent,0 57px 23px 0 rgba(0,0,0,.01),0 32px 19px 0 rgba(0,0,0,.05),0 14px 14px 0 rgba(0,0,0,.09),0 4px 8px 0 rgba(0,0,0,.1);box-shadow:0 89px 25px 0 transparent,0 57px 23px 0 rgba(0,0,0,.01),0 32px 19px 0 rgba(0,0,0,.05),0 14px 14px 0 rgba(0,0,0,.09),0 4px 8px 0 rgba(0,0,0,.1);width:138px;height:138px;display:-webkit-box;display:-ms-flexbox;display:flex;-ms-flex-wrap:wrap;flex-wrap:wrap;-webkit-box-align:center;-ms-flex-align:center;align-items:center;-ms-flex-line-pack:center;align-content:center;-webkit-box-pack:center;-ms-flex-pack:center;justify-content:center;position:absolute;padding:15px}.our-team__people-wrapper-item:nth-of-type(1){left:0;top:14px}.our-team__people-wrapper-item:nth-of-type(2){left:50%;top:0;-webkit-transform:translate(-50%,0);transform:translate(-50%,0);z-index:1}.our-team__people-wrapper-item:nth-of-type(3){right:0;top:14px}.our-team__people-wrapper-item:nth-of-type(4){left:180px;top:126px}.our-team__people-wrapper-item:nth-of-type(5){right:180px;top:126px}.our-team__people-wrapper-item:nth-of-type(6){left:60px;top:50%;-webkit-transform:translate(0,-50%);transform:translate(0,-50%);z-index:1}.our-team__people-wrapper-item:nth-of-type(7){right:60px;top:50%;-webkit-transform:translate(0,-50%);transform:translate(0,-50%);z-index:1}.our-team__people-wrapper-item:nth-of-type(8){left:153px;bottom:138px}.our-team__people-wrapper-item:nth-of-type(9){right:153px;bottom:138px}.our-team__people-wrapper-item:nth-of-type(10){left:calc(50% - 250px);bottom:0}.our-team__people-wrapper-item:nth-of-type(11){right:calc(50% - 250px);bottom:0}.our-team__people-wrapper-item:nth-of-type(13){left:50%;-webkit-transform:translate(-50%,0);transform:translate(-50%,0);bottom:-80px}.our-team__people-wrapper-item:hover .our-team__people-wrapper-item-description{opacity:1;pointer-events:all}.our-team__people-wrapper-item-name{color:#000;text-align:center;font-family:Inter;font-size:16px;font-style:normal;font-weight:700;line-height:120%;letter-spacing:-.45px;margin-bottom:8px}.our-team__people-wrapper-item-position{color:#636363;text-align:center;font-family:Inter;font-size:11.362px;font-style:normal;font-weight:500;line-height:120%}.our-team__people-wrapper-item-description{opacity:0;pointer-events:none;padding:24px;border-radius:20px;background:#fff;position:absolute;width:345px;z-index:2;-webkit-transition:.3s all ease-in-out;transition:.3s all ease-in-out;-webkit-box-shadow:0 89px 25px 0 transparent,0 57px 23px 0 rgba(0,0,0,.01),0 32px 19px 0 rgba(0,0,0,.05),0 14px 14px 0 rgba(0,0,0,.09),0 4px 8px 0 rgba(0,0,0,.1);box-shadow:0 89px 25px 0 transparent,0 57px 23px 0 rgba(0,0,0,.01),0 32px 19px 0 rgba(0,0,0,.05),0 14px 14px 0 rgba(0,0,0,.09),0 4px 8px 0 rgba(0,0,0,.1)}.our-team__people-wrapper-item-description-close{display:-webkit-box;display:-ms-flexbox;display:flex;-webkit-box-pack:end;-ms-flex-pack:end;justify-content:flex-end;margin-bottom:16px}@media (min-width:1024px){.our-team__people-wrapper-item-description-close{display:none}}.our-team__people-wrapper-item-description-top{display:-webkit-box;display:-ms-flexbox;display:flex;-ms-flex-wrap:wrap;flex-wrap:wrap;-webkit-box-pack:justify;-ms-flex-pack:justify;justify-content:space-between;-webkit-box-align:center;-ms-flex-align:center;align-items:center;gap:10px;margin-bottom:16px}.our-team__people-wrapper-item-description-top-name{color:#000;font-family:Inter;font-size:16px;font-style:normal;font-weight:700;line-height:normal;letter-spacing:-.2px}.our-team__people-wrapper-item-description-top-position{color:#636363;font-family:Inter;font-size:12px;font-style:normal;font-weight:500;line-height:120%}.our-team__people-wrapper-item-description-content{color:#626262;font-family:Inter;font-size:14px;font-style:normal;font-weight:400;line-height:120%}.our-team__people-wrapper-item-description-from{margin-top:16px}.our-team__people-wrapper-item-description-from-title{color:#636363;font-family:Inter;font-size:12px;font-style:normal;font-weight:500;line-height:120%;margin-bottom:8px}.our-team__people-wrapper-item-description-from-value{color:#138b44;font-family:Inter;font-size:14px;font-style:normal;font-weight:700;line-height:normal;letter-spacing:-.2px}.our-team__people-slider{padding:70px 0;display:block}@media (min-width:1024px){.our-team__people-slider{display:none}}.our-team__people-slider .our-team__people-wrapper-green,.our-team__people-slider .our-team__people-wrapper-item{position:inherit;-webkit-transform:none;transform:none;cursor:pointer}.our-team__people-slider .swiper-slide{width:138px}.our-team__people-slider .swiper-slide.first{width:182px}.our-team__people-slider .swiper-slide .our-team__people-wrapper-green{width:182px;height:182px;top:0;left:0}.our-team__people-slider .swiper-slide .our-team__people-wrapper-green:hover .our-team__people-wrapper-item-description{opacity:0;pointer-events:none}.our-team__people-slider .swiper-slide .our-team__people-wrapper-item:hover .our-team__people-wrapper-item-description{opacity:0;pointer-events:none}.our-team__fixed-person{background:rgba(0,0,0,.3);-webkit-backdrop-filter:blur(5px);backdrop-filter:blur(5px);position:fixed;top:0;left:0;width:100%;height:100%;display:-webkit-box;display:-ms-flexbox;display:flex;-webkit-box-pack:center;-ms-flex-pack:center;justify-content:center;-webkit-box-align:center;-ms-flex-align:center;align-items:center;padding:22px;z-index:10000;opacity:0;pointer-events:none;-webkit-transition:.5s all ease-in-out;transition:.5s all ease-in-out}.our-team__fixed-person.active{opacity:1;pointer-events:all}.our-team__fixed-person-wrapper{max-width:345px;width:100%;border-radius:20px;background:#fff;padding:24px;-webkit-box-shadow:0 89px 25px 0 transparent,0 57px 23px 0 rgba(0,0,0,.01),0 32px 19px 0 rgba(0,0,0,.05),0 14px 14px 0 rgba(0,0,0,.09),0 4px 8px 0 rgba(0,0,0,.1);box-shadow:0 89px 25px 0 transparent,0 57px 23px 0 rgba(0,0,0,.01),0 32px 19px 0 rgba(0,0,0,.05),0 14px 14px 0 rgba(0,0,0,.09),0 4px 8px 0 rgba(0,0,0,.1)}.our-team__fixed-person-wrapper-close{display:-webkit-box;display:-ms-flexbox;display:flex;-webkit-box-pack:end;-ms-flex-pack:end;justify-content:flex-end;margin-bottom:16px;cursor:pointer}.our-team__fixed-person-wrapper-top{display:-webkit-box;display:-ms-flexbox;display:flex;-ms-flex-wrap:wrap;flex-wrap:wrap;-webkit-box-pack:justify;-ms-flex-pack:justify;justify-content:space-between;-webkit-box-align:center;-ms-flex-align:center;align-items:center;gap:10px;margin-bottom:16px}.our-team__fixed-person-wrapper-top-name{color:#000;font-family:Inter;font-size:16px;font-style:normal;font-weight:700;line-height:normal;letter-spacing:-.2px}.our-team__fixed-person-wrapper-top-position{color:#636363;font-family:Inter;font-size:12px;font-style:normal;font-weight:500;line-height:120%}.our-team__fixed-person-wrapper-content{color:#626262;font-family:Inter;font-size:14px;font-style:normal;font-weight:400;line-height:120%}.our-team__fixed-person-wrapper-from{margin-top:16px}.our-team__fixed-person-wrapper-from-title{color:#636363;font-family:Inter;font-size:12px;font-style:normal;font-weight:500;line-height:120%;margin-bottom:8px}.our-team__fixed-person-wrapper-from-value{color:#138b44;font-family:Inter;font-size:14px;font-style:normal;font-weight:700;line-height:normal;letter-spacing:-.2px}\n\/*# sourceMappingURL=our-team.css.map *\/\n<\/style>\r\n<section class=\"our-team\" id=\"more\" >\r\n    <div class=\"our-team-left-image\">\r\n        <svg width=\"246\" height=\"361\" viewBox=\"0 0 246 361\" fill=\"none\" xmlns=\"http:\/\/www.w3.org\/2000\/svg\">\r\n            <rect x=\"-260\" y=\"92\" width=\"453\" height=\"269\" fill=\"#138B44\" \/>\r\n            <rect x=\"-33.5\" y=\"0.5\" width=\"279\" height=\"245\" stroke=\"#138B44\" \/>\r\n        <\/svg>\r\n    <\/div>\r\n    <div class=\"our-team-right-image\">\r\n        <svg width=\"313\" height=\"494\" viewBox=\"0 0 313 494\" fill=\"none\" xmlns=\"http:\/\/www.w3.org\/2000\/svg\">\r\n            <path d=\"M1.00004 147.043L313.308 1.00022M1.00004 147.043L162.761 492.964M1.00004 147.043L177.808 214.457M313.308 1.00022L475.069 346.921M313.308 1.00022L278.68 122.449M475.069 346.921L363.308 303.422M475.069 346.921L162.761 492.964M363.308 303.422L206.597 376.704M363.308 303.422L278.68 122.449M206.597 376.704L162.761 492.964M206.597 376.704L177.808 214.457M177.808 214.457L278.68 122.449\" stroke=\"#CDCDCD\" \/>\r\n        <\/svg>\r\n    <\/div>\r\n    <div class=\"container w\">\r\n        <div class=\"our-team__people\">\r\n            <div class=\"our-team__people-wrapper-circle\"><\/div>\r\n            <div class=\"our-team__people-wrapper\">\r\n                                    <div class=\"our-team__people-wrapper-green\">\r\n                        <div class=\"our-team__people-wrapper-green-background\"><\/div>\r\n                                                    <div class=\"our-team__people-wrapper-green-name\">\r\n                                Joachim Bertsch                            <\/div>\r\n                                                                            <div class=\"our-team__people-wrapper-green-position\">\r\n                                CEO \/ Founder                            <\/div>\r\n                                                <div class=\"our-team__people-wrapper-item-description\">\r\n                            <div class=\"our-team__people-wrapper-item-description-top\">\r\n                                                                    <div class=\"our-team__people-wrapper-item-description-top-name\">\r\n                                        Joachim Bertsch                                    <\/div>\r\n                                                                                                    <div class=\"our-team__people-wrapper-item-description-top-position\">\r\n                                        CEO \/ Founder                                    <\/div>\r\n                                                            <\/div>\r\n                                                            <div class=\"our-team__people-wrapper-item-description-content\">\r\n                                    Joachim Bertsch &#8211; fondatore e proprietario dell&#8217;azienda. Un esperto riconosciuto di carpenteria che da oltre 20 anni costruisce con passione la sua posizione nel settore. \u00c8 responsabile della gestione dell&#8217;azienda e della direzione del suo sviluppo. Grazie alla sua vasta esperienza e alle sue approfondite conoscenze tecniche, \u00e8 in grado di affrontare anche le sfide pi\u00f9 impegnative con progetti di natura unica e con i pi\u00f9 alti standard qualitativi. Le sue conoscenze specialistiche, l&#8217;approccio visionario e l&#8217;attenzione per ogni dettaglio hanno contribuito ad affermare l&#8217;azienda come leader di mercato.                                <\/div>\r\n                                                                                        <div class=\"our-team__people-wrapper-item-description-from\">\r\n                                                                            <div class=\"our-team__people-wrapper-item-description-from-title\">\r\n                                            In azienda da                                        <\/div>\r\n                                                                        <div class=\"our-team__people-wrapper-item-description-from-value\">\r\n                                        2001                                    <\/div>\r\n                                <\/div>\r\n                                                    <\/div>\r\n                    <\/div>\r\n                                                                            <div class=\"our-team__people-wrapper-item\">\r\n                                                            <div class=\"our-team__people-wrapper-item-name\">\r\n                                    Lukas Bertsch                                <\/div>\r\n                                                                                        <div class=\"our-team__people-wrapper-item-position\" >\r\n                                    COO                                <\/div>\r\n                                                                                        <div class=\"our-team__people-wrapper-item-description\" >\r\n                                    <div class=\"our-team__people-wrapper-item-description-top\">\r\n                                                                                    <div class=\"our-team__people-wrapper-item-description-top-name\">\r\n                                                Lukas Bertsch                                            <\/div>\r\n                                                                                                                            <div class=\"our-team__people-wrapper-item-description-top-position\">\r\n                                                COO                                            <\/div>\r\n                                                                            <\/div>\r\n                                    <div class=\"our-team__people-wrapper-item-description-content\">\r\n                                        Specialista nel campo della carpenteria. Responsabile del supporto allo sviluppo dell&#8217;azienda sul mercato nazionale ed europeo. Gestisce attivamente i progetti locali. Collabora alla strategia di espansione dell&#8217;azienda sui mercati esteri attraverso la creazione e il mantenimento di relazioni con partner commerciali internazionali, rafforzando cos\u00ec la posizione dell&#8217;azienda in Europa.                                    <\/div>\r\n                                                                            <div class=\"our-team__people-wrapper-item-description-from\">\r\n                                                                                            <div class=\"our-team__people-wrapper-item-description-from-title\">\r\n                                                    In azienda da                                                <\/div>\r\n                                                                                        <div class=\"our-team__people-wrapper-item-description-from-value\">\r\n                                                2020                                            <\/div>\r\n                                        <\/div>\r\n                                                                    <\/div>\r\n                                                    <\/div>\r\n                                            <div class=\"our-team__people-wrapper-item\">\r\n                                                            <div class=\"our-team__people-wrapper-item-name\">\r\n                                    Jan Frank                                <\/div>\r\n                                                                                        <div class=\"our-team__people-wrapper-item-position\" >\r\n                                    Rappresentante di vendita                                <\/div>\r\n                                                                                        <div class=\"our-team__people-wrapper-item-description\" >\r\n                                    <div class=\"our-team__people-wrapper-item-description-top\">\r\n                                                                                    <div class=\"our-team__people-wrapper-item-description-top-name\">\r\n                                                Jan Frank                                            <\/div>\r\n                                                                                                                            <div class=\"our-team__people-wrapper-item-description-top-position\">\r\n                                                Rappresentante di vendita                                            <\/div>\r\n                                                                            <\/div>\r\n                                    <div class=\"our-team__people-wrapper-item-description-content\">\r\n                                        Jan Frank &#8211; consulente commerciale. \u00c8 responsabile del coordinamento delle attivit\u00e0 dell&#8217;azienda nei mercati: Germania, Belgio, Paesi Bassi, Lussemburgo e Svizzera. Il suo compito principale \u00e8 quello di gestire e sviluppare la rete di distribuzione esistente, avendo cura di mantenere elevati standard di collaborazione con i concessionari. Jan funge da collegamento chiave tra l&#8217;ufficio polacco e i concessionari, assicurando un efficiente flusso di informazioni e l&#8217;efficace attuazione di progetti comuni.                                    <\/div>\r\n                                                                            <div class=\"our-team__people-wrapper-item-description-from\">\r\n                                                                                            <div class=\"our-team__people-wrapper-item-description-from-title\">\r\n                                                    In azienda da                                                <\/div>\r\n                                                                                        <div class=\"our-team__people-wrapper-item-description-from-value\">\r\n                                                2020                                            <\/div>\r\n                                        <\/div>\r\n                                                                    <\/div>\r\n                                                    <\/div>\r\n                                            <div class=\"our-team__people-wrapper-item\">\r\n                                                            <div class=\"our-team__people-wrapper-item-name\">\r\n                                    Manfred Zeller                                <\/div>\r\n                                                                                        <div class=\"our-team__people-wrapper-item-position\" >\r\n                                    Responsabile vendite                                <\/div>\r\n                                                                                        <div class=\"our-team__people-wrapper-item-description\" >\r\n                                    <div class=\"our-team__people-wrapper-item-description-top\">\r\n                                                                                    <div class=\"our-team__people-wrapper-item-description-top-name\">\r\n                                                Manfred Zeller                                            <\/div>\r\n                                                                                                                            <div class=\"our-team__people-wrapper-item-description-top-position\">\r\n                                                Responsabile vendite                                            <\/div>\r\n                                                                            <\/div>\r\n                                    <div class=\"our-team__people-wrapper-item-description-content\">\r\n                                        Manfred Zeller &#8211; Sales Manager (Austria), \u00e8 in azienda dal 2015 ed \u00e8 responsabile della gestione del mercato austriaco. Manfred supervisiona le attivit\u00e0 in questo mercato, occupandosi dello sviluppo e del rafforzamento della posizione dell&#8217;azienda. L&#8217;area di sua competenza \u00e8 la cura della rete di distribuzione esistente e la sua sistematica espansione attraverso la creazione di relazioni con nuovi partner commerciali. Con la sua esperienza e il suo impegno, sostiene efficacemente l&#8217;attuazione della strategia di vendita, contribuendo alla competitivit\u00e0 dell&#8217;azienda in Austria.                                    <\/div>\r\n                                                                            <div class=\"our-team__people-wrapper-item-description-from\">\r\n                                                                                            <div class=\"our-team__people-wrapper-item-description-from-title\">\r\n                                                    In azienda da                                                <\/div>\r\n                                                                                        <div class=\"our-team__people-wrapper-item-description-from-value\">\r\n                                                2015                                            <\/div>\r\n                                        <\/div>\r\n                                                                    <\/div>\r\n                                                    <\/div>\r\n                                            <div class=\"our-team__people-wrapper-item\">\r\n                                                            <div class=\"our-team__people-wrapper-item-name\">\r\n                                    Heinz Halmenschlager                                <\/div>\r\n                                                                                        <div class=\"our-team__people-wrapper-item-position\" >\r\n                                    Rappresentante di vendita                                <\/div>\r\n                                                                                        <div class=\"our-team__people-wrapper-item-description\" >\r\n                                    <div class=\"our-team__people-wrapper-item-description-top\">\r\n                                                                                    <div class=\"our-team__people-wrapper-item-description-top-name\">\r\n                                                Heinz Halmenschlager                                            <\/div>\r\n                                                                                                                            <div class=\"our-team__people-wrapper-item-description-top-position\">\r\n                                                Rappresentante di vendita                                            <\/div>\r\n                                                                            <\/div>\r\n                                    <div class=\"our-team__people-wrapper-item-description-content\">\r\n                                        Heinz Halmenschlager &#8211; rappresentante commerciale, in Bertsch Holzbau dal 2015. Heinz \u00e8 responsabile del servizio completo del mercato austriaco, con particolare attenzione alla costruzione di rapporti duraturi con i partner commerciali e al loro supporto nello sviluppo della collaborazione con l&#8217;azienda. Gestisce ed espande la rete di distribuzione esistente, che consente un lancio efficiente dei prodotti.                                    <\/div>\r\n                                                                            <div class=\"our-team__people-wrapper-item-description-from\">\r\n                                                                                            <div class=\"our-team__people-wrapper-item-description-from-title\">\r\n                                                    In azienda da                                                <\/div>\r\n                                                                                        <div class=\"our-team__people-wrapper-item-description-from-value\">\r\n                                                2015                                            <\/div>\r\n                                        <\/div>\r\n                                                                    <\/div>\r\n                                                    <\/div>\r\n                                            <div class=\"our-team__people-wrapper-item\">\r\n                                                            <div class=\"our-team__people-wrapper-item-name\">\r\n                                    Thomas Wagner                                <\/div>\r\n                                                                                        <div class=\"our-team__people-wrapper-item-position\" >\r\n                                    Rappresentante di vendita                                <\/div>\r\n                                                                                        <div class=\"our-team__people-wrapper-item-description\" >\r\n                                    <div class=\"our-team__people-wrapper-item-description-top\">\r\n                                                                                    <div class=\"our-team__people-wrapper-item-description-top-name\">\r\n                                                Thomas Wagner                                            <\/div>\r\n                                                                                                                            <div class=\"our-team__people-wrapper-item-description-top-position\">\r\n                                                Rappresentante di vendita                                            <\/div>\r\n                                                                            <\/div>\r\n                                    <div class=\"our-team__people-wrapper-item-description-content\">\r\n                                        Thomas Wagner &#8211; rappresentante commerciale responsabile del mercato austriaco, lavora con l&#8217;azienda dal 2015. Thomas si concentra sullo sviluppo del business in Austria, supportando attivamente i partner di vendita e identificando nuove opportunit\u00e0 commerciali. Il suo lavoro comprende il monitoraggio delle esigenze dei clienti, il rafforzamento dei rapporti con i distributori esistenti e l&#8217;espansione sistematica della rete.                                    <\/div>\r\n                                                                            <div class=\"our-team__people-wrapper-item-description-from\">\r\n                                                                                            <div class=\"our-team__people-wrapper-item-description-from-title\">\r\n                                                    In azienda da                                                <\/div>\r\n                                                                                        <div class=\"our-team__people-wrapper-item-description-from-value\">\r\n                                                2015                                            <\/div>\r\n                                        <\/div>\r\n                                                                    <\/div>\r\n                                                    <\/div>\r\n                                            <div class=\"our-team__people-wrapper-item\">\r\n                                                            <div class=\"our-team__people-wrapper-item-name\">\r\n                                    Tomasz Go\u0142\u0105b                                <\/div>\r\n                                                                                        <div class=\"our-team__people-wrapper-item-position\" >\r\n                                    Direttore della struttura                                <\/div>\r\n                                                                                        <div class=\"our-team__people-wrapper-item-description\" >\r\n                                    <div class=\"our-team__people-wrapper-item-description-top\">\r\n                                                                                    <div class=\"our-team__people-wrapper-item-description-top-name\">\r\n                                                Tomasz Go\u0142\u0105b                                            <\/div>\r\n                                                                                                                            <div class=\"our-team__people-wrapper-item-description-top-position\">\r\n                                                Direttore della struttura                                            <\/div>\r\n                                                                            <\/div>\r\n                                    <div class=\"our-team__people-wrapper-item-description-content\">\r\n                                        Tomasz Go\u0142\u0105b &#8211; direttore dello stabilimento. \u00c8 responsabile della gestione della produzione in Polonia. Tomasz supervisiona tutti gli aspetti del processo produttivo, assicurando che si svolga in modo fluido, efficiente e secondo i pi\u00f9 alti standard qualitativi. Un elemento chiave del suo lavoro \u00e8 l&#8217;ottimizzazione della produzione attraverso l&#8217;introduzione di soluzioni innovative e il miglioramento dei processi. Con la sua esperienza e il suo impegno, contribuisce efficacemente all&#8217;efficienza dello stabilimento e sostiene gli obiettivi strategici dell&#8217;azienda. In Bertsch Holzbau dal 2010.                                    <\/div>\r\n                                                                            <div class=\"our-team__people-wrapper-item-description-from\">\r\n                                                                                            <div class=\"our-team__people-wrapper-item-description-from-title\">\r\n                                                    In azienda da                                                <\/div>\r\n                                                                                        <div class=\"our-team__people-wrapper-item-description-from-value\">\r\n                                                2010                                            <\/div>\r\n                                        <\/div>\r\n                                                                    <\/div>\r\n                                                    <\/div>\r\n                                            <div class=\"our-team__people-wrapper-item\">\r\n                                                            <div class=\"our-team__people-wrapper-item-name\">\r\n                                    Rafa\u0142 Najduch                                <\/div>\r\n                                                                                        <div class=\"our-team__people-wrapper-item-position\" >\r\n                                    CFO                                <\/div>\r\n                                                                                        <div class=\"our-team__people-wrapper-item-description\" >\r\n                                    <div class=\"our-team__people-wrapper-item-description-top\">\r\n                                                                                    <div class=\"our-team__people-wrapper-item-description-top-name\">\r\n                                                Rafa\u0142 Najduch                                            <\/div>\r\n                                                                                                                            <div class=\"our-team__people-wrapper-item-description-top-position\">\r\n                                                CFO                                            <\/div>\r\n                                                                            <\/div>\r\n                                    <div class=\"our-team__people-wrapper-item-description-content\">\r\n                                        Rafa\u0142 Najduch &#8211; Direttore finanziario. In azienda dal 2001, \u00e8 responsabile della gestione finanziaria sul mercato polacco ed estero. Supervisiona tutti gli aspetti della contabilit\u00e0 e conduce analisi finanziarie dettagliate, supportando le decisioni strategiche del consiglio di amministrazione. Ottimizza efficacemente i processi finanziari, garantendo la stabilit\u00e0 e la trasparenza del bilancio dell&#8217;azienda.                                    <\/div>\r\n                                                                            <div class=\"our-team__people-wrapper-item-description-from\">\r\n                                                                                            <div class=\"our-team__people-wrapper-item-description-from-title\">\r\n                                                    In azienda da                                                <\/div>\r\n                                                                                        <div class=\"our-team__people-wrapper-item-description-from-value\">\r\n                                                2001                                            <\/div>\r\n                                        <\/div>\r\n                                                                    <\/div>\r\n                                                    <\/div>\r\n                                            <div class=\"our-team__people-wrapper-item\">\r\n                                                            <div class=\"our-team__people-wrapper-item-name\">\r\n                                    Mariusz Kachniarz                                <\/div>\r\n                                                                                        <div class=\"our-team__people-wrapper-item-position\" >\r\n                                    Responsabile della tecnologia                                <\/div>\r\n                                                                                        <div class=\"our-team__people-wrapper-item-description\" >\r\n                                    <div class=\"our-team__people-wrapper-item-description-top\">\r\n                                                                                    <div class=\"our-team__people-wrapper-item-description-top-name\">\r\n                                                Mariusz Kachniarz                                            <\/div>\r\n                                                                                                                            <div class=\"our-team__people-wrapper-item-description-top-position\">\r\n                                                Responsabile della tecnologia                                            <\/div>\r\n                                                                            <\/div>\r\n                                    <div class=\"our-team__people-wrapper-item-description-content\">\r\n                                        Mariusz Kachniarz &#8211; Technology Manager, associato a Bertsch Holzbau dal 2001, responsabile del mercato polacco. Mariusz svolge un ruolo chiave nel processo di creazione di prototipi innovativi, supervisionando tutte le fasi della progettazione strutturale, dall&#8217;ideazione al completamento. Inoltre, coordina gli ordini dei clienti, assicurandosi che siano completati in tempo e con precisione secondo i pi\u00f9 alti standard di qualit\u00e0. Grazie alla sua esperienza pluriennale e alla conoscenza delle moderne tecnologie, Mariusz implementa efficacemente soluzioni che aumentano l&#8217;efficienza e differenziano l&#8217;azienda dalla concorrenza.                                    <\/div>\r\n                                                                            <div class=\"our-team__people-wrapper-item-description-from\">\r\n                                                                                            <div class=\"our-team__people-wrapper-item-description-from-title\">\r\n                                                    In azienda da                                                <\/div>\r\n                                                                                        <div class=\"our-team__people-wrapper-item-description-from-value\">\r\n                                                2001                                            <\/div>\r\n                                        <\/div>\r\n                                                                    <\/div>\r\n                                                    <\/div>\r\n                                            <div class=\"our-team__people-wrapper-item\">\r\n                                                            <div class=\"our-team__people-wrapper-item-name\">\r\n                                    Piotr Rusin                                <\/div>\r\n                                                                                        <div class=\"our-team__people-wrapper-item-position\" >\r\n                                    Responsabile produzione falegnameria                                <\/div>\r\n                                                                                        <div class=\"our-team__people-wrapper-item-description\" >\r\n                                    <div class=\"our-team__people-wrapper-item-description-top\">\r\n                                                                                    <div class=\"our-team__people-wrapper-item-description-top-name\">\r\n                                                Piotr Rusin                                            <\/div>\r\n                                                                                                                            <div class=\"our-team__people-wrapper-item-description-top-position\">\r\n                                                Responsabile produzione falegnameria                                            <\/div>\r\n                                                                            <\/div>\r\n                                    <div class=\"our-team__people-wrapper-item-description-content\">\r\n                                        Piotr Rusin &#8211; Direttore della produzione di falegnameria, responsabile del mercato polacco ed estero. Coordina i processi relativi alla produzione di falegnameria. Piotr non solo supervisiona l&#8217;intero ciclo di produzione, curando la tempestivit\u00e0 e l&#8217;alta qualit\u00e0 dell&#8217;esecuzione, ma partecipa attivamente al processo di progettazione. Come disegnatore esperto, \u00e8 specializzato nella creazione di progetti per finestre e porte non standard, su misura per le esigenze individuali dei clienti.                                    <\/div>\r\n                                                                            <div class=\"our-team__people-wrapper-item-description-from\">\r\n                                                                                            <div class=\"our-team__people-wrapper-item-description-from-title\">\r\n                                                    In azienda da                                                <\/div>\r\n                                                                                        <div class=\"our-team__people-wrapper-item-description-from-value\">\r\n                                                2015                                            <\/div>\r\n                                        <\/div>\r\n                                                                    <\/div>\r\n                                                    <\/div>\r\n                                            <div class=\"our-team__people-wrapper-item\">\r\n                                                            <div class=\"our-team__people-wrapper-item-name\">\r\n                                    Vincent Klingler                                <\/div>\r\n                                                                                        <div class=\"our-team__people-wrapper-item-position\" >\r\n                                    Responsabile vendite                                <\/div>\r\n                                                                                <\/div>\r\n                                                <\/div>\r\n        <\/div>\r\n    <\/div>\r\n            <div class=\"our-team__people-slider swiper\">\r\n            <div class=\"swiper-wrapper\">\r\n                                    <div class=\"swiper-slide\">\r\n                        <div\r\n                            class=\"our-team__people-wrapper-item our-team-js-item\"\r\n                            data-name=\"Lukas Bertsch\"\r\n                            data-position=\"COO\"\r\n                            data-description=\"Specialista nel campo della carpenteria. Responsabile del supporto allo sviluppo dell'azienda sul mercato nazionale ed europeo. Gestisce attivamente i progetti locali. Collabora alla strategia di espansione dell'azienda sui mercati esteri attraverso la creazione e il mantenimento di relazioni con partner commerciali internazionali, rafforzando cos\u00ec la posizione dell'azienda in Europa.\"\r\n                            data-from=\"2020\"\r\n                                                    >\r\n                                                            <div class=\"our-team__people-wrapper-item-name\">\r\n                                    Lukas Bertsch                                <\/div>\r\n                                                                                        <div class=\"our-team__people-wrapper-item-position\" >\r\n                                    COO                                <\/div>\r\n                                                    <\/div>\r\n                    <\/div>\r\n                                    <div class=\"swiper-slide\">\r\n                        <div\r\n                            class=\"our-team__people-wrapper-item our-team-js-item\"\r\n                            data-name=\"Jan Frank\"\r\n                            data-position=\"Rappresentante di vendita\"\r\n                            data-description=\"Jan Frank - consulente commerciale. \u00c8 responsabile del coordinamento delle attivit\u00e0 dell'azienda nei mercati: Germania, Belgio, Paesi Bassi, Lussemburgo e Svizzera. Il suo compito principale \u00e8 quello di gestire e sviluppare la rete di distribuzione esistente, avendo cura di mantenere elevati standard di collaborazione con i concessionari. Jan funge da collegamento chiave tra l'ufficio polacco e i concessionari, assicurando un efficiente flusso di informazioni e l'efficace attuazione di progetti comuni.\"\r\n                            data-from=\"2020\"\r\n                                                    >\r\n                                                            <div class=\"our-team__people-wrapper-item-name\">\r\n                                    Jan Frank                                <\/div>\r\n                                                                                        <div class=\"our-team__people-wrapper-item-position\" >\r\n                                    Rappresentante di vendita                                <\/div>\r\n                                                    <\/div>\r\n                    <\/div>\r\n                                    <div class=\"swiper-slide\">\r\n                        <div\r\n                            class=\"our-team__people-wrapper-item our-team-js-item\"\r\n                            data-name=\"Manfred Zeller\"\r\n                            data-position=\"Responsabile vendite\"\r\n                            data-description=\"Manfred Zeller - Sales Manager (Austria), \u00e8 in azienda dal 2015 ed \u00e8 responsabile della gestione del mercato austriaco. Manfred supervisiona le attivit\u00e0 in questo mercato, occupandosi dello sviluppo e del rafforzamento della posizione dell'azienda. L'area di sua competenza \u00e8 la cura della rete di distribuzione esistente e la sua sistematica espansione attraverso la creazione di relazioni con nuovi partner commerciali. Con la sua esperienza e il suo impegno, sostiene efficacemente l'attuazione della strategia di vendita, contribuendo alla competitivit\u00e0 dell'azienda in Austria.\"\r\n                            data-from=\"2015\"\r\n                                                    >\r\n                                                            <div class=\"our-team__people-wrapper-item-name\">\r\n                                    Manfred Zeller                                <\/div>\r\n                                                                                        <div class=\"our-team__people-wrapper-item-position\" >\r\n                                    Responsabile vendite                                <\/div>\r\n                                                    <\/div>\r\n                    <\/div>\r\n                                    <div class=\"swiper-slide\">\r\n                        <div\r\n                            class=\"our-team__people-wrapper-item our-team-js-item\"\r\n                            data-name=\"Heinz Halmenschlager\"\r\n                            data-position=\"Rappresentante di vendita\"\r\n                            data-description=\"Heinz Halmenschlager - rappresentante commerciale, in Bertsch Holzbau dal 2015. Heinz \u00e8 responsabile del servizio completo del mercato austriaco, con particolare attenzione alla costruzione di rapporti duraturi con i partner commerciali e al loro supporto nello sviluppo della collaborazione con l'azienda. Gestisce ed espande la rete di distribuzione esistente, che consente un lancio efficiente dei prodotti.\"\r\n                            data-from=\"2015\"\r\n                                                    >\r\n                                                            <div class=\"our-team__people-wrapper-item-name\">\r\n                                    Heinz Halmenschlager                                <\/div>\r\n                                                                                        <div class=\"our-team__people-wrapper-item-position\" >\r\n                                    Rappresentante di vendita                                <\/div>\r\n                                                    <\/div>\r\n                    <\/div>\r\n                                    <div class=\"swiper-slide\">\r\n                        <div\r\n                            class=\"our-team__people-wrapper-item our-team-js-item\"\r\n                            data-name=\"Thomas Wagner\"\r\n                            data-position=\"Rappresentante di vendita\"\r\n                            data-description=\"Thomas Wagner - rappresentante commerciale responsabile del mercato austriaco, lavora con l'azienda dal 2015. Thomas si concentra sullo sviluppo del business in Austria, supportando attivamente i partner di vendita e identificando nuove opportunit\u00e0 commerciali. Il suo lavoro comprende il monitoraggio delle esigenze dei clienti, il rafforzamento dei rapporti con i distributori esistenti e l'espansione sistematica della rete.\"\r\n                            data-from=\"2015\"\r\n                                                    >\r\n                                                            <div class=\"our-team__people-wrapper-item-name\">\r\n                                    Thomas Wagner                                <\/div>\r\n                                                                                        <div class=\"our-team__people-wrapper-item-position\" >\r\n                                    Rappresentante di vendita                                <\/div>\r\n                                                    <\/div>\r\n                    <\/div>\r\n                                    <div class=\"swiper-slide\">\r\n                        <div\r\n                            class=\"our-team__people-wrapper-item our-team-js-item\"\r\n                            data-name=\"Tomasz Go\u0142\u0105b\"\r\n                            data-position=\"Direttore della struttura\"\r\n                            data-description=\"Tomasz Go\u0142\u0105b - direttore dello stabilimento. \u00c8 responsabile della gestione della produzione in Polonia. Tomasz supervisiona tutti gli aspetti del processo produttivo, assicurando che si svolga in modo fluido, efficiente e secondo i pi\u00f9 alti standard qualitativi. Un elemento chiave del suo lavoro \u00e8 l'ottimizzazione della produzione attraverso l'introduzione di soluzioni innovative e il miglioramento dei processi. Con la sua esperienza e il suo impegno, contribuisce efficacemente all'efficienza dello stabilimento e sostiene gli obiettivi strategici dell'azienda. In Bertsch Holzbau dal 2010.\"\r\n                            data-from=\"2010\"\r\n                                                    >\r\n                                                            <div class=\"our-team__people-wrapper-item-name\">\r\n                                    Tomasz Go\u0142\u0105b                                <\/div>\r\n                                                                                        <div class=\"our-team__people-wrapper-item-position\" >\r\n                                    Direttore della struttura                                <\/div>\r\n                                                    <\/div>\r\n                    <\/div>\r\n                                    <div class=\"swiper-slide\">\r\n                        <div\r\n                            class=\"our-team__people-wrapper-item our-team-js-item\"\r\n                            data-name=\"Rafa\u0142 Najduch\"\r\n                            data-position=\"CFO\"\r\n                            data-description=\"Rafa\u0142 Najduch - Direttore finanziario. In azienda dal 2001, \u00e8 responsabile della gestione finanziaria sul mercato polacco ed estero. Supervisiona tutti gli aspetti della contabilit\u00e0 e conduce analisi finanziarie dettagliate, supportando le decisioni strategiche del consiglio di amministrazione. Ottimizza efficacemente i processi finanziari, garantendo la stabilit\u00e0 e la trasparenza del bilancio dell'azienda.\"\r\n                            data-from=\"2001\"\r\n                                                    >\r\n                                                            <div class=\"our-team__people-wrapper-item-name\">\r\n                                    Rafa\u0142 Najduch                                <\/div>\r\n                                                                                        <div class=\"our-team__people-wrapper-item-position\" >\r\n                                    CFO                                <\/div>\r\n                                                    <\/div>\r\n                    <\/div>\r\n                                    <div class=\"swiper-slide\">\r\n                        <div\r\n                            class=\"our-team__people-wrapper-item our-team-js-item\"\r\n                            data-name=\"Mariusz Kachniarz\"\r\n                            data-position=\"Responsabile della tecnologia\"\r\n                            data-description=\"Mariusz Kachniarz - Technology Manager, associato a Bertsch Holzbau dal 2001, responsabile del mercato polacco. Mariusz svolge un ruolo chiave nel processo di creazione di prototipi innovativi, supervisionando tutte le fasi della progettazione strutturale, dall'ideazione al completamento. Inoltre, coordina gli ordini dei clienti, assicurandosi che siano completati in tempo e con precisione secondo i pi\u00f9 alti standard di qualit\u00e0. Grazie alla sua esperienza pluriennale e alla conoscenza delle moderne tecnologie, Mariusz implementa efficacemente soluzioni che aumentano l'efficienza e differenziano l'azienda dalla concorrenza.\"\r\n                            data-from=\"2001\"\r\n                                                    >\r\n                                                            <div class=\"our-team__people-wrapper-item-name\">\r\n                                    Mariusz Kachniarz                                <\/div>\r\n                                                                                        <div class=\"our-team__people-wrapper-item-position\" >\r\n                                    Responsabile della tecnologia                                <\/div>\r\n                                                    <\/div>\r\n                    <\/div>\r\n                                    <div class=\"swiper-slide\">\r\n                        <div\r\n                            class=\"our-team__people-wrapper-item our-team-js-item\"\r\n                            data-name=\"Piotr Rusin\"\r\n                            data-position=\"Responsabile produzione falegnameria\"\r\n                            data-description=\"Piotr Rusin - Direttore della produzione di falegnameria, responsabile del mercato polacco ed estero. Coordina i processi relativi alla produzione di falegnameria. Piotr non solo supervisiona l'intero ciclo di produzione, curando la tempestivit\u00e0 e l'alta qualit\u00e0 dell'esecuzione, ma partecipa attivamente al processo di progettazione. Come disegnatore esperto, \u00e8 specializzato nella creazione di progetti per finestre e porte non standard, su misura per le esigenze individuali dei clienti.\"\r\n                            data-from=\"2015\"\r\n                                                    >\r\n                                                            <div class=\"our-team__people-wrapper-item-name\">\r\n                                    Piotr Rusin                                <\/div>\r\n                                                                                        <div class=\"our-team__people-wrapper-item-position\" >\r\n                                    Responsabile produzione falegnameria                                <\/div>\r\n                                                    <\/div>\r\n                    <\/div>\r\n                                    <div class=\"swiper-slide\">\r\n                        <div\r\n                            class=\"our-team__people-wrapper-item our-team-js-item\"\r\n                            data-name=\"Vincent Klingler\"\r\n                            data-position=\"Responsabile vendite\"\r\n                            data-description=\"\"\r\n                            data-from=\"2025\"\r\n                                                    >\r\n                                                            <div class=\"our-team__people-wrapper-item-name\">\r\n                                    Vincent Klingler                                <\/div>\r\n                                                                                        <div class=\"our-team__people-wrapper-item-position\" >\r\n                                    Responsabile vendite                                <\/div>\r\n                                                    <\/div>\r\n                    <\/div>\r\n                                                    <div class=\"swiper-slide first\">\r\n                        <div\r\n                            class=\"our-team__people-wrapper-green our-team-js-item\"\r\n                            data-name=\"Joachim Bertsch\"\r\n                            data-position=\"CEO \/ Founder\"\r\n                            data-description=\"Joachim Bertsch - fondatore e proprietario dell'azienda. Un esperto riconosciuto di carpenteria che da oltre 20 anni costruisce con passione la sua posizione nel settore. \u00c8 responsabile della gestione dell'azienda e della direzione del suo sviluppo. Grazie alla sua vasta esperienza e alle sue approfondite conoscenze tecniche, \u00e8 in grado di affrontare anche le sfide pi\u00f9 impegnative con progetti di natura unica e con i pi\u00f9 alti standard qualitativi. Le sue conoscenze specialistiche, l'approccio visionario e l'attenzione per ogni dettaglio hanno contribuito ad affermare l'azienda come leader di mercato.\"\r\n                            data-from=\"2001\"\r\n                                                    >\r\n                            <div class=\"our-team__people-wrapper-green-background\"><\/div>\r\n                                                            <div class=\"our-team__people-wrapper-green-name\">\r\n                                    Joachim Bertsch                                <\/div>\r\n                                                                                        <div class=\"our-team__people-wrapper-green-position\">\r\n                                    CEO \/ Founder                                <\/div>\r\n                                                    <\/div>\r\n                    <\/div>\r\n                                                    <div class=\"swiper-slide\">\r\n                        <div\r\n                            class=\"our-team__people-wrapper-item our-team-js-item\"\r\n                            data-name=\"Lukas Bertsch\"\r\n                            data-position=\"COO\"\r\n                            data-description=\"Specialista nel campo della carpenteria. Responsabile del supporto allo sviluppo dell'azienda sul mercato nazionale ed europeo. Gestisce attivamente i progetti locali. Collabora alla strategia di espansione dell'azienda sui mercati esteri attraverso la creazione e il mantenimento di relazioni con partner commerciali internazionali, rafforzando cos\u00ec la posizione dell'azienda in Europa.\"\r\n                            data-from=\"2020\"\r\n                                                    >\r\n                                                            <div class=\"our-team__people-wrapper-item-name\">\r\n                                    Lukas Bertsch                                <\/div>\r\n                                                                                        <div class=\"our-team__people-wrapper-item-position\" >\r\n                                    COO                                <\/div>\r\n                                                    <\/div>\r\n                    <\/div>\r\n                                    <div class=\"swiper-slide\">\r\n                        <div\r\n                            class=\"our-team__people-wrapper-item our-team-js-item\"\r\n                            data-name=\"Jan Frank\"\r\n                            data-position=\"Rappresentante di vendita\"\r\n                            data-description=\"Jan Frank - consulente commerciale. \u00c8 responsabile del coordinamento delle attivit\u00e0 dell'azienda nei mercati: Germania, Belgio, Paesi Bassi, Lussemburgo e Svizzera. Il suo compito principale \u00e8 quello di gestire e sviluppare la rete di distribuzione esistente, avendo cura di mantenere elevati standard di collaborazione con i concessionari. Jan funge da collegamento chiave tra l'ufficio polacco e i concessionari, assicurando un efficiente flusso di informazioni e l'efficace attuazione di progetti comuni.\"\r\n                            data-from=\"2020\"\r\n                                                    >\r\n                                                            <div class=\"our-team__people-wrapper-item-name\">\r\n                                    Jan Frank                                <\/div>\r\n                                                                                        <div class=\"our-team__people-wrapper-item-position\" >\r\n                                    Rappresentante di vendita                                <\/div>\r\n                                                    <\/div>\r\n                    <\/div>\r\n                                    <div class=\"swiper-slide\">\r\n                        <div\r\n                            class=\"our-team__people-wrapper-item our-team-js-item\"\r\n                            data-name=\"Manfred Zeller\"\r\n                            data-position=\"Responsabile vendite\"\r\n                            data-description=\"Manfred Zeller - Sales Manager (Austria), \u00e8 in azienda dal 2015 ed \u00e8 responsabile della gestione del mercato austriaco. Manfred supervisiona le attivit\u00e0 in questo mercato, occupandosi dello sviluppo e del rafforzamento della posizione dell'azienda. L'area di sua competenza \u00e8 la cura della rete di distribuzione esistente e la sua sistematica espansione attraverso la creazione di relazioni con nuovi partner commerciali. Con la sua esperienza e il suo impegno, sostiene efficacemente l'attuazione della strategia di vendita, contribuendo alla competitivit\u00e0 dell'azienda in Austria.\"\r\n                            data-from=\"2015\"\r\n                                                    >\r\n                                                            <div class=\"our-team__people-wrapper-item-name\">\r\n                                    Manfred Zeller                                <\/div>\r\n                                                                                        <div class=\"our-team__people-wrapper-item-position\" >\r\n                                    Responsabile vendite                                <\/div>\r\n                                                    <\/div>\r\n                    <\/div>\r\n                                    <div class=\"swiper-slide\">\r\n                        <div\r\n                            class=\"our-team__people-wrapper-item our-team-js-item\"\r\n                            data-name=\"Heinz Halmenschlager\"\r\n                            data-position=\"Rappresentante di vendita\"\r\n                            data-description=\"Heinz Halmenschlager - rappresentante commerciale, in Bertsch Holzbau dal 2015. Heinz \u00e8 responsabile del servizio completo del mercato austriaco, con particolare attenzione alla costruzione di rapporti duraturi con i partner commerciali e al loro supporto nello sviluppo della collaborazione con l'azienda. Gestisce ed espande la rete di distribuzione esistente, che consente un lancio efficiente dei prodotti.\"\r\n                            data-from=\"2015\"\r\n                                                    >\r\n                                                            <div class=\"our-team__people-wrapper-item-name\">\r\n                                    Heinz Halmenschlager                                <\/div>\r\n                                                                                        <div class=\"our-team__people-wrapper-item-position\" >\r\n                                    Rappresentante di vendita                                <\/div>\r\n                                                    <\/div>\r\n                    <\/div>\r\n                                    <div class=\"swiper-slide\">\r\n                        <div\r\n                            class=\"our-team__people-wrapper-item our-team-js-item\"\r\n                            data-name=\"Thomas Wagner\"\r\n                            data-position=\"Rappresentante di vendita\"\r\n                            data-description=\"Thomas Wagner - rappresentante commerciale responsabile del mercato austriaco, lavora con l'azienda dal 2015. Thomas si concentra sullo sviluppo del business in Austria, supportando attivamente i partner di vendita e identificando nuove opportunit\u00e0 commerciali. Il suo lavoro comprende il monitoraggio delle esigenze dei clienti, il rafforzamento dei rapporti con i distributori esistenti e l'espansione sistematica della rete.\"\r\n                            data-from=\"2015\"\r\n                                                    >\r\n                                                            <div class=\"our-team__people-wrapper-item-name\">\r\n                                    Thomas Wagner                                <\/div>\r\n                                                                                        <div class=\"our-team__people-wrapper-item-position\" >\r\n                                    Rappresentante di vendita                                <\/div>\r\n                                                    <\/div>\r\n                    <\/div>\r\n                                    <div class=\"swiper-slide\">\r\n                        <div\r\n                            class=\"our-team__people-wrapper-item our-team-js-item\"\r\n                            data-name=\"Tomasz Go\u0142\u0105b\"\r\n                            data-position=\"Direttore della struttura\"\r\n                            data-description=\"Tomasz Go\u0142\u0105b - direttore dello stabilimento. \u00c8 responsabile della gestione della produzione in Polonia. Tomasz supervisiona tutti gli aspetti del processo produttivo, assicurando che si svolga in modo fluido, efficiente e secondo i pi\u00f9 alti standard qualitativi. Un elemento chiave del suo lavoro \u00e8 l'ottimizzazione della produzione attraverso l'introduzione di soluzioni innovative e il miglioramento dei processi. Con la sua esperienza e il suo impegno, contribuisce efficacemente all'efficienza dello stabilimento e sostiene gli obiettivi strategici dell'azienda. In Bertsch Holzbau dal 2010.\"\r\n                            data-from=\"2010\"\r\n                                                    >\r\n                                                            <div class=\"our-team__people-wrapper-item-name\">\r\n                                    Tomasz Go\u0142\u0105b                                <\/div>\r\n                                                                                        <div class=\"our-team__people-wrapper-item-position\" >\r\n                                    Direttore della struttura                                <\/div>\r\n                                                    <\/div>\r\n                    <\/div>\r\n                                    <div class=\"swiper-slide\">\r\n                        <div\r\n                            class=\"our-team__people-wrapper-item our-team-js-item\"\r\n                            data-name=\"Rafa\u0142 Najduch\"\r\n                            data-position=\"CFO\"\r\n                            data-description=\"Rafa\u0142 Najduch - Direttore finanziario. In azienda dal 2001, \u00e8 responsabile della gestione finanziaria sul mercato polacco ed estero. Supervisiona tutti gli aspetti della contabilit\u00e0 e conduce analisi finanziarie dettagliate, supportando le decisioni strategiche del consiglio di amministrazione. Ottimizza efficacemente i processi finanziari, garantendo la stabilit\u00e0 e la trasparenza del bilancio dell'azienda.\"\r\n                            data-from=\"2001\"\r\n                                                    >\r\n                                                            <div class=\"our-team__people-wrapper-item-name\">\r\n                                    Rafa\u0142 Najduch                                <\/div>\r\n                                                                                        <div class=\"our-team__people-wrapper-item-position\" >\r\n                                    CFO                                <\/div>\r\n                                                    <\/div>\r\n                    <\/div>\r\n                                    <div class=\"swiper-slide\">\r\n                        <div\r\n                            class=\"our-team__people-wrapper-item our-team-js-item\"\r\n                            data-name=\"Mariusz Kachniarz\"\r\n                            data-position=\"Responsabile della tecnologia\"\r\n                            data-description=\"Mariusz Kachniarz - Technology Manager, associato a Bertsch Holzbau dal 2001, responsabile del mercato polacco. Mariusz svolge un ruolo chiave nel processo di creazione di prototipi innovativi, supervisionando tutte le fasi della progettazione strutturale, dall'ideazione al completamento. Inoltre, coordina gli ordini dei clienti, assicurandosi che siano completati in tempo e con precisione secondo i pi\u00f9 alti standard di qualit\u00e0. Grazie alla sua esperienza pluriennale e alla conoscenza delle moderne tecnologie, Mariusz implementa efficacemente soluzioni che aumentano l'efficienza e differenziano l'azienda dalla concorrenza.\"\r\n                            data-from=\"2001\"\r\n                                                    >\r\n                                                            <div class=\"our-team__people-wrapper-item-name\">\r\n                                    Mariusz Kachniarz                                <\/div>\r\n                                                                                        <div class=\"our-team__people-wrapper-item-position\" >\r\n                                    Responsabile della tecnologia                                <\/div>\r\n                                                    <\/div>\r\n                    <\/div>\r\n                                    <div class=\"swiper-slide\">\r\n                        <div\r\n                            class=\"our-team__people-wrapper-item our-team-js-item\"\r\n                            data-name=\"Piotr Rusin\"\r\n                            data-position=\"Responsabile produzione falegnameria\"\r\n                            data-description=\"Piotr Rusin - Direttore della produzione di falegnameria, responsabile del mercato polacco ed estero. Coordina i processi relativi alla produzione di falegnameria. Piotr non solo supervisiona l'intero ciclo di produzione, curando la tempestivit\u00e0 e l'alta qualit\u00e0 dell'esecuzione, ma partecipa attivamente al processo di progettazione. Come disegnatore esperto, \u00e8 specializzato nella creazione di progetti per finestre e porte non standard, su misura per le esigenze individuali dei clienti.\"\r\n                            data-from=\"2015\"\r\n                                                    >\r\n                                                            <div class=\"our-team__people-wrapper-item-name\">\r\n                                    Piotr Rusin                                <\/div>\r\n                                                                                        <div class=\"our-team__people-wrapper-item-position\" >\r\n                                    Responsabile produzione falegnameria                                <\/div>\r\n                                                    <\/div>\r\n                    <\/div>\r\n                                    <div class=\"swiper-slide\">\r\n                        <div\r\n                            class=\"our-team__people-wrapper-item our-team-js-item\"\r\n                            data-name=\"Vincent Klingler\"\r\n                            data-position=\"Responsabile vendite\"\r\n                            data-description=\"\"\r\n                            data-from=\"2025\"\r\n                                                    >\r\n                                                            <div class=\"our-team__people-wrapper-item-name\">\r\n                                    Vincent Klingler                                <\/div>\r\n                                                                                        <div class=\"our-team__people-wrapper-item-position\" >\r\n                                    Responsabile vendite                                <\/div>\r\n                                                    <\/div>\r\n                    <\/div>\r\n                                                    <div class=\"swiper-slide first\">\r\n                        <div\r\n                            class=\"our-team__people-wrapper-green our-team-js-item\"\r\n                            data-name=\"Joachim Bertsch\"\r\n                            data-position=\"CEO \/ Founder\"\r\n                            data-description=\"Joachim Bertsch - fondatore e proprietario dell'azienda. Un esperto riconosciuto di carpenteria che da oltre 20 anni costruisce con passione la sua posizione nel settore. \u00c8 responsabile della gestione dell'azienda e della direzione del suo sviluppo. Grazie alla sua vasta esperienza e alle sue approfondite conoscenze tecniche, \u00e8 in grado di affrontare anche le sfide pi\u00f9 impegnative con progetti di natura unica e con i pi\u00f9 alti standard qualitativi. Le sue conoscenze specialistiche, l'approccio visionario e l'attenzione per ogni dettaglio hanno contribuito ad affermare l'azienda come leader di mercato.\"\r\n                            data-from=\"2001\"\r\n                        >\r\n                            <div class=\"our-team__people-wrapper-green-background\"><\/div>\r\n                                                            <div class=\"our-team__people-wrapper-green-name\">\r\n                                    Joachim Bertsch                                <\/div>\r\n                                                                                        <div class=\"our-team__people-wrapper-green-position\">\r\n                                    CEO \/ Founder                                <\/div>\r\n                                                    <\/div>\r\n                    <\/div>\r\n                            <\/div>\r\n        <\/div>\r\n        <div class=\"our-team__fixed-person\">\r\n        <div class=\"our-team__fixed-person-wrapper\">\r\n            <div class=\"our-team__fixed-person-wrapper-close\">\r\n                <svg xmlns=\"http:\/\/www.w3.org\/2000\/svg\" width=\"24\" height=\"24\" viewBox=\"0 0 24 24\" fill=\"none\">\r\n                    <path d=\"M18 6L6 18\" stroke=\"black\" stroke-width=\"2\" stroke-linecap=\"round\" stroke-linejoin=\"round\" \/>\r\n                    <path d=\"M6 6L18 18\" stroke=\"black\" stroke-width=\"2\" stroke-linecap=\"round\" stroke-linejoin=\"round\" \/>\r\n                <\/svg>\r\n            <\/div>\r\n            <div class=\"our-team__fixed-person-wrapper-top\">\r\n                <div class=\"our-team__fixed-person-wrapper-top-name\">\r\n\r\n                <\/div>\r\n                <div class=\"our-team__fixed-person-wrapper-top-position\">\r\n\r\n                <\/div>\r\n            <\/div>\r\n            <div class=\"our-team__fixed-person-wrapper-content\">\r\n\r\n            <\/div>\r\n            <div class=\"our-team__fixed-person-wrapper-from\">\r\n                                    <div class=\"our-team__fixed-person-wrapper-from-title\">\r\n                        In azienda da                    <\/div>\r\n                                <div class=\"our-team__fixed-person-wrapper-from-value\">\r\n                    2025                <\/div>\r\n            <\/div>\r\n        <\/div>\r\n    <\/div>\r\n<\/section>\n\n\n<p class=\"has-text-align-center container w wp-block-paragraph\">BHB Bertsch Holzbau \u00e8 composta da professionisti e appassionati di design e materie prime naturali. \u00c8 il loro impegno che costituisce le solide radici della nostra azienda. Ogni specialista combina conoscenze specialistiche con la comprensione delle ultime tendenze e il rispetto per la natura.<\/p>\n\n\n\n<p class=\"has-text-align-center container w wp-block-paragraph\">Il personale di produzione, i magazzinieri, i logisti, i progettisti e il team amministrativo sono tutti concentrati sulla fornitura di alta qualit\u00e0 e sul supporto ai clienti in ogni fase della consegna.<\/p>\n\n\n\n<p class=\"has-text-align-center container w wp-block-paragraph\">Il nostro team non \u00e8 composto solo da specialisti qualificati, ma soprattutto da grandi persone che apportano il loro valore unico all&#8217;azienda. Creiamo un&#8217;atmosfera amichevole e otteniamo risultati eccellenti proprio grazie al nostro team affiatato. Abbiamo a cuore le relazioni, il sostegno reciproco e lo sviluppo, il che ci permette di fornire prodotti che durano nel tempo.<\/p>\n\n\n\n<div class=\"wp-block-columns are-vertically-aligned-center container w is-layout-flex wp-container-core-columns-is-layout-8f761849 wp-block-columns-is-layout-flex\">\n<div class=\"wp-block-column is-vertically-aligned-center is-layout-flow wp-block-column-is-layout-flow\" style=\"flex-basis:50%\">\n<figure class=\"wp-block-image size-full\"><img loading=\"lazy\" decoding=\"async\" width=\"1920\" height=\"1080\" src=\"https:\/\/bertsch-holzbau.eu\/wp-content\/uploads\/2024\/12\/Podsumowanie.jpg\" alt=\"\" class=\"wp-image-90855\" srcset=\"https:\/\/bertsch-holzbau.eu\/wp-content\/uploads\/2024\/12\/Podsumowanie.jpg 1920w, https:\/\/bertsch-holzbau.eu\/wp-content\/uploads\/2024\/12\/Podsumowanie-300x169.jpg 300w, https:\/\/bertsch-holzbau.eu\/wp-content\/uploads\/2024\/12\/Podsumowanie-1024x576.jpg 1024w, https:\/\/bertsch-holzbau.eu\/wp-content\/uploads\/2024\/12\/Podsumowanie-768x432.jpg 768w, https:\/\/bertsch-holzbau.eu\/wp-content\/uploads\/2024\/12\/Podsumowanie-1536x864.jpg 1536w, https:\/\/bertsch-holzbau.eu\/wp-content\/uploads\/2024\/12\/Podsumowanie-400x225.jpg 400w, https:\/\/bertsch-holzbau.eu\/wp-content\/uploads\/2024\/12\/Podsumowanie-600x338.jpg 600w, https:\/\/bertsch-holzbau.eu\/wp-content\/uploads\/2024\/12\/Podsumowanie-800x450.jpg 800w, https:\/\/bertsch-holzbau.eu\/wp-content\/uploads\/2024\/12\/Podsumowanie-1200x675.jpg 1200w\" sizes=\"auto, (max-width: 1920px) 100vw, 1920px\" \/><\/figure>\n<\/div>\n\n\n\n<div class=\"wp-block-column is-vertically-aligned-center is-layout-flow wp-block-column-is-layout-flow\" style=\"flex-basis:50%\">\n<p class=\"wp-block-paragraph\">Ogni progetto che intraprendiamo \u00e8 il risultato della collaborazione tra un team di specialisti di talento. Unendo competenze diverse e un impegno condiviso, creiamo soluzioni di altissima qualit\u00e0. Queste soddisfano i rigorosi standard europei e rispondono perfettamente alle aspettative dei nostri clienti.<\/p>\n<\/div>\n<\/div>\n","protected":false},"excerpt":{"rendered":"<p>Conoscete meglio il nostro team! Grandi persone sono responsabili della creazione delle case che ci ordinate. Ogni persona che vedete qui contribuisce con passione e dedizione alla creazione di strutture su cui potete contare. Siamo orgogliosi dei prodotti che creiamo e del fatto che voi, i nostri clienti, possiate godere ogni giorno della qualit\u00e0 e [&hellip;]<\/p>\n","protected":false},"author":1,"featured_media":0,"parent":0,"menu_order":0,"comment_status":"closed","ping_status":"closed","template":"","meta":{"_acf_changed":false,"footnotes":""},"class_list":["post-91351","page","type-page","status-publish","hentry"],"acf":[],"yoast_head":"<!-- This site is optimized with the Yoast SEO plugin v27.8 - https:\/\/yoast.com\/product\/yoast-seo-wordpress\/ -->\n<title>Il nostro team BHB Bertsch Holzbau - BHB Bertsch Holzbau<\/title>\n<meta name=\"robots\" content=\"index, follow, max-snippet:-1, max-image-preview:large, max-video-preview:-1\" \/>\n<meta property=\"og:locale\" content=\"it_IT\" \/>\n<meta property=\"og:type\" content=\"article\" \/>\n<meta property=\"og:title\" content=\"Il nostro team BHB Bertsch Holzbau - BHB Bertsch Holzbau\" \/>\n<meta property=\"og:description\" content=\"Conoscete meglio il nostro team! Grandi persone sono responsabili della creazione delle case che ci ordinate. Ogni persona che vedete qui contribuisce con passione e dedizione alla creazione di strutture su cui potete contare. Siamo orgogliosi dei prodotti che creiamo e del fatto che voi, i nostri clienti, possiate godere ogni giorno della qualit\u00e0 e [&hellip;]\" \/>\n<meta property=\"og:url\" content=\"https:\/\/bertsch-holzbau.eu\/it\/il-nostro-team-bhb-bertsch-holzbau\/\" \/>\n<meta property=\"og:site_name\" content=\"BHB Bertsch Holzbau\" \/>\n<meta property=\"article:publisher\" content=\"https:\/\/www.facebook.com\/bertschholzbau\/\" \/>\n<meta property=\"article:modified_time\" content=\"2026-02-16T13:28:31+00:00\" \/>\n<meta property=\"og:image\" content=\"https:\/\/bertsch-holzbau.eu\/wp-content\/uploads\/2024\/12\/Podsumowanie.jpg\" \/>\n<meta name=\"twitter:card\" content=\"summary_large_image\" \/>\n<script type=\"application\/ld+json\" class=\"yoast-schema-graph\">{\"@context\":\"https:\\\/\\\/schema.org\",\"@graph\":[{\"@type\":\"WebPage\",\"@id\":\"https:\\\/\\\/bertsch-holzbau.eu\\\/it\\\/il-nostro-team-bhb-bertsch-holzbau\\\/\",\"url\":\"https:\\\/\\\/bertsch-holzbau.eu\\\/it\\\/il-nostro-team-bhb-bertsch-holzbau\\\/\",\"name\":\"Il nostro team BHB Bertsch Holzbau - BHB Bertsch Holzbau\",\"isPartOf\":{\"@id\":\"https:\\\/\\\/bertsch-holzbau.eu\\\/it\\\/#website\"},\"primaryImageOfPage\":{\"@id\":\"https:\\\/\\\/bertsch-holzbau.eu\\\/it\\\/il-nostro-team-bhb-bertsch-holzbau\\\/#primaryimage\"},\"image\":{\"@id\":\"https:\\\/\\\/bertsch-holzbau.eu\\\/it\\\/il-nostro-team-bhb-bertsch-holzbau\\\/#primaryimage\"},\"thumbnailUrl\":\"https:\\\/\\\/bertsch-holzbau.eu\\\/wp-content\\\/uploads\\\/2024\\\/12\\\/Podsumowanie.jpg\",\"datePublished\":\"2024-12-12T12:27:46+00:00\",\"dateModified\":\"2026-02-16T13:28:31+00:00\",\"breadcrumb\":{\"@id\":\"https:\\\/\\\/bertsch-holzbau.eu\\\/it\\\/il-nostro-team-bhb-bertsch-holzbau\\\/#breadcrumb\"},\"inLanguage\":\"it-IT\",\"potentialAction\":[{\"@type\":\"ReadAction\",\"target\":[\"https:\\\/\\\/bertsch-holzbau.eu\\\/it\\\/il-nostro-team-bhb-bertsch-holzbau\\\/\"]}]},{\"@type\":\"ImageObject\",\"inLanguage\":\"it-IT\",\"@id\":\"https:\\\/\\\/bertsch-holzbau.eu\\\/it\\\/il-nostro-team-bhb-bertsch-holzbau\\\/#primaryimage\",\"url\":\"https:\\\/\\\/bertsch-holzbau.eu\\\/wp-content\\\/uploads\\\/2024\\\/12\\\/Podsumowanie.jpg\",\"contentUrl\":\"https:\\\/\\\/bertsch-holzbau.eu\\\/wp-content\\\/uploads\\\/2024\\\/12\\\/Podsumowanie.jpg\"},{\"@type\":\"BreadcrumbList\",\"@id\":\"https:\\\/\\\/bertsch-holzbau.eu\\\/it\\\/il-nostro-team-bhb-bertsch-holzbau\\\/#breadcrumb\",\"itemListElement\":[{\"@type\":\"ListItem\",\"position\":1,\"name\":\"Home\",\"item\":\"https:\\\/\\\/bertsch-holzbau.eu\\\/it\\\/\"},{\"@type\":\"ListItem\",\"position\":2,\"name\":\"Il nostro team BHB Bertsch Holzbau\"}]},{\"@type\":\"WebSite\",\"@id\":\"https:\\\/\\\/bertsch-holzbau.eu\\\/it\\\/#website\",\"url\":\"https:\\\/\\\/bertsch-holzbau.eu\\\/it\\\/\",\"name\":\"BHB Bertsch Holzbau\",\"description\":\"\",\"publisher\":{\"@id\":\"https:\\\/\\\/bertsch-holzbau.eu\\\/it\\\/#organization\"},\"potentialAction\":[{\"@type\":\"SearchAction\",\"target\":{\"@type\":\"EntryPoint\",\"urlTemplate\":\"https:\\\/\\\/bertsch-holzbau.eu\\\/it\\\/?s={search_term_string}\"},\"query-input\":{\"@type\":\"PropertyValueSpecification\",\"valueRequired\":true,\"valueName\":\"search_term_string\"}}],\"inLanguage\":\"it-IT\"},[]]}<\/script>\n<!-- \/ Yoast SEO plugin. -->","yoast_head_json":{"title":"Il nostro team BHB Bertsch Holzbau - BHB Bertsch Holzbau","robots":{"index":"index","follow":"follow","max-snippet":"max-snippet:-1","max-image-preview":"max-image-preview:large","max-video-preview":"max-video-preview:-1"},"og_locale":"it_IT","og_type":"article","og_title":"Il nostro team BHB Bertsch Holzbau - BHB Bertsch Holzbau","og_description":"Conoscete meglio il nostro team! Grandi persone sono responsabili della creazione delle case che ci ordinate. Ogni persona che vedete qui contribuisce con passione e dedizione alla creazione di strutture su cui potete contare. Siamo orgogliosi dei prodotti che creiamo e del fatto che voi, i nostri clienti, possiate godere ogni giorno della qualit\u00e0 e [&hellip;]","og_url":"https:\/\/bertsch-holzbau.eu\/it\/il-nostro-team-bhb-bertsch-holzbau\/","og_site_name":"BHB Bertsch Holzbau","article_publisher":"https:\/\/www.facebook.com\/bertschholzbau\/","article_modified_time":"2026-02-16T13:28:31+00:00","og_image":[{"url":"https:\/\/bertsch-holzbau.eu\/wp-content\/uploads\/2024\/12\/Podsumowanie.jpg","type":"","width":"","height":""}],"twitter_card":"summary_large_image","schema":{"@context":"https:\/\/schema.org","@graph":[{"@type":"WebPage","@id":"https:\/\/bertsch-holzbau.eu\/it\/il-nostro-team-bhb-bertsch-holzbau\/","url":"https:\/\/bertsch-holzbau.eu\/it\/il-nostro-team-bhb-bertsch-holzbau\/","name":"Il nostro team BHB Bertsch Holzbau - BHB Bertsch Holzbau","isPartOf":{"@id":"https:\/\/bertsch-holzbau.eu\/it\/#website"},"primaryImageOfPage":{"@id":"https:\/\/bertsch-holzbau.eu\/it\/il-nostro-team-bhb-bertsch-holzbau\/#primaryimage"},"image":{"@id":"https:\/\/bertsch-holzbau.eu\/it\/il-nostro-team-bhb-bertsch-holzbau\/#primaryimage"},"thumbnailUrl":"https:\/\/bertsch-holzbau.eu\/wp-content\/uploads\/2024\/12\/Podsumowanie.jpg","datePublished":"2024-12-12T12:27:46+00:00","dateModified":"2026-02-16T13:28:31+00:00","breadcrumb":{"@id":"https:\/\/bertsch-holzbau.eu\/it\/il-nostro-team-bhb-bertsch-holzbau\/#breadcrumb"},"inLanguage":"it-IT","potentialAction":[{"@type":"ReadAction","target":["https:\/\/bertsch-holzbau.eu\/it\/il-nostro-team-bhb-bertsch-holzbau\/"]}]},{"@type":"ImageObject","inLanguage":"it-IT","@id":"https:\/\/bertsch-holzbau.eu\/it\/il-nostro-team-bhb-bertsch-holzbau\/#primaryimage","url":"https:\/\/bertsch-holzbau.eu\/wp-content\/uploads\/2024\/12\/Podsumowanie.jpg","contentUrl":"https:\/\/bertsch-holzbau.eu\/wp-content\/uploads\/2024\/12\/Podsumowanie.jpg"},{"@type":"BreadcrumbList","@id":"https:\/\/bertsch-holzbau.eu\/it\/il-nostro-team-bhb-bertsch-holzbau\/#breadcrumb","itemListElement":[{"@type":"ListItem","position":1,"name":"Home","item":"https:\/\/bertsch-holzbau.eu\/it\/"},{"@type":"ListItem","position":2,"name":"Il nostro team BHB Bertsch Holzbau"}]},{"@type":"WebSite","@id":"https:\/\/bertsch-holzbau.eu\/it\/#website","url":"https:\/\/bertsch-holzbau.eu\/it\/","name":"BHB Bertsch Holzbau","description":"","publisher":{"@id":"https:\/\/bertsch-holzbau.eu\/it\/#organization"},"potentialAction":[{"@type":"SearchAction","target":{"@type":"EntryPoint","urlTemplate":"https:\/\/bertsch-holzbau.eu\/it\/?s={search_term_string}"},"query-input":{"@type":"PropertyValueSpecification","valueRequired":true,"valueName":"search_term_string"}}],"inLanguage":"it-IT"},[]]}},"_links":{"self":[{"href":"https:\/\/bertsch-holzbau.eu\/it\/wp-json\/wp\/v2\/pages\/91351","targetHints":{"allow":["GET"]}}],"collection":[{"href":"https:\/\/bertsch-holzbau.eu\/it\/wp-json\/wp\/v2\/pages"}],"about":[{"href":"https:\/\/bertsch-holzbau.eu\/it\/wp-json\/wp\/v2\/types\/page"}],"author":[{"embeddable":true,"href":"https:\/\/bertsch-holzbau.eu\/it\/wp-json\/wp\/v2\/users\/1"}],"replies":[{"embeddable":true,"href":"https:\/\/bertsch-holzbau.eu\/it\/wp-json\/wp\/v2\/comments?post=91351"}],"version-history":[{"count":8,"href":"https:\/\/bertsch-holzbau.eu\/it\/wp-json\/wp\/v2\/pages\/91351\/revisions"}],"predecessor-version":[{"id":112433,"href":"https:\/\/bertsch-holzbau.eu\/it\/wp-json\/wp\/v2\/pages\/91351\/revisions\/112433"}],"wp:attachment":[{"href":"https:\/\/bertsch-holzbau.eu\/it\/wp-json\/wp\/v2\/media?parent=91351"}],"curies":[{"name":"wp","href":"https:\/\/api.w.org\/{rel}","templated":true}]}}