{"id":80434,"date":"2024-08-13T23:43:04","date_gmt":"2024-08-13T21:43:04","guid":{"rendered":"https:\/\/bertsch-holzbau.eu\/produkt\/weekend\/"},"modified":"2024-10-21T13:05:15","modified_gmt":"2024-10-21T11:05:15","slug":"weekend","status":"publish","type":"produkt","link":"https:\/\/bertsch-holzbau.eu\/hu\/produkt\/weekend\/","title":{"rendered":"WEEKEND"},"content":{"rendered":"\n<figure class=\"wp-block-table\"><table class=\"has-fixed-layout\"><tbody><tr><td>Rendszer t\u00edpusa<\/td><td>R\u00f6nkh\u00e1zak&nbsp;\/ H\u00e9tv\u00e9gi h\u00e1zak<\/td><\/tr><tr><td>Tet\u0151forma<\/td><td>Ferde tet\u0151<\/td><\/tr><tr><td>Vastags\u00e1g&nbsp;<\/td><td>58 mm<\/td><\/tr><tr><td>Fali m\u00e9retek (W\/D)<\/td><td>350 x 600 cm<\/td><\/tr><tr><td>Az oldalfal magass\u00e1ga<\/td><td>232 cm<\/td><\/tr><tr><td>Maxim\u00e1lis magass\u00e1g<\/td><td>426 cm<\/td><\/tr><tr><td>Lak\u00f3t\u00e9r<\/td><td>20,5 m\u00b2<\/td><\/tr><tr><td>Szoba t\u00e9rfogata<\/td><td>83 m\u00b3<\/td><\/tr><tr><td>Falfel\u00fclet<\/td><td>74 m\u00b2<\/td><\/tr><tr><td>Tet\u0151fel\u00fclet<\/td><td>55 m\u00b2<\/td><\/tr><tr><td>Tet\u0151ny\u00falv\u00e1ny<\/td><td>30 cm<\/td><\/tr><tr><td>Tet\u0151 sz\u00f6ge<\/td><td>45 \u00b0<\/td><\/tr><tr><td>Opcion\u00e1lis tartoz\u00e9kok<\/td><td>1 x ereszcsatorna: 378B<br>28 x T\u00e9glalap alak\u00fa zsindely <br>28 x zsindelyh\u00e9j<\/td><\/tr><tr><td>T\u00e1rgy azonos\u00edt\u00f3ja<\/td><td>549<\/td><\/tr><\/tbody><\/table><\/figure>\n","protected":false},"featured_media":0,"comment_status":"open","ping_status":"closed","template":"","produkt-category":[617],"class_list":["post-80434","produkt","type-produkt","status-publish","hentry","produkt-category-eves-fahazak"],"acf":[],"yoast_head":"<!-- This site is optimized with the Yoast SEO plugin v27.8 - https:\/\/yoast.com\/product\/yoast-seo-wordpress\/ -->\n<title>WEEKEND - BHB Bertsch Holzbau<\/title>\n<meta name=\"robots\" content=\"index, follow, max-snippet:-1, max-image-preview:large, max-video-preview:-1\" \/>\n<meta property=\"og:locale\" content=\"hu_HU\" \/>\n<meta property=\"og:type\" content=\"article\" \/>\n<meta property=\"og:title\" content=\"WEEKEND - BHB Bertsch Holzbau\" \/>\n<meta property=\"og:description\" content=\"Rendszer t\u00edpusa R\u00f6nkh\u00e1zak&nbsp;\/ H\u00e9tv\u00e9gi h\u00e1zak Tet\u0151forma Ferde tet\u0151 Vastags\u00e1g&nbsp; 58 mm Fali m\u00e9retek (W\/D) 350 x 600 cm Az oldalfal magass\u00e1ga 232 cm Maxim\u00e1lis magass\u00e1g 426 cm Lak\u00f3t\u00e9r 20,5 m\u00b2 Szoba t\u00e9rfogata 83 m\u00b3 Falfel\u00fclet 74 m\u00b2 Tet\u0151fel\u00fclet 55 m\u00b2 Tet\u0151ny\u00falv\u00e1ny 30 cm Tet\u0151 sz\u00f6ge 45 \u00b0 Opcion\u00e1lis tartoz\u00e9kok 1 x ereszcsatorna: 378B28 x T\u00e9glalap [&hellip;]\" \/>\n<meta property=\"og:url\" content=\"https:\/\/bertsch-holzbau.eu\/hu\/produkt\/weekend\/\" \/>\n<meta property=\"og:site_name\" content=\"BHB Bertsch Holzbau\" \/>\n<meta property=\"article:publisher\" content=\"https:\/\/www.facebook.com\/bertschholzbau\/\" \/>\n<meta property=\"article:modified_time\" content=\"2024-10-21T11:05:15+00:00\" \/>\n<meta name=\"twitter:card\" content=\"summary_large_image\" \/>\n<meta name=\"twitter:label1\" content=\"Becs\u00fclt olvas\u00e1si id\u0151\" \/>\n\t<meta name=\"twitter:data1\" content=\"1 perc\" \/>\n<script type=\"application\/ld+json\" class=\"yoast-schema-graph\">{\"@context\":\"https:\\\/\\\/schema.org\",\"@graph\":[{\"@type\":\"WebPage\",\"@id\":\"https:\\\/\\\/bertsch-holzbau.eu\\\/hu\\\/produkt\\\/weekend\\\/\",\"url\":\"https:\\\/\\\/bertsch-holzbau.eu\\\/hu\\\/produkt\\\/weekend\\\/\",\"name\":\"WEEKEND - BHB Bertsch Holzbau\",\"isPartOf\":{\"@id\":\"https:\\\/\\\/bertsch-holzbau.eu\\\/hu\\\/#website\"},\"datePublished\":\"2024-08-13T21:43:04+00:00\",\"dateModified\":\"2024-10-21T11:05:15+00:00\",\"breadcrumb\":{\"@id\":\"https:\\\/\\\/bertsch-holzbau.eu\\\/hu\\\/produkt\\\/weekend\\\/#breadcrumb\"},\"inLanguage\":\"hu\",\"potentialAction\":[{\"@type\":\"ReadAction\",\"target\":[\"https:\\\/\\\/bertsch-holzbau.eu\\\/hu\\\/produkt\\\/weekend\\\/\"]}]},{\"@type\":\"BreadcrumbList\",\"@id\":\"https:\\\/\\\/bertsch-holzbau.eu\\\/hu\\\/produkt\\\/weekend\\\/#breadcrumb\",\"itemListElement\":[{\"@type\":\"ListItem\",\"position\":1,\"name\":\"Home\",\"item\":\"https:\\\/\\\/bertsch-holzbau.eu\\\/hu\\\/\"},{\"@type\":\"ListItem\",\"position\":2,\"name\":\"Produkty\",\"item\":\"https:\\\/\\\/bertsch-holzbau.eu\\\/hu\\\/produkt\\\/\"},{\"@type\":\"ListItem\",\"position\":3,\"name\":\"WEEKEND\"}]},{\"@type\":\"WebSite\",\"@id\":\"https:\\\/\\\/bertsch-holzbau.eu\\\/hu\\\/#website\",\"url\":\"https:\\\/\\\/bertsch-holzbau.eu\\\/hu\\\/\",\"name\":\"BHB Bertsch Holzbau\",\"description\":\"\",\"publisher\":{\"@id\":\"https:\\\/\\\/bertsch-holzbau.eu\\\/hu\\\/#organization\"},\"potentialAction\":[{\"@type\":\"SearchAction\",\"target\":{\"@type\":\"EntryPoint\",\"urlTemplate\":\"https:\\\/\\\/bertsch-holzbau.eu\\\/hu\\\/?s={search_term_string}\"},\"query-input\":{\"@type\":\"PropertyValueSpecification\",\"valueRequired\":true,\"valueName\":\"search_term_string\"}}],\"inLanguage\":\"hu\"},[]]}<\/script>\n<!-- \/ Yoast SEO plugin. -->","yoast_head_json":{"title":"WEEKEND - BHB Bertsch Holzbau","robots":{"index":"index","follow":"follow","max-snippet":"max-snippet:-1","max-image-preview":"max-image-preview:large","max-video-preview":"max-video-preview:-1"},"og_locale":"hu_HU","og_type":"article","og_title":"WEEKEND - BHB Bertsch Holzbau","og_description":"Rendszer t\u00edpusa R\u00f6nkh\u00e1zak&nbsp;\/ H\u00e9tv\u00e9gi h\u00e1zak Tet\u0151forma Ferde tet\u0151 Vastags\u00e1g&nbsp; 58 mm Fali m\u00e9retek (W\/D) 350 x 600 cm Az oldalfal magass\u00e1ga 232 cm Maxim\u00e1lis magass\u00e1g 426 cm Lak\u00f3t\u00e9r 20,5 m\u00b2 Szoba t\u00e9rfogata 83 m\u00b3 Falfel\u00fclet 74 m\u00b2 Tet\u0151fel\u00fclet 55 m\u00b2 Tet\u0151ny\u00falv\u00e1ny 30 cm Tet\u0151 sz\u00f6ge 45 \u00b0 Opcion\u00e1lis tartoz\u00e9kok 1 x ereszcsatorna: 378B28 x T\u00e9glalap [&hellip;]","og_url":"https:\/\/bertsch-holzbau.eu\/hu\/produkt\/weekend\/","og_site_name":"BHB Bertsch Holzbau","article_publisher":"https:\/\/www.facebook.com\/bertschholzbau\/","article_modified_time":"2024-10-21T11:05:15+00:00","twitter_card":"summary_large_image","twitter_misc":{"Becs\u00fclt olvas\u00e1si id\u0151":"1 perc"},"schema":{"@context":"https:\/\/schema.org","@graph":[{"@type":"WebPage","@id":"https:\/\/bertsch-holzbau.eu\/hu\/produkt\/weekend\/","url":"https:\/\/bertsch-holzbau.eu\/hu\/produkt\/weekend\/","name":"WEEKEND - BHB Bertsch Holzbau","isPartOf":{"@id":"https:\/\/bertsch-holzbau.eu\/hu\/#website"},"datePublished":"2024-08-13T21:43:04+00:00","dateModified":"2024-10-21T11:05:15+00:00","breadcrumb":{"@id":"https:\/\/bertsch-holzbau.eu\/hu\/produkt\/weekend\/#breadcrumb"},"inLanguage":"hu","potentialAction":[{"@type":"ReadAction","target":["https:\/\/bertsch-holzbau.eu\/hu\/produkt\/weekend\/"]}]},{"@type":"BreadcrumbList","@id":"https:\/\/bertsch-holzbau.eu\/hu\/produkt\/weekend\/#breadcrumb","itemListElement":[{"@type":"ListItem","position":1,"name":"Home","item":"https:\/\/bertsch-holzbau.eu\/hu\/"},{"@type":"ListItem","position":2,"name":"Produkty","item":"https:\/\/bertsch-holzbau.eu\/hu\/produkt\/"},{"@type":"ListItem","position":3,"name":"WEEKEND"}]},{"@type":"WebSite","@id":"https:\/\/bertsch-holzbau.eu\/hu\/#website","url":"https:\/\/bertsch-holzbau.eu\/hu\/","name":"BHB Bertsch Holzbau","description":"","publisher":{"@id":"https:\/\/bertsch-holzbau.eu\/hu\/#organization"},"potentialAction":[{"@type":"SearchAction","target":{"@type":"EntryPoint","urlTemplate":"https:\/\/bertsch-holzbau.eu\/hu\/?s={search_term_string}"},"query-input":{"@type":"PropertyValueSpecification","valueRequired":true,"valueName":"search_term_string"}}],"inLanguage":"hu"},[]]}},"_links":{"self":[{"href":"https:\/\/bertsch-holzbau.eu\/hu\/wp-json\/wp\/v2\/produkt\/80434","targetHints":{"allow":["GET"]}}],"collection":[{"href":"https:\/\/bertsch-holzbau.eu\/hu\/wp-json\/wp\/v2\/produkt"}],"about":[{"href":"https:\/\/bertsch-holzbau.eu\/hu\/wp-json\/wp\/v2\/types\/produkt"}],"replies":[{"embeddable":true,"href":"https:\/\/bertsch-holzbau.eu\/hu\/wp-json\/wp\/v2\/comments?post=80434"}],"version-history":[{"count":1,"href":"https:\/\/bertsch-holzbau.eu\/hu\/wp-json\/wp\/v2\/produkt\/80434\/revisions"}],"predecessor-version":[{"id":82765,"href":"https:\/\/bertsch-holzbau.eu\/hu\/wp-json\/wp\/v2\/produkt\/80434\/revisions\/82765"}],"wp:attachment":[{"href":"https:\/\/bertsch-holzbau.eu\/hu\/wp-json\/wp\/v2\/media?parent=80434"}],"wp:term":[{"taxonomy":"produkt-category","embeddable":true,"href":"https:\/\/bertsch-holzbau.eu\/hu\/wp-json\/wp\/v2\/produkt-category?post=80434"}],"curies":[{"name":"wp","href":"https:\/\/api.w.org\/{rel}","templated":true}]}}