{"id":117008,"date":"2024-07-01T11:15:52","date_gmt":"2024-07-01T09:15:52","guid":{"rendered":"https:\/\/bertsch-holzbau.eu\/?post_type=produkt&#038;p=117008"},"modified":"2026-07-20T14:23:37","modified_gmt":"2026-07-20T12:23:37","slug":"limone","status":"publish","type":"produkt","link":"https:\/\/bertsch-holzbau.eu\/hu\/produkt\/limone\/","title":{"rendered":"LIMONE"},"content":{"rendered":"\n<figure class=\"wp-block-table\"><table class=\"has-fixed-layout\"><tbody><tr><td>Falvastags\u00e1g<\/td><td>94 mm<\/td><\/tr><tr><td>A kerti h\u00e1z m\u00e9rete<\/td><td>250 \u00d7 330 cm<\/td><\/tr><tr><td>A terasz m\u00e9rete<\/td><td>250 \u00d7 347 cm<\/td><\/tr><tr><td>Teraszburkolat<\/td><td>ThermoWood \u2013 sima fel\u00fclet, 26 mm vastags\u00e1g<\/td><\/tr><tr><td>Tet\u0151forma<\/td><td>Egyboltozatos tet\u0151<\/td><\/tr><tr><td>Tet\u0151szerkezet<\/td><td>F\u00e9lnyeregtet\u0151 (Egyboltozatos tet\u0151) gerend\u00e1kra \u00e9p\u00edtve<\/td><\/tr><tr><td>Tet\u0151szigetel\u00e9s<\/td><td>Igen (tet\u0151szigetel\u00e9s + dupla deszk\u00e1zat)<\/td><\/tr><tr><td>Padl\u00f3deszk\u00e1k vastags\u00e1ga<\/td><td>21 mm<\/td><\/tr><tr><td>Tet\u0151deszk\u00e1k vastags\u00e1ga<\/td><td>1,9 \/ 8,8 cm<\/td><\/tr><tr><td>Al\u00e1t\u00e9tgerend\u00e1k<\/td><td>6 \/ 10 cm<\/td><\/tr><tr><td>Oldalfal magass\u00e1ga<\/td><td>248 + 10 \/ 232,5 + 10 cm<\/td><\/tr><tr><td>K\u00fcls\u0151 falak fel\u00fcletkezel\u00e9se<\/td><td>Igen<\/td><\/tr><tr><td>Elektromos el\u0151k\u00e9sz\u00edt\u00e9s<\/td><td>El\u0151k\u00e9sz\u00edtett furatok az elektromos vezet\u00e9kek sz\u00e1m\u00e1ra<\/td><\/tr><tr><td colspan=\"2\">\n                Kieg\u00e9sz\u00edt\u0151 felszerelts\u00e9g\n            <\/td><\/tr><tr><td>F\u0171t\u00e9s<\/td><td>Harvia 20PRO WK 200 szaunak\u00e1lyha tartoz\u00e9kokkal<\/td><\/tr><tr><td>Tet\u0151fed\u00e9s<\/td><td>EPDM tet\u0151f\u00f3lia 825 \u00d7 396 cm ragaszt\u00f3val<\/td><\/tr><tr><td>Csapad\u00e9kv\u00edz-elvezet\u00e9s<\/td><td>Fekete ereszcsatorna<\/td><\/tr><tr><td colspan=\"2\">\n                Ajt\u00f3k \u00e9s ablakok\n            <\/td><\/tr><tr><td>\u00dcveg szaunaajt\u00f3 \u2013 GT-ET94-GL (balos)<\/td><td>\n<ul style=\"margin:0; padding-left:20px;\">\n<li>M\u00e9ret: 80 \u00d7 200 cm, 94 mm-es profil<\/li>\n<li>\u00dcvegez\u00e9s: egyr\u00e9teg\u0171 edzett ESG \u00fcveg (8 mm)<\/li>\n<li>Fel\u00fcletkezel\u00e9s: sz\u00edntelen olaj (a takar\u00f3l\u00e9cekre is vonatkozik)<\/li>\n<\/ul>\n<\/td><\/tr><tr><td>Bej\u00e1rati \/ \u00e1tj\u00e1r\u00f3 ajt\u00f3 \u2013 GT-ET94-GV2 (jobbos)<\/td><td>\n<ul style=\"margin:0; padding-left:20px;\">\n<li>M\u00e9ret: 88 \u00d7 200 cm, 94 mm-es profil<\/li>\n<li>\u00dcvegez\u00e9s: ISO h\u0151szigetel\u0151 \u00fcveg, teljes \u00fcvegfel\u00fclet 2 d\u00edszl\u00e9ccel<\/li>\n<li>K\u00fcsz\u00f6b: fa k\u00fcsz\u00f6b ac\u00e9l bor\u00edt\u00e1ssal<\/li>\n<li>Fel\u00fcletkezel\u00e9s: PIRYT (Koralan) sz\u00edn (a takar\u00f3l\u00e9cekre is vonatkozik)<\/li>\n<\/ul>\n<\/td><\/tr><tr><td>Teraszajt\u00f3 (jobbos buk\u00f3-ny\u00edl\u00f3) \u2013 GF-EB94<\/td><td>\n<ul style=\"margin:0; padding-left:20px;\">\n<li>M\u00e9ret: 100 \u00d7 200 cm, 94 mm-es profil<\/li>\n<li>\u00dcvegez\u00e9s: ISO h\u0151szigetel\u0151 \u00fcveg<\/li>\n<li>Vasalat: GU<\/li>\n<li>Fel\u00fcletkezel\u00e9s: PIRYT (Koralan) sz\u00edn (a takar\u00f3l\u00e9cekre is vonatkozik)<\/li>\n<\/ul>\n<\/td><\/tr><tr><td>Fix \u00fcvegfal \u2013 GT-FT94-GV2<\/td><td>\n<ul style=\"margin:0; padding-left:20px;\">\n<li>M\u00e9ret: 160 \u00d7 200 cm (m\u00e9retek meger\u0151s\u00edt\u00e9s alatt), 94 mm-es profil<\/li>\n<li>\u00dcvegez\u00e9s: ISO ESG edzett h\u0151szigetel\u0151 \u00fcveg, teljes \u00fcvegfel\u00fclet 2 d\u00edszl\u00e9ccel<\/li>\n<li>Fel\u00fcletkezel\u00e9s: k\u00edv\u00fcl PIRYT (Koralan) sz\u00edn, bel\u00fcl sz\u00edntelen olaj (a takar\u00f3l\u00e9cekre is vonatkozik)<\/li>\n<\/ul>\n<\/td><\/tr><\/tbody><\/table><\/figure>\n","protected":false},"featured_media":116830,"comment_status":"open","ping_status":"closed","template":"","produkt-category":[615],"class_list":["post-117008","produkt","type-produkt","status-publish","has-post-thumbnail","hentry","produkt-category-kulteri-szaunak"],"acf":[],"yoast_head":"<!-- This site is optimized with the Yoast SEO plugin v27.8 - https:\/\/yoast.com\/product\/yoast-seo-wordpress\/ -->\n<title>LIMONE - BHB Bertsch Holzbau<\/title>\n<meta name=\"robots\" content=\"index, follow, max-snippet:-1, max-image-preview:large, max-video-preview:-1\" \/>\n<meta property=\"og:locale\" content=\"hu_HU\" \/>\n<meta property=\"og:type\" content=\"article\" \/>\n<meta property=\"og:title\" content=\"LIMONE - BHB Bertsch Holzbau\" \/>\n<meta property=\"og:description\" content=\"Falvastags\u00e1g 94 mm A kerti h\u00e1z m\u00e9rete 250 \u00d7 330 cm A terasz m\u00e9rete 250 \u00d7 347 cm Teraszburkolat ThermoWood \u2013 sima fel\u00fclet, 26 mm vastags\u00e1g Tet\u0151forma Egyboltozatos tet\u0151 Tet\u0151szerkezet F\u00e9lnyeregtet\u0151 (Egyboltozatos tet\u0151) gerend\u00e1kra \u00e9p\u00edtve Tet\u0151szigetel\u00e9s Igen (tet\u0151szigetel\u00e9s + dupla deszk\u00e1zat) Padl\u00f3deszk\u00e1k vastags\u00e1ga 21 mm Tet\u0151deszk\u00e1k vastags\u00e1ga 1,9 \/ 8,8 cm Al\u00e1t\u00e9tgerend\u00e1k 6 \/ 10 [&hellip;]\" \/>\n<meta property=\"og:url\" content=\"https:\/\/bertsch-holzbau.eu\/hu\/produkt\/limone\/\" \/>\n<meta property=\"og:site_name\" content=\"BHB Bertsch Holzbau\" \/>\n<meta property=\"article:publisher\" content=\"https:\/\/www.facebook.com\/bertschholzbau\/\" \/>\n<meta property=\"article:modified_time\" content=\"2026-07-20T12:23:37+00:00\" \/>\n<meta property=\"og:image\" content=\"https:\/\/bertsch-holzbau.eu\/wp-content\/uploads\/2026\/07\/LIMONE_tytulowe.webp\" \/>\n\t<meta property=\"og:image:width\" content=\"1367\" \/>\n\t<meta property=\"og:image:height\" content=\"1307\" \/>\n\t<meta property=\"og:image:type\" content=\"image\/webp\" \/>\n<meta name=\"twitter:card\" content=\"summary_large_image\" \/>\n<meta name=\"twitter:label1\" content=\"Becs\u00fclt olvas\u00e1si id\u0151\" \/>\n\t<meta name=\"twitter:data1\" content=\"2 perc\" \/>\n<script type=\"application\/ld+json\" class=\"yoast-schema-graph\">{\"@context\":\"https:\\\/\\\/schema.org\",\"@graph\":[{\"@type\":\"WebPage\",\"@id\":\"https:\\\/\\\/bertsch-holzbau.eu\\\/hu\\\/produkt\\\/limone\\\/\",\"url\":\"https:\\\/\\\/bertsch-holzbau.eu\\\/hu\\\/produkt\\\/limone\\\/\",\"name\":\"LIMONE - BHB Bertsch Holzbau\",\"isPartOf\":{\"@id\":\"https:\\\/\\\/bertsch-holzbau.eu\\\/hu\\\/#website\"},\"primaryImageOfPage\":{\"@id\":\"https:\\\/\\\/bertsch-holzbau.eu\\\/hu\\\/produkt\\\/limone\\\/#primaryimage\"},\"image\":{\"@id\":\"https:\\\/\\\/bertsch-holzbau.eu\\\/hu\\\/produkt\\\/limone\\\/#primaryimage\"},\"thumbnailUrl\":\"https:\\\/\\\/bertsch-holzbau.eu\\\/wp-content\\\/uploads\\\/2026\\\/07\\\/LIMONE_tytulowe.webp\",\"datePublished\":\"2024-07-01T09:15:52+00:00\",\"dateModified\":\"2026-07-20T12:23:37+00:00\",\"breadcrumb\":{\"@id\":\"https:\\\/\\\/bertsch-holzbau.eu\\\/hu\\\/produkt\\\/limone\\\/#breadcrumb\"},\"inLanguage\":\"hu\",\"potentialAction\":[{\"@type\":\"ReadAction\",\"target\":[\"https:\\\/\\\/bertsch-holzbau.eu\\\/hu\\\/produkt\\\/limone\\\/\"]}]},{\"@type\":\"ImageObject\",\"inLanguage\":\"hu\",\"@id\":\"https:\\\/\\\/bertsch-holzbau.eu\\\/hu\\\/produkt\\\/limone\\\/#primaryimage\",\"url\":\"https:\\\/\\\/bertsch-holzbau.eu\\\/wp-content\\\/uploads\\\/2026\\\/07\\\/LIMONE_tytulowe.webp\",\"contentUrl\":\"https:\\\/\\\/bertsch-holzbau.eu\\\/wp-content\\\/uploads\\\/2026\\\/07\\\/LIMONE_tytulowe.webp\",\"width\":1367,\"height\":1307},{\"@type\":\"BreadcrumbList\",\"@id\":\"https:\\\/\\\/bertsch-holzbau.eu\\\/hu\\\/produkt\\\/limone\\\/#breadcrumb\",\"itemListElement\":[{\"@type\":\"ListItem\",\"position\":1,\"name\":\"Home\",\"item\":\"https:\\\/\\\/bertsch-holzbau.eu\\\/hu\\\/\"},{\"@type\":\"ListItem\",\"position\":2,\"name\":\"Produkty\",\"item\":\"https:\\\/\\\/bertsch-holzbau.eu\\\/hu\\\/produkt\\\/\"},{\"@type\":\"ListItem\",\"position\":3,\"name\":\"LIMONE\"}]},{\"@type\":\"WebSite\",\"@id\":\"https:\\\/\\\/bertsch-holzbau.eu\\\/hu\\\/#website\",\"url\":\"https:\\\/\\\/bertsch-holzbau.eu\\\/hu\\\/\",\"name\":\"BHB Bertsch Holzbau\",\"description\":\"\",\"publisher\":{\"@id\":\"https:\\\/\\\/bertsch-holzbau.eu\\\/hu\\\/#organization\"},\"potentialAction\":[{\"@type\":\"SearchAction\",\"target\":{\"@type\":\"EntryPoint\",\"urlTemplate\":\"https:\\\/\\\/bertsch-holzbau.eu\\\/hu\\\/?s={search_term_string}\"},\"query-input\":{\"@type\":\"PropertyValueSpecification\",\"valueRequired\":true,\"valueName\":\"search_term_string\"}}],\"inLanguage\":\"hu\"},[]]}<\/script>\n<!-- \/ Yoast SEO plugin. -->","yoast_head_json":{"title":"LIMONE - BHB Bertsch Holzbau","robots":{"index":"index","follow":"follow","max-snippet":"max-snippet:-1","max-image-preview":"max-image-preview:large","max-video-preview":"max-video-preview:-1"},"og_locale":"hu_HU","og_type":"article","og_title":"LIMONE - BHB Bertsch Holzbau","og_description":"Falvastags\u00e1g 94 mm A kerti h\u00e1z m\u00e9rete 250 \u00d7 330 cm A terasz m\u00e9rete 250 \u00d7 347 cm Teraszburkolat ThermoWood \u2013 sima fel\u00fclet, 26 mm vastags\u00e1g Tet\u0151forma Egyboltozatos tet\u0151 Tet\u0151szerkezet F\u00e9lnyeregtet\u0151 (Egyboltozatos tet\u0151) gerend\u00e1kra \u00e9p\u00edtve Tet\u0151szigetel\u00e9s Igen (tet\u0151szigetel\u00e9s + dupla deszk\u00e1zat) Padl\u00f3deszk\u00e1k vastags\u00e1ga 21 mm Tet\u0151deszk\u00e1k vastags\u00e1ga 1,9 \/ 8,8 cm Al\u00e1t\u00e9tgerend\u00e1k 6 \/ 10 [&hellip;]","og_url":"https:\/\/bertsch-holzbau.eu\/hu\/produkt\/limone\/","og_site_name":"BHB Bertsch Holzbau","article_publisher":"https:\/\/www.facebook.com\/bertschholzbau\/","article_modified_time":"2026-07-20T12:23:37+00:00","og_image":[{"width":1367,"height":1307,"url":"https:\/\/bertsch-holzbau.eu\/wp-content\/uploads\/2026\/07\/LIMONE_tytulowe.webp","type":"image\/webp"}],"twitter_card":"summary_large_image","twitter_misc":{"Becs\u00fclt olvas\u00e1si id\u0151":"2 perc"},"schema":{"@context":"https:\/\/schema.org","@graph":[{"@type":"WebPage","@id":"https:\/\/bertsch-holzbau.eu\/hu\/produkt\/limone\/","url":"https:\/\/bertsch-holzbau.eu\/hu\/produkt\/limone\/","name":"LIMONE - BHB Bertsch Holzbau","isPartOf":{"@id":"https:\/\/bertsch-holzbau.eu\/hu\/#website"},"primaryImageOfPage":{"@id":"https:\/\/bertsch-holzbau.eu\/hu\/produkt\/limone\/#primaryimage"},"image":{"@id":"https:\/\/bertsch-holzbau.eu\/hu\/produkt\/limone\/#primaryimage"},"thumbnailUrl":"https:\/\/bertsch-holzbau.eu\/wp-content\/uploads\/2026\/07\/LIMONE_tytulowe.webp","datePublished":"2024-07-01T09:15:52+00:00","dateModified":"2026-07-20T12:23:37+00:00","breadcrumb":{"@id":"https:\/\/bertsch-holzbau.eu\/hu\/produkt\/limone\/#breadcrumb"},"inLanguage":"hu","potentialAction":[{"@type":"ReadAction","target":["https:\/\/bertsch-holzbau.eu\/hu\/produkt\/limone\/"]}]},{"@type":"ImageObject","inLanguage":"hu","@id":"https:\/\/bertsch-holzbau.eu\/hu\/produkt\/limone\/#primaryimage","url":"https:\/\/bertsch-holzbau.eu\/wp-content\/uploads\/2026\/07\/LIMONE_tytulowe.webp","contentUrl":"https:\/\/bertsch-holzbau.eu\/wp-content\/uploads\/2026\/07\/LIMONE_tytulowe.webp","width":1367,"height":1307},{"@type":"BreadcrumbList","@id":"https:\/\/bertsch-holzbau.eu\/hu\/produkt\/limone\/#breadcrumb","itemListElement":[{"@type":"ListItem","position":1,"name":"Home","item":"https:\/\/bertsch-holzbau.eu\/hu\/"},{"@type":"ListItem","position":2,"name":"Produkty","item":"https:\/\/bertsch-holzbau.eu\/hu\/produkt\/"},{"@type":"ListItem","position":3,"name":"LIMONE"}]},{"@type":"WebSite","@id":"https:\/\/bertsch-holzbau.eu\/hu\/#website","url":"https:\/\/bertsch-holzbau.eu\/hu\/","name":"BHB Bertsch Holzbau","description":"","publisher":{"@id":"https:\/\/bertsch-holzbau.eu\/hu\/#organization"},"potentialAction":[{"@type":"SearchAction","target":{"@type":"EntryPoint","urlTemplate":"https:\/\/bertsch-holzbau.eu\/hu\/?s={search_term_string}"},"query-input":{"@type":"PropertyValueSpecification","valueRequired":true,"valueName":"search_term_string"}}],"inLanguage":"hu"},[]]}},"_links":{"self":[{"href":"https:\/\/bertsch-holzbau.eu\/hu\/wp-json\/wp\/v2\/produkt\/117008","targetHints":{"allow":["GET"]}}],"collection":[{"href":"https:\/\/bertsch-holzbau.eu\/hu\/wp-json\/wp\/v2\/produkt"}],"about":[{"href":"https:\/\/bertsch-holzbau.eu\/hu\/wp-json\/wp\/v2\/types\/produkt"}],"replies":[{"embeddable":true,"href":"https:\/\/bertsch-holzbau.eu\/hu\/wp-json\/wp\/v2\/comments?post=117008"}],"version-history":[{"count":1,"href":"https:\/\/bertsch-holzbau.eu\/hu\/wp-json\/wp\/v2\/produkt\/117008\/revisions"}],"predecessor-version":[{"id":117009,"href":"https:\/\/bertsch-holzbau.eu\/hu\/wp-json\/wp\/v2\/produkt\/117008\/revisions\/117009"}],"wp:featuredmedia":[{"embeddable":true,"href":"https:\/\/bertsch-holzbau.eu\/hu\/wp-json\/wp\/v2\/media\/116830"}],"wp:attachment":[{"href":"https:\/\/bertsch-holzbau.eu\/hu\/wp-json\/wp\/v2\/media?parent=117008"}],"wp:term":[{"taxonomy":"produkt-category","embeddable":true,"href":"https:\/\/bertsch-holzbau.eu\/hu\/wp-json\/wp\/v2\/produkt-category?post=117008"}],"curies":[{"name":"wp","href":"https:\/\/api.w.org\/{rel}","templated":true}]}}